{"id":3156,"date":"2026-03-16T16:44:11","date_gmt":"2026-03-16T16:44:11","guid":{"rendered":"https:\/\/springmeeting.cwfcof.org\/2026-reunion-de-printemps-intervenants\/"},"modified":"2026-03-24T07:43:31","modified_gmt":"2026-03-24T07:43:31","slug":"2026-reunion-de-printemps-intervenants","status":"publish","type":"page","link":"https:\/\/springmeeting.cwfcof.org\/fr\/2026-reunion-de-printemps-intervenants\/","title":{"rendered":"2026 R\u00e9union de printemps Intervenants"},"content":{"rendered":"\t\t<div data-elementor-type=\"wp-page\" data-elementor-id=\"3156\" class=\"elementor elementor-3156 elementor-3142\" data-elementor-post-type=\"page\">\n\t\t\t\t<div class=\"elementor-element elementor-element-fe335ff e-flex e-con-boxed e-con e-parent\" data-id=\"fe335ff\" data-element_type=\"container\" data-e-type=\"container\">\n\t\t\t\t\t<div class=\"e-con-inner\">\n\t\t\t\t<div class=\"elementor-element elementor-element-7d4ff75 elementor-widget elementor-widget-image\" data-id=\"7d4ff75\" data-element_type=\"widget\" data-e-type=\"widget\" data-widget_type=\"image.default\">\n\t\t\t\t<div class=\"elementor-widget-container\">\n\t\t\t\t\t\t\t\t\t\t\t\t\t\t\t<img fetchpriority=\"high\" decoding=\"async\" width=\"800\" height=\"210\" src=\"https:\/\/springmeeting.cwfcof.org\/wp-content\/uploads\/2026\/03\/2026-spring-meeting-banner-1024x269.png\" class=\"attachment-large size-large wp-image-3159\" alt=\"\" srcset=\"https:\/\/springmeeting.cwfcof.org\/wp-content\/uploads\/2026\/03\/2026-spring-meeting-banner-1024x269.png 1024w, https:\/\/springmeeting.cwfcof.org\/wp-content\/uploads\/2026\/03\/2026-spring-meeting-banner-300x79.png 300w, https:\/\/springmeeting.cwfcof.org\/wp-content\/uploads\/2026\/03\/2026-spring-meeting-banner-768x202.png 768w, https:\/\/springmeeting.cwfcof.org\/wp-content\/uploads\/2026\/03\/2026-spring-meeting-banner-1536x404.png 1536w, https:\/\/springmeeting.cwfcof.org\/wp-content\/uploads\/2026\/03\/2026-spring-meeting-banner.png 1710w\" sizes=\"(max-width: 800px) 100vw, 800px\" \/>\t\t\t\t\t\t\t\t\t\t\t\t\t\t\t<\/div>\n\t\t\t\t<\/div>\n\t\t\t\t\t<\/div>\n\t\t\t\t<\/div>\n\t\t<div class=\"elementor-element elementor-element-2f8f44b4 e-flex e-con-boxed e-con e-parent\" data-id=\"2f8f44b4\" data-element_type=\"container\" data-e-type=\"container\" id=\"xs_team_9\">\n\t\t\t\t\t<div class=\"e-con-inner\">\n\t\t\t\t<div class=\"elementor-element elementor-element-4abea9f1 elementor-widget elementor-widget-elementskit-heading\" data-id=\"4abea9f1\" data-element_type=\"widget\" data-e-type=\"widget\" data-widget_type=\"elementskit-heading.default\">\n\t\t\t\t<div class=\"elementor-widget-container\">\n\t\t\t\t\t<div class=\"ekit-wid-con\" ><div class=\"ekit-heading elementskit-section-title-wraper center   ekit_heading_tablet-   ekit_heading_mobile-\"><h3 class=\"ekit-heading--title elementskit-section-title \">Rencontrez nos intervenants<\/h3><\/div><\/div>\t\t\t\t<\/div>\n\t\t\t\t<\/div>\n\t\t<div class=\"elementor-element elementor-element-365efc6b e-con-full e-grid e-con e-child\" data-id=\"365efc6b\" data-element_type=\"container\" data-e-type=\"container\">\n\t\t\t\t<div class=\"elementor-element elementor-element-77ce770f elementor-widget elementor-widget-elementskit-team\" data-id=\"77ce770f\" data-element_type=\"widget\" data-e-type=\"widget\" id=\"christine-leduc\" data-widget_type=\"elementskit-team.default\">\n\t\t\t\t<div class=\"elementor-widget-container\">\n\t\t\t\t\t<div class=\"ekit-wid-con\">\t\t\t\t\t\t <div class=\"profile-square-v square-v6 no_gutters\"> \t\t\n\t\t<div class=\"profile-card elementor-animation- text-center ekit-team-style-long_height_details\">\n\t\t\t\t\t\t\t<a aria-label=\"profile\" href=\"javascript:void(0)\" data-mfp-src=\"#ekit_team_modal_77ce770f_3156\" class=\"ekit-team-popup\">\n\t\t\t\n\t\t\t\t<div class=\"profile-header ekit-team-img \"  data-toggle=\"modal\" data-target=\"ekit_team_modal_#77ce770f_3156\" >\n\t\t\t\t\t<img decoding=\"async\" width=\"800\" height=\"800\" src=\"https:\/\/springmeeting.cwfcof.org\/wp-content\/uploads\/2026\/02\/Christine-Leduc2-1024x1024.png\" class=\"attachment-large size-large wp-image-2813\" alt=\"\" srcset=\"https:\/\/springmeeting.cwfcof.org\/wp-content\/uploads\/2026\/02\/Christine-Leduc2-1024x1024.png 1024w, https:\/\/springmeeting.cwfcof.org\/wp-content\/uploads\/2026\/02\/Christine-Leduc2-300x300.png 300w, https:\/\/springmeeting.cwfcof.org\/wp-content\/uploads\/2026\/02\/Christine-Leduc2-150x150.png 150w, https:\/\/springmeeting.cwfcof.org\/wp-content\/uploads\/2026\/02\/Christine-Leduc2-768x767.png 768w, https:\/\/springmeeting.cwfcof.org\/wp-content\/uploads\/2026\/02\/Christine-Leduc2-1536x1534.png 1536w, https:\/\/springmeeting.cwfcof.org\/wp-content\/uploads\/2026\/02\/Christine-Leduc2-e1771860082432.png 600w\" sizes=\"(max-width: 800px) 100vw, 800px\" \/>\t\t\t\t<\/div><!-- .profile-header END -->\n\t\t\t\t\t\t\t<\/a>\n\t\t\t\n\n\t\t\t\t<div class=\"profile-body\">\n\t\t\t\t\t\n\t\t\t\t\t<h2 class=\"profile-title\">\n\t\t\t\t\t\t\t\t\t\t\t<a aria-label=\"profile\" href=\"javascript:void(0)\" data-mfp-src=\"#ekit_team_modal_77ce770f_3156\" class=\"ekit-team-popup\">\n\t\t\t\t\t\tChristine Leduc\t\t\t\t\t\t<\/a>\n\t\t\t\t\t\t\t\t\t\t\t<\/h2>\n\t\t\t\t\t<p class=\"profile-designation\">Sustainable Forestry Initiative, vice-pr\u00e9sident charg\u00e9 de la communication et des relations gouvernementales<\/p>\n\t\t\t\t\t\t\t\t\t\t<p class=\"profile-content\">Pr\u00e9sentations lors de la session 1 C\u00e9l\u00e9bration de 30 ans d'innovation et de leadership, et regard vers l'avenir<\/p>\n\t\t\t\t\t\t\t\t\t<\/div><!-- .profile-body END -->\n\n\t\t\t\t\t\t\t\t<\/div>\n\t\t\t\t <\/div> \t\t\t\n\t\t\t\n\t\t\t\t\t<div class=\"zoom-anim-dialog mfp-hide elementskit-team-popup team-popup-id-77ce770f\" id=\"ekit_team_modal_77ce770f_3156\" tabindex=\"-1\" role=\"dialog\" aria-modal=\"true\">\n\t\t\t\t<div class=\"modal-dialog modal-dialog-centered\" role=\"document\">\n\t\t\t\t\t<div class=\"modal-content\">\n\t\t\t\t\t\t<button type=\"button\" class=\"ekit-team-modal-close\">\n\t\t\t\t\t\t\t<svg aria-hidden=\"true\" class=\"e-font-icon-svg e-fas-times\" viewBox=\"0 0 352 512\" xmlns=\"http:\/\/www.w3.org\/2000\/svg\"><path d=\"M242.72 256l100.07-100.07c12.28-12.28 12.28-32.19 0-44.48l-22.24-22.24c-12.28-12.28-32.19-12.28-44.48 0L176 189.28 75.93 89.21c-12.28-12.28-32.19-12.28-44.48 0L9.21 111.45c-12.28 12.28-12.28 32.19 0 44.48L109.28 256 9.21 356.07c-12.28 12.28-12.28 32.19 0 44.48l22.24 22.24c12.28 12.28 32.2 12.28 44.48 0L176 322.72l100.07 100.07c12.28 12.28 32.2 12.28 44.48 0l22.24-22.24c12.28-12.28 12.28-32.19 0-44.48L242.72 256z\"><\/path><\/svg>\t\t\t\t\t\t<\/button>\n\n\t\t\t\t\t\t<div class=\"modal-body\">\n\t\t\t\t\t\t\t\t\t\t\t\t\t\t\t<div class=\"ekit-team-modal-img\">\n\t\t\t\t\t\t\t\t\t<img decoding=\"async\" width=\"800\" height=\"800\" src=\"https:\/\/springmeeting.cwfcof.org\/wp-content\/uploads\/2026\/02\/Christine-Leduc2-1024x1024.png\" class=\"attachment-large size-large wp-image-2813\" alt=\"\" srcset=\"https:\/\/springmeeting.cwfcof.org\/wp-content\/uploads\/2026\/02\/Christine-Leduc2-1024x1024.png 1024w, https:\/\/springmeeting.cwfcof.org\/wp-content\/uploads\/2026\/02\/Christine-Leduc2-300x300.png 300w, https:\/\/springmeeting.cwfcof.org\/wp-content\/uploads\/2026\/02\/Christine-Leduc2-150x150.png 150w, https:\/\/springmeeting.cwfcof.org\/wp-content\/uploads\/2026\/02\/Christine-Leduc2-768x767.png 768w, https:\/\/springmeeting.cwfcof.org\/wp-content\/uploads\/2026\/02\/Christine-Leduc2-1536x1534.png 1536w, https:\/\/springmeeting.cwfcof.org\/wp-content\/uploads\/2026\/02\/Christine-Leduc2-e1771860082432.png 600w\" sizes=\"(max-width: 800px) 100vw, 800px\" \/>\t\t\t\t\t\t\t\t<\/div>\n\t\t\t\t\t\t\t\n\t\t\t\t\t\t\t<div class=\"ekit-team-modal-info has-img\">\n\t\t\t\t\t\t\t\t<h2 class=\"ekit-team-modal-title\">Christine Leduc<\/h2>\n\t\t\t\t\t\t\t\t<p class=\"ekit-team-modal-position\">Sustainable Forestry Initiative, vice-pr\u00e9sident charg\u00e9 de la communication et des relations gouvernementales<\/p>\n\n\t\t\t\t\t\t\t\t<div class=\"ekit-team-modal-content\">\n\t\t\t\t\t\t\t\t\tChristine dirige l'\u00e9quipe de communication binationale de SFI, qui comprend \u00e9galement le projet Learning Tree et le projet Learning Tree Canada. Elle supervise les communications strat\u00e9giques tout en d\u00e9veloppant et en mettant en \u0153uvre une gamme d'activit\u00e9s de relations publiques et gouvernementales. Christine est une foresti\u00e8re professionnelle agr\u00e9\u00e9e qui poss\u00e8de plus d'une d\u00e9cennie d'exp\u00e9rience en foresterie, en politique, en communication, en affaires publiques, en gestion des enjeux et en relations avec les Autochtones. Fi\u00e8re d'\u00eatre francophone, elle est titulaire d'une ma\u00eetrise en conservation foresti\u00e8re de l'Universit\u00e9 de Toronto. En dehors du travail, Christine passe le plus de temps possible \u00e0 profiter des for\u00eats du nord de l'Ontario avec sa fille.    <\/p>\n\n<b>D\u00e9tails de la pr\u00e9sentation :<\/b>\n<p>SFI a h\u00e2te de pr\u00e9senter les principales r\u00e9ussites de 2025 et de faire le point sur des programmes tels que la pertinence du march\u00e9, l'initiative SFI Climate Smart Forestry, les nouvelles ressources professionnelles et ce \u00e0 quoi vous pouvez vous attendre de notre part en 2026 et au-del\u00e0 ! Nous avons \u00e9galement h\u00e2te d'en apprendre davantage sur le Projet Learning Tree Canada cette ann\u00e9e et sur la fa\u00e7on dont vous pouvez y participer.  Cette session est pr\u00e9sent\u00e9e par la Sustainable Forestry Initiative (SFI), une organisation ind\u00e9pendante \u00e0 but non lucratif dont la mission est de faire progresser la durabilit\u00e9 par le biais de collaborations ax\u00e9es sur la for\u00eat. La SFI a \u00e9largi son champ d'action au-del\u00e0 des normes pour inclure la collaboration en mati\u00e8re de conservation, l'engagement communautaire, les relations avec les autochtones, l'\u00e9ducation \u00e0 l'environnement et les perspectives de carri\u00e8re dans le secteur forestier. <\/p>\t\t\t\t\t\t\t\t<\/div>\n\n\t\t\t\t\t\t\t\t\t\t\t\t\t\t\t\t\t<ul class=\"ekit-team-modal-list\">\n\t\t\t\t\t\t\t\t\t\t\n\t\t\t\t\t\t\t\t\t\t\t\t\t\t\t\t\t\t\t\t\t<li><strong>Email:<\/strong><a href=\"mailto:Christine.Leduc@forests.org\">Christine.Leduc@forests.org<\/a><\/li>\n\t\t\t\t\t\t\t\t\t\t\t\t\t\t\t\t\t\t\t<\/ul>\n\t\t\t\t\t\t\t\t\n\t\t\t\t\t\t\t\t\t\t\t\t\t\t\t<\/div>\n\t\t\t\t\t\t<\/div>\n\t\t\t\t\t<\/div>\n\t\t\t\t<\/div>\n\t\t\t<\/div>\n\t\t\t\t<\/div>\t\t\t\t<\/div>\n\t\t\t\t<\/div>\n\t\t\t\t<div class=\"elementor-element elementor-element-44416401 elementor-widget elementor-widget-elementskit-team\" data-id=\"44416401\" data-element_type=\"widget\" data-e-type=\"widget\" data-widget_type=\"elementskit-team.default\">\n\t\t\t\t<div class=\"elementor-widget-container\">\n\t\t\t\t\t<div class=\"ekit-wid-con\">\t\t\t\t\t\t <div class=\"profile-square-v square-v6 no_gutters\"> \t\t\n\t\t<div class=\"profile-card elementor-animation- text-center ekit-team-style-long_height_details\">\n\t\t\t\t\t\t\t<a aria-label=\"profile\" href=\"javascript:void(0)\" data-mfp-src=\"#ekit_team_modal_44416401_3156\" class=\"ekit-team-popup\">\n\t\t\t\n\t\t\t\t<div class=\"profile-header ekit-team-img \"  data-toggle=\"modal\" data-target=\"ekit_team_modal_#44416401_3156\" >\n\t\t\t\t\t<img decoding=\"async\" width=\"800\" height=\"800\" src=\"https:\/\/springmeeting.cwfcof.org\/wp-content\/uploads\/2026\/02\/Maggie-Monday2-1024x1024.png\" class=\"attachment-large size-large wp-image-2815\" alt=\"\" srcset=\"https:\/\/springmeeting.cwfcof.org\/wp-content\/uploads\/2026\/02\/Maggie-Monday2-1024x1024.png 1024w, https:\/\/springmeeting.cwfcof.org\/wp-content\/uploads\/2026\/02\/Maggie-Monday2-300x300.png 300w, https:\/\/springmeeting.cwfcof.org\/wp-content\/uploads\/2026\/02\/Maggie-Monday2-150x150.png 150w, https:\/\/springmeeting.cwfcof.org\/wp-content\/uploads\/2026\/02\/Maggie-Monday2-768x768.png 768w, https:\/\/springmeeting.cwfcof.org\/wp-content\/uploads\/2026\/02\/Maggie-Monday2-e1771860107744.png 600w\" sizes=\"(max-width: 800px) 100vw, 800px\" \/>\t\t\t\t<\/div><!-- .profile-header END -->\n\t\t\t\t\t\t\t<\/a>\n\t\t\t\n\n\t\t\t\t<div class=\"profile-body\">\n\t\t\t\t\t\n\t\t\t\t\t<h2 class=\"profile-title\">\n\t\t\t\t\t\t\t\t\t\t\t<a aria-label=\"profile\" href=\"javascript:void(0)\" data-mfp-src=\"#ekit_team_modal_44416401_3156\" class=\"ekit-team-popup\">\n\t\t\t\t\t\tMaggie Monday\t\t\t\t\t\t<\/a>\n\t\t\t\t\t\t\t\t\t\t\t<\/h2>\n\t\t\t\t\t<p class=\"profile-designation\">Cassidy Levy Kent, associ\u00e9e<\/p>\n\t\t\t\t\t\t\t\t\t\t<p class=\"profile-content\">Pr\u00e9sentation de la session 1 Mise \u00e0 jour de la politique commerciale des \u00c9tats-Unis : ce que les parties prenantes doivent savoir<\/p>\n\t\t\t\t\t\t\t\t\t<\/div><!-- .profile-body END -->\n\n\t\t\t\t\t\t\t\t\t<div class=\"profile-footer\">\n\t\t\t\t\t\t<ul class=\"ekit-team-social-list\">\n\t\t\t<li class=\"elementor-repeater-item-7f57670\">\n\t\t\t<a href=\"https:\/\/www.linkedin.com\/in\/maggie-monday\/\" aria-label=\"LinkedIn\">\n\t\t\t\t<svg aria-hidden=\"true\" class=\"e-font-icon-svg e-fab-linkedin-in\" viewBox=\"0 0 448 512\" xmlns=\"http:\/\/www.w3.org\/2000\/svg\"><path d=\"M100.28 448H7.4V148.9h92.88zM53.79 108.1C24.09 108.1 0 83.5 0 53.8a53.79 53.79 0 0 1 107.58 0c0 29.7-24.1 54.3-53.79 54.3zM447.9 448h-92.68V302.4c0-34.7-.7-79.2-48.29-79.2-48.29 0-55.69 37.7-55.69 76.7V448h-92.78V148.9h89.08v40.8h1.3c12.4-23.5 42.69-48.3 87.88-48.3 94 0 111.28 61.9 111.28 142.3V448z\"><\/path><\/svg>\t\t\t<\/a>\n\t\t<\/li>\n\t<\/ul>\n\t\t\t\t\t<\/div>\n\t\t\t\t\t\t\t\t\t<\/div>\n\t\t\t\t <\/div> \t\t\t\n\t\t\t\n\t\t\t\t\t<div class=\"zoom-anim-dialog mfp-hide elementskit-team-popup team-popup-id-44416401\" id=\"ekit_team_modal_44416401_3156\" tabindex=\"-1\" role=\"dialog\" aria-modal=\"true\">\n\t\t\t\t<div class=\"modal-dialog modal-dialog-centered\" role=\"document\">\n\t\t\t\t\t<div class=\"modal-content\">\n\t\t\t\t\t\t<button type=\"button\" class=\"ekit-team-modal-close\">\n\t\t\t\t\t\t\t<svg aria-hidden=\"true\" class=\"e-font-icon-svg e-fas-times\" viewBox=\"0 0 352 512\" xmlns=\"http:\/\/www.w3.org\/2000\/svg\"><path d=\"M242.72 256l100.07-100.07c12.28-12.28 12.28-32.19 0-44.48l-22.24-22.24c-12.28-12.28-32.19-12.28-44.48 0L176 189.28 75.93 89.21c-12.28-12.28-32.19-12.28-44.48 0L9.21 111.45c-12.28 12.28-12.28 32.19 0 44.48L109.28 256 9.21 356.07c-12.28 12.28-12.28 32.19 0 44.48l22.24 22.24c12.28 12.28 32.2 12.28 44.48 0L176 322.72l100.07 100.07c12.28 12.28 32.2 12.28 44.48 0l22.24-22.24c12.28-12.28 12.28-32.19 0-44.48L242.72 256z\"><\/path><\/svg>\t\t\t\t\t\t<\/button>\n\n\t\t\t\t\t\t<div class=\"modal-body\">\n\t\t\t\t\t\t\t\t\t\t\t\t\t\t\t<div class=\"ekit-team-modal-img\">\n\t\t\t\t\t\t\t\t\t<img decoding=\"async\" width=\"800\" height=\"800\" src=\"https:\/\/springmeeting.cwfcof.org\/wp-content\/uploads\/2026\/02\/Maggie-Monday2-1024x1024.png\" class=\"attachment-large size-large wp-image-2815\" alt=\"\" srcset=\"https:\/\/springmeeting.cwfcof.org\/wp-content\/uploads\/2026\/02\/Maggie-Monday2-1024x1024.png 1024w, https:\/\/springmeeting.cwfcof.org\/wp-content\/uploads\/2026\/02\/Maggie-Monday2-300x300.png 300w, https:\/\/springmeeting.cwfcof.org\/wp-content\/uploads\/2026\/02\/Maggie-Monday2-150x150.png 150w, https:\/\/springmeeting.cwfcof.org\/wp-content\/uploads\/2026\/02\/Maggie-Monday2-768x768.png 768w, https:\/\/springmeeting.cwfcof.org\/wp-content\/uploads\/2026\/02\/Maggie-Monday2-e1771860107744.png 600w\" sizes=\"(max-width: 800px) 100vw, 800px\" \/>\t\t\t\t\t\t\t\t<\/div>\n\t\t\t\t\t\t\t\n\t\t\t\t\t\t\t<div class=\"ekit-team-modal-info has-img\">\n\t\t\t\t\t\t\t\t<h2 class=\"ekit-team-modal-title\">Maggie Monday<\/h2>\n\t\t\t\t\t\t\t\t<p class=\"ekit-team-modal-position\">Cassidy Levy Kent, associ\u00e9e<\/p>\n\n\t\t\t\t\t\t\t\t<div class=\"ekit-team-modal-content\">\n\t\t\t\t\t\t\t\t\t<p>Maggie Monday est collaboratrice au bureau de Cassidy Levy Kent \u00e0 Washington. Elle fournit des conseils sur un large \u00e9ventail de questions, notamment les recours commerciaux devant le minist\u00e8re am\u00e9ricain du commerce, la commission am\u00e9ricaine du commerce international, le tribunal am\u00e9ricain du commerce international et la conformit\u00e9 des douanes am\u00e9ricaines. <\/p>\n\nMme Monday a termin\u00e9 ses \u00e9tudes \u00e0 la facult\u00e9 de droit de l'universit\u00e9 George Washington, o\u00f9 elle a \u00e9t\u00e9 associ\u00e9e \u00e0 la George Washington Law Review. Pendant ses \u00e9tudes de droit, Mme Monday a travaill\u00e9 comme stagiaire au bureau du pr\u00e9sident Jason E. Kearns, de la Commission am\u00e9ricaine du commerce international, et comme avocate \u00e9tudiante \u00e0 la Prisoner and Reentry Clinic de la GW Law. Avant d'entrer \u00e0 l'\u00e9cole de droit, Mme Monday a travaill\u00e9 comme sp\u00e9cialiste du commerce international pour Cassidy Levy Kent et, pendant ses \u00e9tudes de premier cycle, comme stagiaire au Parlement du Royaume-Uni.  <\/p>\n\n<b>D\u00e9tails de la pr\u00e9sentation :<\/b>\n<p>  Fournir une mise \u00e0 jour g\u00e9n\u00e9rale sur la politique commerciale actuelle des \u00c9tats-Unis, y compris la fa\u00e7on dont l'administration Trump aborde l'examen CUSMA et ce que les parties prenantes canadiennes devraient savoir sur l'\u00e9volution du paysage tarifaire am\u00e9ricain.<\/p>\t\t\t\t\t\t\t\t<\/div>\n\n\t\t\t\t\t\t\t\t\t\t\t\t\t\t\t\t\t<ul class=\"ekit-team-modal-list\">\n\t\t\t\t\t\t\t\t\t\t\n\t\t\t\t\t\t\t\t\t\t\t\t\t\t\t\t\t\t\t\t\t<li><strong>Email:<\/strong><a href=\"mailto:mmonday@cassidylevy.com\">mmonday@cassidylevy.com<\/a><\/li>\n\t\t\t\t\t\t\t\t\t\t\t\t\t\t\t\t\t\t\t<\/ul>\n\t\t\t\t\t\t\t\t\n\t\t\t\t\t\t\t\t<ul class=\"ekit-team-social-list\">\n\t\t\t<li class=\"elementor-repeater-item-7f57670\">\n\t\t\t<a href=\"https:\/\/www.linkedin.com\/in\/maggie-monday\/\" aria-label=\"LinkedIn\">\n\t\t\t\t<svg aria-hidden=\"true\" class=\"e-font-icon-svg e-fab-linkedin-in\" viewBox=\"0 0 448 512\" xmlns=\"http:\/\/www.w3.org\/2000\/svg\"><path d=\"M100.28 448H7.4V148.9h92.88zM53.79 108.1C24.09 108.1 0 83.5 0 53.8a53.79 53.79 0 0 1 107.58 0c0 29.7-24.1 54.3-53.79 54.3zM447.9 448h-92.68V302.4c0-34.7-.7-79.2-48.29-79.2-48.29 0-55.69 37.7-55.69 76.7V448h-92.78V148.9h89.08v40.8h1.3c12.4-23.5 42.69-48.3 87.88-48.3 94 0 111.28 61.9 111.28 142.3V448z\"><\/path><\/svg>\t\t\t<\/a>\n\t\t<\/li>\n\t<\/ul>\n\t\t\t\t\t\t\t<\/div>\n\t\t\t\t\t\t<\/div>\n\t\t\t\t\t<\/div>\n\t\t\t\t<\/div>\n\t\t\t<\/div>\n\t\t\t\t<\/div>\t\t\t\t<\/div>\n\t\t\t\t<\/div>\n\t\t\t\t<div class=\"elementor-element elementor-element-6978e1dc elementor-widget elementor-widget-elementskit-team\" data-id=\"6978e1dc\" data-element_type=\"widget\" data-e-type=\"widget\" data-widget_type=\"elementskit-team.default\">\n\t\t\t\t<div class=\"elementor-widget-container\">\n\t\t\t\t\t<div class=\"ekit-wid-con\">\t\t\t\t\t\t <div class=\"profile-square-v square-v6 no_gutters\"> \t\t\n\t\t<div class=\"profile-card elementor-animation- text-center ekit-team-style-long_height_details\">\n\t\t\t\t\t\t\t<a aria-label=\"profile\" href=\"javascript:void(0)\" data-mfp-src=\"#ekit_team_modal_6978e1dc_3156\" class=\"ekit-team-popup\">\n\t\t\t\n\t\t\t\t<div class=\"profile-header ekit-team-img \"  data-toggle=\"modal\" data-target=\"ekit_team_modal_#6978e1dc_3156\" >\n\t\t\t\t\t<img loading=\"lazy\" decoding=\"async\" width=\"400\" height=\"398\" src=\"https:\/\/springmeeting.cwfcof.org\/wp-content\/uploads\/2026\/03\/Anthony-Robinson2.png\" class=\"attachment-large size-large wp-image-2928\" alt=\"\" srcset=\"https:\/\/springmeeting.cwfcof.org\/wp-content\/uploads\/2026\/03\/Anthony-Robinson2.png 400w, https:\/\/springmeeting.cwfcof.org\/wp-content\/uploads\/2026\/03\/Anthony-Robinson2-300x300.png 300w, https:\/\/springmeeting.cwfcof.org\/wp-content\/uploads\/2026\/03\/Anthony-Robinson2-150x150.png 150w\" sizes=\"(max-width: 400px) 100vw, 400px\" \/>\t\t\t\t<\/div><!-- .profile-header END -->\n\t\t\t\t\t\t\t<\/a>\n\t\t\t\n\n\t\t\t\t<div class=\"profile-body\">\n\t\t\t\t\t\n\t\t\t\t\t<h2 class=\"profile-title\">\n\t\t\t\t\t\t\t\t\t\t\t<a aria-label=\"profile\" href=\"javascript:void(0)\" data-mfp-src=\"#ekit_team_modal_6978e1dc_3156\" class=\"ekit-team-popup\">\n\t\t\t\t\t\tAnthony Robinson\t\t\t\t\t\t<\/a>\n\t\t\t\t\t\t\t\t\t\t\t<\/h2>\n\t\t\t\t\t<p class=\"profile-designation\">Forestnet Media, PDG<\/p>\n\t\t\t\t\t\t\t\t\t\t<p class=\"profile-content\">Pr\u00e9sentation \u00e0 la session 2 La foresterie canadienne aujourd'hui : La r\u00e9alit\u00e9, la r\u00e9silience et le chemin \u00e0 parcourir<\/p>\n\t\t\t\t\t\t\t\t\t<\/div><!-- .profile-body END -->\n\n\t\t\t\t\t\t\t\t\t<div class=\"profile-footer\">\n\t\t\t\t\t\t<ul class=\"ekit-team-social-list\">\n\t\t\t<li class=\"elementor-repeater-item-b37fad5\">\n\t\t\t<a href=\"https:\/\/www.facebook.com\/LoggingandSawmillingJournal\" aria-label=\"Facebook\">\n\t\t\t\t<svg aria-hidden=\"true\" class=\"e-font-icon-svg e-fab-facebook-f\" viewBox=\"0 0 320 512\" xmlns=\"http:\/\/www.w3.org\/2000\/svg\"><path d=\"M279.14 288l14.22-92.66h-88.91v-60.13c0-25.35 12.42-50.06 52.24-50.06h40.42V6.26S260.43 0 225.36 0c-73.22 0-121.08 44.38-121.08 124.72v70.62H22.89V288h81.39v224h100.17V288z\"><\/path><\/svg>\t\t\t<\/a>\n\t\t<\/li>\n\t\t\t<li class=\"elementor-repeater-item-1a3ab10\">\n\t\t\t<a href=\"https:\/\/www.instagram.com\/forestnetmedia\/?hl=en\" aria-label=\"Instagram\">\n\t\t\t\t<svg aria-hidden=\"true\" class=\"e-font-icon-svg e-fab-instagram\" viewBox=\"0 0 448 512\" xmlns=\"http:\/\/www.w3.org\/2000\/svg\"><path d=\"M224.1 141c-63.6 0-114.9 51.3-114.9 114.9s51.3 114.9 114.9 114.9S339 319.5 339 255.9 287.7 141 224.1 141zm0 189.6c-41.1 0-74.7-33.5-74.7-74.7s33.5-74.7 74.7-74.7 74.7 33.5 74.7 74.7-33.6 74.7-74.7 74.7zm146.4-194.3c0 14.9-12 26.8-26.8 26.8-14.9 0-26.8-12-26.8-26.8s12-26.8 26.8-26.8 26.8 12 26.8 26.8zm76.1 27.2c-1.7-35.9-9.9-67.7-36.2-93.9-26.2-26.2-58-34.4-93.9-36.2-37-2.1-147.9-2.1-184.9 0-35.8 1.7-67.6 9.9-93.9 36.1s-34.4 58-36.2 93.9c-2.1 37-2.1 147.9 0 184.9 1.7 35.9 9.9 67.7 36.2 93.9s58 34.4 93.9 36.2c37 2.1 147.9 2.1 184.9 0 35.9-1.7 67.7-9.9 93.9-36.2 26.2-26.2 34.4-58 36.2-93.9 2.1-37 2.1-147.8 0-184.8zM398.8 388c-7.8 19.6-22.9 34.7-42.6 42.6-29.5 11.7-99.5 9-132.1 9s-102.7 2.6-132.1-9c-19.6-7.8-34.7-22.9-42.6-42.6-11.7-29.5-9-99.5-9-132.1s-2.6-102.7 9-132.1c7.8-19.6 22.9-34.7 42.6-42.6 29.5-11.7 99.5-9 132.1-9s102.7-2.6 132.1 9c19.6 7.8 34.7 22.9 42.6 42.6 11.7 29.5 9 99.5 9 132.1s2.7 102.7-9 132.1z\"><\/path><\/svg>\t\t\t<\/a>\n\t\t<\/li>\n\t\t\t<li class=\"elementor-repeater-item-7f57670\">\n\t\t\t<a href=\"https:\/\/www.linkedin.com\/company\/forestnetmedia\/?viewAsMember=true\" aria-label=\"LinkedIn\">\n\t\t\t\t<svg aria-hidden=\"true\" class=\"e-font-icon-svg e-fab-linkedin-in\" viewBox=\"0 0 448 512\" xmlns=\"http:\/\/www.w3.org\/2000\/svg\"><path d=\"M100.28 448H7.4V148.9h92.88zM53.79 108.1C24.09 108.1 0 83.5 0 53.8a53.79 53.79 0 0 1 107.58 0c0 29.7-24.1 54.3-53.79 54.3zM447.9 448h-92.68V302.4c0-34.7-.7-79.2-48.29-79.2-48.29 0-55.69 37.7-55.69 76.7V448h-92.78V148.9h89.08v40.8h1.3c12.4-23.5 42.69-48.3 87.88-48.3 94 0 111.28 61.9 111.28 142.3V448z\"><\/path><\/svg>\t\t\t<\/a>\n\t\t<\/li>\n\t\t\t<li class=\"elementor-repeater-item-5dcb084\">\n\t\t\t<a href=\"https:\/\/forestnetmedia.com\/\" aria-label=\"Blog Web\">\n\t\t\t\t<svg aria-hidden=\"true\" class=\"e-font-icon-svg e-fas-blog\" viewBox=\"0 0 512 512\" xmlns=\"http:\/\/www.w3.org\/2000\/svg\"><path d=\"M172.2 226.8c-14.6-2.9-28.2 8.9-28.2 23.8V301c0 10.2 7.1 18.4 16.7 22 18.2 6.8 31.3 24.4 31.3 45 0 26.5-21.5 48-48 48s-48-21.5-48-48V120c0-13.3-10.7-24-24-24H24c-13.3 0-24 10.7-24 24v248c0 89.5 82.1 160.2 175 140.7 54.4-11.4 98.3-55.4 109.7-109.7 17.4-82.9-37-157.2-112.5-172.2zM209 0c-9.2-.5-17 6.8-17 16v31.6c0 8.5 6.6 15.5 15 15.9 129.4 7 233.4 112 240.9 241.5.5 8.4 7.5 15 15.9 15h32.1c9.2 0 16.5-7.8 16-17C503.4 139.8 372.2 8.6 209 0zm.3 96c-9.3-.7-17.3 6.7-17.3 16.1v32.1c0 8.4 6.5 15.3 14.8 15.9 76.8 6.3 138 68.2 144.9 145.2.8 8.3 7.6 14.7 15.9 14.7h32.2c9.3 0 16.8-8 16.1-17.3-8.4-110.1-96.5-198.2-206.6-206.7z\"><\/path><\/svg>\t\t\t<\/a>\n\t\t<\/li>\n\t<\/ul>\n\t\t\t\t\t<\/div>\n\t\t\t\t\t\t\t\t\t<\/div>\n\t\t\t\t <\/div> \t\t\t\n\t\t\t\n\t\t\t\t\t<div class=\"zoom-anim-dialog mfp-hide elementskit-team-popup team-popup-id-6978e1dc\" id=\"ekit_team_modal_6978e1dc_3156\" tabindex=\"-1\" role=\"dialog\" aria-modal=\"true\">\n\t\t\t\t<div class=\"modal-dialog modal-dialog-centered\" role=\"document\">\n\t\t\t\t\t<div class=\"modal-content\">\n\t\t\t\t\t\t<button type=\"button\" class=\"ekit-team-modal-close\">\n\t\t\t\t\t\t\t<svg aria-hidden=\"true\" class=\"e-font-icon-svg e-fas-times\" viewBox=\"0 0 352 512\" xmlns=\"http:\/\/www.w3.org\/2000\/svg\"><path d=\"M242.72 256l100.07-100.07c12.28-12.28 12.28-32.19 0-44.48l-22.24-22.24c-12.28-12.28-32.19-12.28-44.48 0L176 189.28 75.93 89.21c-12.28-12.28-32.19-12.28-44.48 0L9.21 111.45c-12.28 12.28-12.28 32.19 0 44.48L109.28 256 9.21 356.07c-12.28 12.28-12.28 32.19 0 44.48l22.24 22.24c12.28 12.28 32.2 12.28 44.48 0L176 322.72l100.07 100.07c12.28 12.28 32.2 12.28 44.48 0l22.24-22.24c12.28-12.28 12.28-32.19 0-44.48L242.72 256z\"><\/path><\/svg>\t\t\t\t\t\t<\/button>\n\n\t\t\t\t\t\t<div class=\"modal-body\">\n\t\t\t\t\t\t\t\t\t\t\t\t\t\t\t<div class=\"ekit-team-modal-img\">\n\t\t\t\t\t\t\t\t\t<img loading=\"lazy\" decoding=\"async\" width=\"400\" height=\"398\" src=\"https:\/\/springmeeting.cwfcof.org\/wp-content\/uploads\/2026\/03\/Anthony-Robinson2.png\" class=\"attachment-large size-large wp-image-2928\" alt=\"\" srcset=\"https:\/\/springmeeting.cwfcof.org\/wp-content\/uploads\/2026\/03\/Anthony-Robinson2.png 400w, https:\/\/springmeeting.cwfcof.org\/wp-content\/uploads\/2026\/03\/Anthony-Robinson2-300x300.png 300w, https:\/\/springmeeting.cwfcof.org\/wp-content\/uploads\/2026\/03\/Anthony-Robinson2-150x150.png 150w\" sizes=\"(max-width: 400px) 100vw, 400px\" \/>\t\t\t\t\t\t\t\t<\/div>\n\t\t\t\t\t\t\t\n\t\t\t\t\t\t\t<div class=\"ekit-team-modal-info has-img\">\n\t\t\t\t\t\t\t\t<h2 class=\"ekit-team-modal-title\">Anthony Robinson<\/h2>\n\t\t\t\t\t\t\t\t<p class=\"ekit-team-modal-position\">Forestnet Media, PDG<\/p>\n\n\t\t\t\t\t\t\t\t<div class=\"ekit-team-modal-content\">\n\t\t\t\t\t\t\t\t\tAnthony Robinson est propri\u00e9taire, \u00e9diteur et PDG de Forestnet Media, la soci\u00e9t\u00e9 \u00e0 l'origine de Logging &amp; Sawmilling Journal et de TimberWest Magazine. Bas\u00e9 en Colombie-Britannique, Anthony a pass\u00e9 plus d'une d\u00e9cennie \u00e0 couvrir le secteur forestier \u00e0 travers l'Am\u00e9rique du Nord, travaillant en \u00e9troite collaboration avec les entrepreneurs, les usines, les fabricants d'\u00e9quipements et les leaders de l'industrie.   <\/p>\n\nSous sa direction, Forestnet Media est pass\u00e9 d'une maison d'\u00e9dition traditionnelle \u00e0 un m\u00e9dia multiplateforme et \u00e0 une soci\u00e9t\u00e9 de narration, produisant des magazines, des podcasts, des visites d'usines et du contenu vid\u00e9o ax\u00e9s sur l'innovation, la r\u00e9silience et les gens, qui ont la confiance du secteur. Anthony est particuli\u00e8rement passionn\u00e9 par l'am\u00e9lioration de la compr\u00e9hension par le public de la foresterie moderne et par la mise en lumi\u00e8re des entreprises qui s'adaptent et investissent dans des cycles de march\u00e9 difficiles. <\/p>\n\nIl participe r\u00e9guli\u00e8rement \u00e0 des conversations sectorielles, anime des entretiens de longue dur\u00e9e et travaille avec des entreprises pour raconter des histoires cr\u00e9dibles et de grande qualit\u00e9 qui trouvent un \u00e9cho \u00e0 l'int\u00e9rieur et \u00e0 l'ext\u00e9rieur du secteur forestier.<\/p>\n\n<b>D\u00e9tails de la pr\u00e9sentation :<\/b>\n<p>S'appuyant sur son exp\u00e9rience directe des salons professionnels, des usines, des sites d'exploitation foresti\u00e8re et des conversations avec les leaders de l'industrie \u00e0 travers le Canada, Anthony Robinson offre une vue d'ensemble de ce qui se passe r\u00e9ellement dans le secteur forestier canadien aujourd'hui. Cette pr\u00e9sentation explore l'intensification de la concurrence entre les fabricants d'\u00e9quipements, la consolidation majeure des technologies de broyage et des soci\u00e9t\u00e9s d'ing\u00e9nierie, ainsi que la d\u00e9connexion croissante entre les r\u00e9alit\u00e9s de l'industrie et les structures gouvernementales et de d\u00e9fense.   <\/p>\n\nAnthony examine \u00e9galement pourquoi certaines entreprises survivent - et m\u00eame investissent - dans un cycle difficile, tandis que d'autres luttent pour s'adapter. La session met en lumi\u00e8re les tendances \u00e9mergentes en mati\u00e8re d'innovation, de leadership ax\u00e9 sur les personnes et l'importance croissante d'une communication claire et de la narration comme outils strat\u00e9giques pour la r\u00e9silience \u00e0 long terme du secteur forestier canadien. <\/p>\t\t\t\t\t\t\t\t<\/div>\n\n\t\t\t\t\t\t\t\t\t\t\t\t\t\t\t\t\t<ul class=\"ekit-team-modal-list\">\n\t\t\t\t\t\t\t\t\t\t\n\t\t\t\t\t\t\t\t\t\t\t\t\t\t\t\t\t\t\t\t\t<li><strong>Email:<\/strong><a href=\"mailto:arobinson@forestnet.com\">arobinson@forestnet.com<\/a><\/li>\n\t\t\t\t\t\t\t\t\t\t\t\t\t\t\t\t\t\t\t<\/ul>\n\t\t\t\t\t\t\t\t\n\t\t\t\t\t\t\t\t<ul class=\"ekit-team-social-list\">\n\t\t\t<li class=\"elementor-repeater-item-b37fad5\">\n\t\t\t<a href=\"https:\/\/www.facebook.com\/LoggingandSawmillingJournal\" aria-label=\"Facebook\">\n\t\t\t\t<svg aria-hidden=\"true\" class=\"e-font-icon-svg e-fab-facebook-f\" viewBox=\"0 0 320 512\" xmlns=\"http:\/\/www.w3.org\/2000\/svg\"><path d=\"M279.14 288l14.22-92.66h-88.91v-60.13c0-25.35 12.42-50.06 52.24-50.06h40.42V6.26S260.43 0 225.36 0c-73.22 0-121.08 44.38-121.08 124.72v70.62H22.89V288h81.39v224h100.17V288z\"><\/path><\/svg>\t\t\t<\/a>\n\t\t<\/li>\n\t\t\t<li class=\"elementor-repeater-item-1a3ab10\">\n\t\t\t<a href=\"https:\/\/www.instagram.com\/forestnetmedia\/?hl=en\" aria-label=\"Instagram\">\n\t\t\t\t<svg aria-hidden=\"true\" class=\"e-font-icon-svg e-fab-instagram\" viewBox=\"0 0 448 512\" xmlns=\"http:\/\/www.w3.org\/2000\/svg\"><path d=\"M224.1 141c-63.6 0-114.9 51.3-114.9 114.9s51.3 114.9 114.9 114.9S339 319.5 339 255.9 287.7 141 224.1 141zm0 189.6c-41.1 0-74.7-33.5-74.7-74.7s33.5-74.7 74.7-74.7 74.7 33.5 74.7 74.7-33.6 74.7-74.7 74.7zm146.4-194.3c0 14.9-12 26.8-26.8 26.8-14.9 0-26.8-12-26.8-26.8s12-26.8 26.8-26.8 26.8 12 26.8 26.8zm76.1 27.2c-1.7-35.9-9.9-67.7-36.2-93.9-26.2-26.2-58-34.4-93.9-36.2-37-2.1-147.9-2.1-184.9 0-35.8 1.7-67.6 9.9-93.9 36.1s-34.4 58-36.2 93.9c-2.1 37-2.1 147.9 0 184.9 1.7 35.9 9.9 67.7 36.2 93.9s58 34.4 93.9 36.2c37 2.1 147.9 2.1 184.9 0 35.9-1.7 67.7-9.9 93.9-36.2 26.2-26.2 34.4-58 36.2-93.9 2.1-37 2.1-147.8 0-184.8zM398.8 388c-7.8 19.6-22.9 34.7-42.6 42.6-29.5 11.7-99.5 9-132.1 9s-102.7 2.6-132.1-9c-19.6-7.8-34.7-22.9-42.6-42.6-11.7-29.5-9-99.5-9-132.1s-2.6-102.7 9-132.1c7.8-19.6 22.9-34.7 42.6-42.6 29.5-11.7 99.5-9 132.1-9s102.7-2.6 132.1 9c19.6 7.8 34.7 22.9 42.6 42.6 11.7 29.5 9 99.5 9 132.1s2.7 102.7-9 132.1z\"><\/path><\/svg>\t\t\t<\/a>\n\t\t<\/li>\n\t\t\t<li class=\"elementor-repeater-item-7f57670\">\n\t\t\t<a href=\"https:\/\/www.linkedin.com\/company\/forestnetmedia\/?viewAsMember=true\" aria-label=\"LinkedIn\">\n\t\t\t\t<svg aria-hidden=\"true\" class=\"e-font-icon-svg e-fab-linkedin-in\" viewBox=\"0 0 448 512\" xmlns=\"http:\/\/www.w3.org\/2000\/svg\"><path d=\"M100.28 448H7.4V148.9h92.88zM53.79 108.1C24.09 108.1 0 83.5 0 53.8a53.79 53.79 0 0 1 107.58 0c0 29.7-24.1 54.3-53.79 54.3zM447.9 448h-92.68V302.4c0-34.7-.7-79.2-48.29-79.2-48.29 0-55.69 37.7-55.69 76.7V448h-92.78V148.9h89.08v40.8h1.3c12.4-23.5 42.69-48.3 87.88-48.3 94 0 111.28 61.9 111.28 142.3V448z\"><\/path><\/svg>\t\t\t<\/a>\n\t\t<\/li>\n\t\t\t<li class=\"elementor-repeater-item-5dcb084\">\n\t\t\t<a href=\"https:\/\/forestnetmedia.com\/\" aria-label=\"Blog Web\">\n\t\t\t\t<svg aria-hidden=\"true\" class=\"e-font-icon-svg e-fas-blog\" viewBox=\"0 0 512 512\" xmlns=\"http:\/\/www.w3.org\/2000\/svg\"><path d=\"M172.2 226.8c-14.6-2.9-28.2 8.9-28.2 23.8V301c0 10.2 7.1 18.4 16.7 22 18.2 6.8 31.3 24.4 31.3 45 0 26.5-21.5 48-48 48s-48-21.5-48-48V120c0-13.3-10.7-24-24-24H24c-13.3 0-24 10.7-24 24v248c0 89.5 82.1 160.2 175 140.7 54.4-11.4 98.3-55.4 109.7-109.7 17.4-82.9-37-157.2-112.5-172.2zM209 0c-9.2-.5-17 6.8-17 16v31.6c0 8.5 6.6 15.5 15 15.9 129.4 7 233.4 112 240.9 241.5.5 8.4 7.5 15 15.9 15h32.1c9.2 0 16.5-7.8 16-17C503.4 139.8 372.2 8.6 209 0zm.3 96c-9.3-.7-17.3 6.7-17.3 16.1v32.1c0 8.4 6.5 15.3 14.8 15.9 76.8 6.3 138 68.2 144.9 145.2.8 8.3 7.6 14.7 15.9 14.7h32.2c9.3 0 16.8-8 16.1-17.3-8.4-110.1-96.5-198.2-206.6-206.7z\"><\/path><\/svg>\t\t\t<\/a>\n\t\t<\/li>\n\t<\/ul>\n\t\t\t\t\t\t\t<\/div>\n\t\t\t\t\t\t<\/div>\n\t\t\t\t\t<\/div>\n\t\t\t\t<\/div>\n\t\t\t<\/div>\n\t\t\t\t<\/div>\t\t\t\t<\/div>\n\t\t\t\t<\/div>\n\t\t\t\t<div class=\"elementor-element elementor-element-7d8ffb7c elementor-widget elementor-widget-elementskit-team\" data-id=\"7d8ffb7c\" data-element_type=\"widget\" data-e-type=\"widget\" data-widget_type=\"elementskit-team.default\">\n\t\t\t\t<div class=\"elementor-widget-container\">\n\t\t\t\t\t<div class=\"ekit-wid-con\">\t\t\t\t\t\t <div class=\"profile-square-v square-v6 no_gutters\"> \t\t\n\t\t<div class=\"profile-card elementor-animation- text-center ekit-team-style-long_height_details\">\n\t\t\t\t\t\t\t<a aria-label=\"profile\" href=\"javascript:void(0)\" data-mfp-src=\"#ekit_team_modal_7d8ffb7c_3156\" class=\"ekit-team-popup\">\n\t\t\t\n\t\t\t\t<div class=\"profile-header ekit-team-img \"  data-toggle=\"modal\" data-target=\"ekit_team_modal_#7d8ffb7c_3156\" >\n\t\t\t\t\t<img loading=\"lazy\" decoding=\"async\" width=\"800\" height=\"797\" src=\"https:\/\/springmeeting.cwfcof.org\/wp-content\/uploads\/2026\/03\/Jason-Limongelli2-1024x1020.png\" class=\"attachment-large size-large wp-image-3039\" alt=\"\" srcset=\"https:\/\/springmeeting.cwfcof.org\/wp-content\/uploads\/2026\/03\/Jason-Limongelli2-1024x1020.png 1024w, https:\/\/springmeeting.cwfcof.org\/wp-content\/uploads\/2026\/03\/Jason-Limongelli2-300x300.png 300w, https:\/\/springmeeting.cwfcof.org\/wp-content\/uploads\/2026\/03\/Jason-Limongelli2-150x150.png 150w, https:\/\/springmeeting.cwfcof.org\/wp-content\/uploads\/2026\/03\/Jason-Limongelli2-768x765.png 768w, https:\/\/springmeeting.cwfcof.org\/wp-content\/uploads\/2026\/03\/Jason-Limongelli2.png 1224w\" sizes=\"(max-width: 800px) 100vw, 800px\" \/>\t\t\t\t<\/div><!-- .profile-header END -->\n\t\t\t\t\t\t\t<\/a>\n\t\t\t\n\n\t\t\t\t<div class=\"profile-body\">\n\t\t\t\t\t\n\t\t\t\t\t<h2 class=\"profile-title\">\n\t\t\t\t\t\t\t\t\t\t\t<a aria-label=\"profile\" href=\"javascript:void(0)\" data-mfp-src=\"#ekit_team_modal_7d8ffb7c_3156\" class=\"ekit-team-popup\">\n\t\t\t\t\t\tJason Limongelli\t\t\t\t\t\t<\/a>\n\t\t\t\t\t\t\t\t\t\t\t<\/h2>\n\t\t\t\t\t<p class=\"profile-designation\">Vice-pr\u00e9sident, J.D. Irving, Limited, Woodlands<\/p>\n\t\t\t\t\t\t\t\t\t\t<p class=\"profile-content\">Pr\u00e9sentations lors de la session 2 Les concurrents du Canada atlantique<\/p>\n\t\t\t\t\t\t\t\t\t<\/div><!-- .profile-body END -->\n\n\t\t\t\t\t\t\t\t<\/div>\n\t\t\t\t <\/div> \t\t\t\n\t\t\t\n\t\t\t\t\t<div class=\"zoom-anim-dialog mfp-hide elementskit-team-popup team-popup-id-7d8ffb7c\" id=\"ekit_team_modal_7d8ffb7c_3156\" tabindex=\"-1\" role=\"dialog\" aria-modal=\"true\">\n\t\t\t\t<div class=\"modal-dialog modal-dialog-centered\" role=\"document\">\n\t\t\t\t\t<div class=\"modal-content\">\n\t\t\t\t\t\t<button type=\"button\" class=\"ekit-team-modal-close\">\n\t\t\t\t\t\t\t<svg aria-hidden=\"true\" class=\"e-font-icon-svg e-fas-times\" viewBox=\"0 0 352 512\" xmlns=\"http:\/\/www.w3.org\/2000\/svg\"><path d=\"M242.72 256l100.07-100.07c12.28-12.28 12.28-32.19 0-44.48l-22.24-22.24c-12.28-12.28-32.19-12.28-44.48 0L176 189.28 75.93 89.21c-12.28-12.28-32.19-12.28-44.48 0L9.21 111.45c-12.28 12.28-12.28 32.19 0 44.48L109.28 256 9.21 356.07c-12.28 12.28-12.28 32.19 0 44.48l22.24 22.24c12.28 12.28 32.2 12.28 44.48 0L176 322.72l100.07 100.07c12.28 12.28 32.2 12.28 44.48 0l22.24-22.24c12.28-12.28 12.28-32.19 0-44.48L242.72 256z\"><\/path><\/svg>\t\t\t\t\t\t<\/button>\n\n\t\t\t\t\t\t<div class=\"modal-body\">\n\t\t\t\t\t\t\t\t\t\t\t\t\t\t\t<div class=\"ekit-team-modal-img\">\n\t\t\t\t\t\t\t\t\t<img loading=\"lazy\" decoding=\"async\" width=\"800\" height=\"797\" src=\"https:\/\/springmeeting.cwfcof.org\/wp-content\/uploads\/2026\/03\/Jason-Limongelli2-1024x1020.png\" class=\"attachment-large size-large wp-image-3039\" alt=\"\" srcset=\"https:\/\/springmeeting.cwfcof.org\/wp-content\/uploads\/2026\/03\/Jason-Limongelli2-1024x1020.png 1024w, https:\/\/springmeeting.cwfcof.org\/wp-content\/uploads\/2026\/03\/Jason-Limongelli2-300x300.png 300w, https:\/\/springmeeting.cwfcof.org\/wp-content\/uploads\/2026\/03\/Jason-Limongelli2-150x150.png 150w, https:\/\/springmeeting.cwfcof.org\/wp-content\/uploads\/2026\/03\/Jason-Limongelli2-768x765.png 768w, https:\/\/springmeeting.cwfcof.org\/wp-content\/uploads\/2026\/03\/Jason-Limongelli2.png 1224w\" sizes=\"(max-width: 800px) 100vw, 800px\" \/>\t\t\t\t\t\t\t\t<\/div>\n\t\t\t\t\t\t\t\n\t\t\t\t\t\t\t<div class=\"ekit-team-modal-info has-img\">\n\t\t\t\t\t\t\t\t<h2 class=\"ekit-team-modal-title\">Jason Limongelli<\/h2>\n\t\t\t\t\t\t\t\t<p class=\"ekit-team-modal-position\">Vice-pr\u00e9sident, J.D. Irving, Limited, Woodlands<\/p>\n\n\t\t\t\t\t\t\t\t<div class=\"ekit-team-modal-content\">\n\t\t\t\t\t\t\t\t\tJason Limongelli est n\u00e9 \u00e0 Montr\u00e9al, au Qu\u00e9bec. En 1997, Jason a obtenu une licence en sciences foresti\u00e8res \u00e0 l'universit\u00e9 du Nouveau-Brunswick. En 2008, il a obtenu une ma\u00eetrise en administration des affaires de la Richard Ivey School of Business de l'Universit\u00e9 de Western Ontario. Jason s'est joint \u00e0 J.D. Irving, Limited Woodlands Division en 1998 dans la r\u00e9gion de Chipman apr\u00e8s avoir travaill\u00e9 pendant un an pour James Maclaren Industries \u00e0 Truro, au Qu\u00e9bec. Jason a occup\u00e9 plusieurs postes au sein de la division, notamment ceux de surintendant des op\u00e9rations, de forestier r\u00e9gional, de propri\u00e9taire de processus pour le transport, de gestionnaire r\u00e9gional et de gestionnaire des op\u00e9rations pour les terres bois\u00e9es. En juillet 2014, il est devenu vice-pr\u00e9sident de la division Woodlands.     <\/p>\n\n<b>D\u00e9tails de la pr\u00e9sentation :<\/b>\n<p>Un point de vue de l'industrie sur la foresterie au Canada atlantique, soulignant son importance \u00e9conomique, ses r\u00e9alit\u00e9s op\u00e9rationnelles et son r\u00f4le dans le soutien aux communaut\u00e9s durables.<\/p>\t\t\t\t\t\t\t\t<\/div>\n\n\t\t\t\t\t\t\t\t\t\t\t\t\t\t\t\t\t<ul class=\"ekit-team-modal-list\">\n\t\t\t\t\t\t\t\t\t\t\n\t\t\t\t\t\t\t\t\t\t\t\t\t\t\t\t\t\t\t\t\t<li><strong>Email:<\/strong><a href=\"mailto:limongelli.jason@jdirving.com\">limongelli.jason@jdirving.com<\/a><\/li>\n\t\t\t\t\t\t\t\t\t\t\t\t\t\t\t\t\t\t\t<\/ul>\n\t\t\t\t\t\t\t\t\n\t\t\t\t\t\t\t\t\t\t\t\t\t\t\t<\/div>\n\t\t\t\t\t\t<\/div>\n\t\t\t\t\t<\/div>\n\t\t\t\t<\/div>\n\t\t\t<\/div>\n\t\t\t\t<\/div>\t\t\t\t<\/div>\n\t\t\t\t<\/div>\n\t\t\t\t<div class=\"elementor-element elementor-element-50669fd0 elementor-widget elementor-widget-elementskit-team\" data-id=\"50669fd0\" data-element_type=\"widget\" data-e-type=\"widget\" data-widget_type=\"elementskit-team.default\">\n\t\t\t\t<div class=\"elementor-widget-container\">\n\t\t\t\t\t<div class=\"ekit-wid-con\">\t\t\t\t\t\t <div class=\"profile-square-v square-v6 no_gutters\"> \t\t\n\t\t<div class=\"profile-card elementor-animation- text-center ekit-team-style-long_height_details\">\n\t\t\t\t\t\t\t<a aria-label=\"profile\" href=\"javascript:void(0)\" data-mfp-src=\"#ekit_team_modal_50669fd0_3156\" class=\"ekit-team-popup\">\n\t\t\t\n\t\t\t\t<div class=\"profile-header ekit-team-img \"  data-toggle=\"modal\" data-target=\"ekit_team_modal_#50669fd0_3156\" >\n\t\t\t\t\t<img loading=\"lazy\" decoding=\"async\" width=\"580\" height=\"579\" src=\"https:\/\/springmeeting.cwfcof.org\/wp-content\/uploads\/2026\/03\/Adam-Dick2.png\" class=\"attachment-large size-large wp-image-3011\" alt=\"\" srcset=\"https:\/\/springmeeting.cwfcof.org\/wp-content\/uploads\/2026\/03\/Adam-Dick2.png 580w, https:\/\/springmeeting.cwfcof.org\/wp-content\/uploads\/2026\/03\/Adam-Dick2-300x300.png 300w, https:\/\/springmeeting.cwfcof.org\/wp-content\/uploads\/2026\/03\/Adam-Dick2-150x150.png 150w\" sizes=\"(max-width: 580px) 100vw, 580px\" \/>\t\t\t\t<\/div><!-- .profile-header END -->\n\t\t\t\t\t\t\t<\/a>\n\t\t\t\n\n\t\t\t\t<div class=\"profile-body\">\n\t\t\t\t\t\n\t\t\t\t\t<h2 class=\"profile-title\">\n\t\t\t\t\t\t\t\t\t\t\t<a aria-label=\"profile\" href=\"javascript:void(0)\" data-mfp-src=\"#ekit_team_modal_50669fd0_3156\" class=\"ekit-team-popup\">\n\t\t\t\t\t\tAdam Dick\t\t\t\t\t\t<\/a>\n\t\t\t\t\t\t\t\t\t\t\t<\/h2>\n\t\t\t\t\t<p class=\"profile-designation\">Directeur, Recherche collaborative, Ressources naturelles Canada - Service canadien des for\u00eats<\/p>\n\t\t\t\t\t\t\t\t\t\t<p class=\"profile-content\">Pr\u00e9sentation \u00e0 la session 2 Collaboration pour l'impact : Le r\u00f4le des for\u00eats f\u00e9d\u00e9rales de recherche dans l'innovation foresti\u00e8re<\/p>\n\t\t\t\t\t\t\t\t\t<\/div><!-- .profile-body END -->\n\n\t\t\t\t\t\t\t\t<\/div>\n\t\t\t\t <\/div> \t\t\t\n\t\t\t\n\t\t\t\t\t<div class=\"zoom-anim-dialog mfp-hide elementskit-team-popup team-popup-id-50669fd0\" id=\"ekit_team_modal_50669fd0_3156\" tabindex=\"-1\" role=\"dialog\" aria-modal=\"true\">\n\t\t\t\t<div class=\"modal-dialog modal-dialog-centered\" role=\"document\">\n\t\t\t\t\t<div class=\"modal-content\">\n\t\t\t\t\t\t<button type=\"button\" class=\"ekit-team-modal-close\">\n\t\t\t\t\t\t\t<svg aria-hidden=\"true\" class=\"e-font-icon-svg e-fas-times\" viewBox=\"0 0 352 512\" xmlns=\"http:\/\/www.w3.org\/2000\/svg\"><path d=\"M242.72 256l100.07-100.07c12.28-12.28 12.28-32.19 0-44.48l-22.24-22.24c-12.28-12.28-32.19-12.28-44.48 0L176 189.28 75.93 89.21c-12.28-12.28-32.19-12.28-44.48 0L9.21 111.45c-12.28 12.28-12.28 32.19 0 44.48L109.28 256 9.21 356.07c-12.28 12.28-12.28 32.19 0 44.48l22.24 22.24c12.28 12.28 32.2 12.28 44.48 0L176 322.72l100.07 100.07c12.28 12.28 32.2 12.28 44.48 0l22.24-22.24c12.28-12.28 12.28-32.19 0-44.48L242.72 256z\"><\/path><\/svg>\t\t\t\t\t\t<\/button>\n\n\t\t\t\t\t\t<div class=\"modal-body\">\n\t\t\t\t\t\t\t\t\t\t\t\t\t\t\t<div class=\"ekit-team-modal-img\">\n\t\t\t\t\t\t\t\t\t<img loading=\"lazy\" decoding=\"async\" width=\"580\" height=\"579\" src=\"https:\/\/springmeeting.cwfcof.org\/wp-content\/uploads\/2026\/03\/Adam-Dick2.png\" class=\"attachment-large size-large wp-image-3011\" alt=\"\" srcset=\"https:\/\/springmeeting.cwfcof.org\/wp-content\/uploads\/2026\/03\/Adam-Dick2.png 580w, https:\/\/springmeeting.cwfcof.org\/wp-content\/uploads\/2026\/03\/Adam-Dick2-300x300.png 300w, https:\/\/springmeeting.cwfcof.org\/wp-content\/uploads\/2026\/03\/Adam-Dick2-150x150.png 150w\" sizes=\"(max-width: 580px) 100vw, 580px\" \/>\t\t\t\t\t\t\t\t<\/div>\n\t\t\t\t\t\t\t\n\t\t\t\t\t\t\t<div class=\"ekit-team-modal-info has-img\">\n\t\t\t\t\t\t\t\t<h2 class=\"ekit-team-modal-title\">Adam Dick<\/h2>\n\t\t\t\t\t\t\t\t<p class=\"ekit-team-modal-position\">Directeur, Recherche collaborative, Ressources naturelles Canada - Service canadien des for\u00eats<\/p>\n\n\t\t\t\t\t\t\t\t<div class=\"ekit-team-modal-content\">\n\t\t\t\t\t\t\t\t\tAdam Dick est un professionnel chevronn\u00e9 de la sylviculture qui poss\u00e8de plus de vingt ans d'exp\u00e9rience dans le domaine des sciences et des op\u00e9rations foresti\u00e8res. Il est titulaire d'une licence et d'une ma\u00eetrise en sciences foresti\u00e8res de l'universit\u00e9 du Nouveau-Brunswick. <\/p>\n\nAdam est directeur de la recherche collaborative au Centre de foresterie de l'Atlantique du Service canadien des for\u00eats, o\u00f9 il travaille depuis 2018. Il dirige des \u00e9quipes qui font progresser l'innovation dans le secteur forestier, en mettant l'accent sur les technologies d'optimisation de la cha\u00eene de valeur des for\u00eats num\u00e9riques. Il supervise \u00e9galement la for\u00eat de recherche Acadia de 10 000 hectares, une plateforme nationale pour la recherche foresti\u00e8re, le d\u00e9veloppement technologique et la d\u00e9monstration op\u00e9rationnelle.  <\/p>\n\nAvant de rejoindre le Service canadien des for\u00eats, Adam a occup\u00e9 des fonctions cl\u00e9s au sein du minist\u00e8re des Ressources naturelles et du D\u00e9veloppement \u00e9nerg\u00e9tique du Nouveau-Brunswick, se sp\u00e9cialisant dans la mod\u00e9lisation de la croissance et du rendement, l'analyse de l'approvisionnement en bois et l'inventaire forestier. Il a contribu\u00e9 \u00e0 faire du Nouveau-Brunswick la premi\u00e8re province canadienne \u00e0 mettre en \u0153uvre un inventaire forestier am\u00e9lior\u00e9 bas\u00e9 sur le LiDAR. <\/p>\n\n<b>D\u00e9tails de la pr\u00e9sentation :<\/b>\n<p>Cette pr\u00e9sentation explorera le r\u00f4le essentiel que jouent les for\u00eats de recherche f\u00e9d\u00e9rales dans la stimulation de l'innovation foresti\u00e8re, en mettant l'accent sur la for\u00eat de recherche Acadia. Elle retracera la longue histoire des for\u00eats de recherche du Canada et d\u00e9montrera comment les essais men\u00e9s depuis des d\u00e9cennies \u00e0 Acadia continuent de produire les preuves n\u00e9cessaires pour relever les d\u00e9fis complexes d'aujourd'hui en mati\u00e8re de gestion, de productivit\u00e9 et de r\u00e9silience des for\u00eats. La session mettra en \u00e9vidence les atouts naturels et physiques uniques de l'Acadie qui permettent la recherche collaborative, l'exp\u00e9rimentation op\u00e9rationnelle et le d\u00e9veloppement technologique. Elle pr\u00e9sentera \u00e9galement les partenariats r\u00e9cents et en cours qui font progresser la science foresti\u00e8re et soutiennent la transformation du secteur. Enfin, la pr\u00e9sentation mettra l'accent sur la valeur des for\u00eats de recherche en tant que terrains de formation pour la prochaine g\u00e9n\u00e9ration de professionnels de la for\u00eat, en offrant aux \u00e9tudiants d'\u00e9t\u00e9 une exp\u00e9rience pratique qui leur permet d'acqu\u00e9rir des comp\u00e9tences et de renforcer la future main-d'\u0153uvre foresti\u00e8re du Canada.    <\/p>\t\t\t\t\t\t\t\t<\/div>\n\n\t\t\t\t\t\t\t\t\t\t\t\t\t\t\t\t\t<ul class=\"ekit-team-modal-list\">\n\t\t\t\t\t\t\t\t\t\t\n\t\t\t\t\t\t\t\t\t\t\t\t\t\t\t\t\t\t\t\t\t<li><strong>Email:<\/strong><a href=\"mailto:adam.dick@nrcan-rncan.gc.ca\">adam.dick@nrcan-rncan.gc.ca<\/a><\/li>\n\t\t\t\t\t\t\t\t\t\t\t\t\t\t\t\t\t\t\t<\/ul>\n\t\t\t\t\t\t\t\t\n\t\t\t\t\t\t\t\t\t\t\t\t\t\t\t<\/div>\n\t\t\t\t\t\t<\/div>\n\t\t\t\t\t<\/div>\n\t\t\t\t<\/div>\n\t\t\t<\/div>\n\t\t\t\t<\/div>\t\t\t\t<\/div>\n\t\t\t\t<\/div>\n\t\t\t\t<div class=\"elementor-element elementor-element-2f89196e elementor-widget elementor-widget-elementskit-team\" data-id=\"2f89196e\" data-element_type=\"widget\" data-e-type=\"widget\" data-widget_type=\"elementskit-team.default\">\n\t\t\t\t<div class=\"elementor-widget-container\">\n\t\t\t\t\t<div class=\"ekit-wid-con\">\t\t\t\t\t\t <div class=\"profile-square-v square-v6 no_gutters\"> \t\t\n\t\t<div class=\"profile-card elementor-animation- text-center ekit-team-style-long_height_details\">\n\t\t\t\t\t\t\t<a aria-label=\"profile\" href=\"javascript:void(0)\" data-mfp-src=\"#ekit_team_modal_2f89196e_3156\" class=\"ekit-team-popup\">\n\t\t\t\n\t\t\t\t<div class=\"profile-header ekit-team-img \"  data-toggle=\"modal\" data-target=\"ekit_team_modal_#2f89196e_3156\" >\n\t\t\t\t\t<img loading=\"lazy\" decoding=\"async\" width=\"800\" height=\"800\" src=\"https:\/\/springmeeting.cwfcof.org\/wp-content\/uploads\/2026\/03\/Darcy-MacBain2-1024x1024.png\" class=\"attachment-large size-large wp-image-3161\" alt=\"\" srcset=\"https:\/\/springmeeting.cwfcof.org\/wp-content\/uploads\/2026\/03\/Darcy-MacBain2-1024x1024.png 1024w, https:\/\/springmeeting.cwfcof.org\/wp-content\/uploads\/2026\/03\/Darcy-MacBain2-300x300.png 300w, https:\/\/springmeeting.cwfcof.org\/wp-content\/uploads\/2026\/03\/Darcy-MacBain2-150x150.png 150w, https:\/\/springmeeting.cwfcof.org\/wp-content\/uploads\/2026\/03\/Darcy-MacBain2-768x768.png 768w, https:\/\/springmeeting.cwfcof.org\/wp-content\/uploads\/2026\/03\/Darcy-MacBain2-1536x1536.png 1536w, https:\/\/springmeeting.cwfcof.org\/wp-content\/uploads\/2026\/03\/Darcy-MacBain2-2048x2048.png 2048w, https:\/\/springmeeting.cwfcof.org\/wp-content\/uploads\/2026\/03\/Darcy-MacBain2-e1773762853454.png 600w\" sizes=\"(max-width: 800px) 100vw, 800px\" \/>\t\t\t\t<\/div><!-- .profile-header END -->\n\t\t\t\t\t\t\t<\/a>\n\t\t\t\n\n\t\t\t\t<div class=\"profile-body\">\n\t\t\t\t\t\n\t\t\t\t\t<h2 class=\"profile-title\">\n\t\t\t\t\t\t\t\t\t\t\t<a aria-label=\"profile\" href=\"javascript:void(0)\" data-mfp-src=\"#ekit_team_modal_2f89196e_3156\" class=\"ekit-team-popup\">\n\t\t\t\t\t\tDarcey MacBain\t\t\t\t\t\t<\/a>\n\t\t\t\t\t\t\t\t\t\t\t<\/h2>\n\t\t\t\t\t<p class=\"profile-designation\">Directeur des services op\u00e9rationnels, D\u00e9partement des travaux publics de la Nouvelle-\u00c9cosse<\/p>\n\t\t\t\t\t\t\t\t\t\t<p class=\"profile-content\">Pr\u00e9sentation de la session 3 Logistique des composants d'\u00e9oliennes en Nouvelle-\u00c9cosse<\/p>\n\t\t\t\t\t\t\t\t\t<\/div><!-- .profile-body END -->\n\n\t\t\t\t\t\t\t\t<\/div>\n\t\t\t\t <\/div> \t\t\t\n\t\t\t\n\t\t\t\t\t<div class=\"zoom-anim-dialog mfp-hide elementskit-team-popup team-popup-id-2f89196e\" id=\"ekit_team_modal_2f89196e_3156\" tabindex=\"-1\" role=\"dialog\" aria-modal=\"true\">\n\t\t\t\t<div class=\"modal-dialog modal-dialog-centered\" role=\"document\">\n\t\t\t\t\t<div class=\"modal-content\">\n\t\t\t\t\t\t<button type=\"button\" class=\"ekit-team-modal-close\">\n\t\t\t\t\t\t\t<svg aria-hidden=\"true\" class=\"e-font-icon-svg e-fas-times\" viewBox=\"0 0 352 512\" xmlns=\"http:\/\/www.w3.org\/2000\/svg\"><path d=\"M242.72 256l100.07-100.07c12.28-12.28 12.28-32.19 0-44.48l-22.24-22.24c-12.28-12.28-32.19-12.28-44.48 0L176 189.28 75.93 89.21c-12.28-12.28-32.19-12.28-44.48 0L9.21 111.45c-12.28 12.28-12.28 32.19 0 44.48L109.28 256 9.21 356.07c-12.28 12.28-12.28 32.19 0 44.48l22.24 22.24c12.28 12.28 32.2 12.28 44.48 0L176 322.72l100.07 100.07c12.28 12.28 32.2 12.28 44.48 0l22.24-22.24c12.28-12.28 12.28-32.19 0-44.48L242.72 256z\"><\/path><\/svg>\t\t\t\t\t\t<\/button>\n\n\t\t\t\t\t\t<div class=\"modal-body\">\n\t\t\t\t\t\t\t\t\t\t\t\t\t\t\t<div class=\"ekit-team-modal-img\">\n\t\t\t\t\t\t\t\t\t<img loading=\"lazy\" decoding=\"async\" width=\"800\" height=\"800\" src=\"https:\/\/springmeeting.cwfcof.org\/wp-content\/uploads\/2026\/03\/Darcy-MacBain2-1024x1024.png\" class=\"attachment-large size-large wp-image-3161\" alt=\"\" srcset=\"https:\/\/springmeeting.cwfcof.org\/wp-content\/uploads\/2026\/03\/Darcy-MacBain2-1024x1024.png 1024w, https:\/\/springmeeting.cwfcof.org\/wp-content\/uploads\/2026\/03\/Darcy-MacBain2-300x300.png 300w, https:\/\/springmeeting.cwfcof.org\/wp-content\/uploads\/2026\/03\/Darcy-MacBain2-150x150.png 150w, https:\/\/springmeeting.cwfcof.org\/wp-content\/uploads\/2026\/03\/Darcy-MacBain2-768x768.png 768w, https:\/\/springmeeting.cwfcof.org\/wp-content\/uploads\/2026\/03\/Darcy-MacBain2-1536x1536.png 1536w, https:\/\/springmeeting.cwfcof.org\/wp-content\/uploads\/2026\/03\/Darcy-MacBain2-2048x2048.png 2048w, https:\/\/springmeeting.cwfcof.org\/wp-content\/uploads\/2026\/03\/Darcy-MacBain2-e1773762853454.png 600w\" sizes=\"(max-width: 800px) 100vw, 800px\" \/>\t\t\t\t\t\t\t\t<\/div>\n\t\t\t\t\t\t\t\n\t\t\t\t\t\t\t<div class=\"ekit-team-modal-info has-img\">\n\t\t\t\t\t\t\t\t<h2 class=\"ekit-team-modal-title\">Darcey MacBain<\/h2>\n\t\t\t\t\t\t\t\t<p class=\"ekit-team-modal-position\">Directeur des services op\u00e9rationnels, D\u00e9partement des travaux publics de la Nouvelle-\u00c9cosse<\/p>\n\n\t\t\t\t\t\t\t\t<div class=\"ekit-team-modal-content\">\n\t\t\t\t\t\t\t\t\tIl est actuellement directeur des services op\u00e9rationnels au minist\u00e8re des travaux publics de la Nouvelle-\u00c9cosse.  <\/p>\n\nJ'ai pass\u00e9 la plus grande partie de ma carri\u00e8re sur le terrain \u00e0 g\u00e9rer et \u00e0 superviser l'entretien des routes.<\/p>\n\nCes derni\u00e8res ann\u00e9es, nous avons \u00e9t\u00e9 fortement impliqu\u00e9s dans la gestion de d\u00e9m\u00e9nagements exceptionnels dans toute la province.  \nTr\u00e8s impliqu\u00e9 dans la logistique des composants d'\u00e9oliennes au cours des derni\u00e8res ann\u00e9es.\n\nJe suis \u00e9galement propri\u00e9taire d'un petit lot de bois et je g\u00e8re environ 250 acres dans la vall\u00e9e de Musquodoboit.<\/p>\n\n<b>D\u00e9tails de la pr\u00e9sentation :<\/b>\n<p>Comment d\u00e9placer des \u00e9l\u00e9ments lourds et de grande taille en Nouvelle-\u00c9cosse, y compris les plans de gestion du trafic, l'acheminement, l'infrastructure et les configurations.<\/p>\t\t\t\t\t\t\t\t<\/div>\n\n\t\t\t\t\t\t\t\t\t\t\t\t\t\t\t\t\t<ul class=\"ekit-team-modal-list\">\n\t\t\t\t\t\t\t\t\t\t\n\t\t\t\t\t\t\t\t\t\t\t\t\t\t\t\t\t\t\t\t\t<li><strong>Email:<\/strong><a href=\"mailto:Darcey.MacBain@novascotia.ca\">Darcey.MacBain@novascotia.ca<\/a><\/li>\n\t\t\t\t\t\t\t\t\t\t\t\t\t\t\t\t\t\t\t<\/ul>\n\t\t\t\t\t\t\t\t\n\t\t\t\t\t\t\t\t\t\t\t\t\t\t\t<\/div>\n\t\t\t\t\t\t<\/div>\n\t\t\t\t\t<\/div>\n\t\t\t\t<\/div>\n\t\t\t<\/div>\n\t\t\t\t<\/div>\t\t\t\t<\/div>\n\t\t\t\t<\/div>\n\t\t\t\t<div class=\"elementor-element elementor-element-65df6ffa elementor-widget elementor-widget-elementskit-team\" data-id=\"65df6ffa\" data-element_type=\"widget\" data-e-type=\"widget\" data-widget_type=\"elementskit-team.default\">\n\t\t\t\t<div class=\"elementor-widget-container\">\n\t\t\t\t\t<div class=\"ekit-wid-con\">\t\t\t\t\t\t <div class=\"profile-square-v square-v6 no_gutters\"> \t\t\n\t\t<div class=\"profile-card elementor-animation- text-center ekit-team-style-long_height_details\">\n\t\t\t\t\t\t\t<a aria-label=\"profile\" href=\"javascript:void(0)\" data-mfp-src=\"#ekit_team_modal_65df6ffa_3156\" class=\"ekit-team-popup\">\n\t\t\t\n\t\t\t\t<div class=\"profile-header ekit-team-img \"  data-toggle=\"modal\" data-target=\"ekit_team_modal_#65df6ffa_3156\" >\n\t\t\t\t\t<img loading=\"lazy\" decoding=\"async\" width=\"800\" height=\"814\" src=\"https:\/\/springmeeting.cwfcof.org\/wp-content\/uploads\/2026\/03\/Susannah-Banks2-1006x1024.png\" class=\"attachment-large size-large wp-image-2959\" alt=\"\" srcset=\"https:\/\/springmeeting.cwfcof.org\/wp-content\/uploads\/2026\/03\/Susannah-Banks2-1006x1024.png 1006w, https:\/\/springmeeting.cwfcof.org\/wp-content\/uploads\/2026\/03\/Susannah-Banks2-295x300.png 295w, https:\/\/springmeeting.cwfcof.org\/wp-content\/uploads\/2026\/03\/Susannah-Banks2-768x782.png 768w, https:\/\/springmeeting.cwfcof.org\/wp-content\/uploads\/2026\/03\/Susannah-Banks2-1508x1536.png 1508w, https:\/\/springmeeting.cwfcof.org\/wp-content\/uploads\/2026\/03\/Susannah-Banks2-2011x2048.png 2011w, https:\/\/springmeeting.cwfcof.org\/wp-content\/uploads\/2026\/03\/Susannah-Banks2-e1772725441569.png 600w\" sizes=\"(max-width: 800px) 100vw, 800px\" \/>\t\t\t\t<\/div><!-- .profile-header END -->\n\t\t\t\t\t\t\t<\/a>\n\t\t\t\n\n\t\t\t\t<div class=\"profile-body\">\n\t\t\t\t\t\n\t\t\t\t\t<h2 class=\"profile-title\">\n\t\t\t\t\t\t\t\t\t\t\t<a aria-label=\"profile\" href=\"javascript:void(0)\" data-mfp-src=\"#ekit_team_modal_65df6ffa_3156\" class=\"ekit-team-popup\">\n\t\t\t\t\t\tSusannah Banks\t\t\t\t\t\t<\/a>\n\t\t\t\t\t\t\t\t\t\t\t<\/h2>\n\t\t\t\t\t<p class=\"profile-designation\">Directeur ex\u00e9cutif, F\u00e9d\u00e9ration des propri\u00e9taires de bois\u00e9s du Nouveau-Brunswick<\/p>\n\t\t\t\t\t\t\t\t\t\t<p class=\"profile-content\">Pr\u00e9sentant \u00e0 la session 3\nF\u00e9d\u00e9ration des propri\u00e9taires de bois\u00e9s du Nouveau-Brunswick<\/p>\n\t\t\t\t\t\t\t\t\t<\/div><!-- .profile-body END -->\n\n\t\t\t\t\t\t\t\t\t<div class=\"profile-footer\">\n\t\t\t\t\t\t<ul class=\"ekit-team-social-list\">\n\t\t\t<li class=\"elementor-repeater-item-b37fad5\">\n\t\t\t<a href=\"https:\/\/www.facebook.com\/NewBrunswickFederationOfWoodlotOwners\" aria-label=\"Facebook\">\n\t\t\t\t<svg aria-hidden=\"true\" class=\"e-font-icon-svg e-fab-facebook\" viewBox=\"0 0 512 512\" xmlns=\"http:\/\/www.w3.org\/2000\/svg\"><path d=\"M504 256C504 119 393 8 256 8S8 119 8 256c0 123.78 90.69 226.38 209.25 245V327.69h-63V256h63v-54.64c0-62.15 37-96.48 93.67-96.48 27.14 0 55.52 4.84 55.52 4.84v61h-31.28c-30.8 0-40.41 19.12-40.41 38.73V256h68.78l-11 71.69h-57.78V501C413.31 482.38 504 379.78 504 256z\"><\/path><\/svg>\t\t\t<\/a>\n\t\t<\/li>\n\t\t\t<li class=\"elementor-repeater-item-358c623\">\n\t\t\t<a href=\"http:\/\/www.nbwoodlotowners.ca\" aria-label=\"Site web\/Blog\">\n\t\t\t\t<svg aria-hidden=\"true\" class=\"e-font-icon-svg e-fas-blog\" viewBox=\"0 0 512 512\" xmlns=\"http:\/\/www.w3.org\/2000\/svg\"><path d=\"M172.2 226.8c-14.6-2.9-28.2 8.9-28.2 23.8V301c0 10.2 7.1 18.4 16.7 22 18.2 6.8 31.3 24.4 31.3 45 0 26.5-21.5 48-48 48s-48-21.5-48-48V120c0-13.3-10.7-24-24-24H24c-13.3 0-24 10.7-24 24v248c0 89.5 82.1 160.2 175 140.7 54.4-11.4 98.3-55.4 109.7-109.7 17.4-82.9-37-157.2-112.5-172.2zM209 0c-9.2-.5-17 6.8-17 16v31.6c0 8.5 6.6 15.5 15 15.9 129.4 7 233.4 112 240.9 241.5.5 8.4 7.5 15 15.9 15h32.1c9.2 0 16.5-7.8 16-17C503.4 139.8 372.2 8.6 209 0zm.3 96c-9.3-.7-17.3 6.7-17.3 16.1v32.1c0 8.4 6.5 15.3 14.8 15.9 76.8 6.3 138 68.2 144.9 145.2.8 8.3 7.6 14.7 15.9 14.7h32.2c9.3 0 16.8-8 16.1-17.3-8.4-110.1-96.5-198.2-206.6-206.7z\"><\/path><\/svg>\t\t\t<\/a>\n\t\t<\/li>\n\t<\/ul>\n\t\t\t\t\t<\/div>\n\t\t\t\t\t\t\t\t\t<\/div>\n\t\t\t\t <\/div> \t\t\t\n\t\t\t\n\t\t\t\t\t<div class=\"zoom-anim-dialog mfp-hide elementskit-team-popup team-popup-id-65df6ffa\" id=\"ekit_team_modal_65df6ffa_3156\" tabindex=\"-1\" role=\"dialog\" aria-modal=\"true\">\n\t\t\t\t<div class=\"modal-dialog modal-dialog-centered\" role=\"document\">\n\t\t\t\t\t<div class=\"modal-content\">\n\t\t\t\t\t\t<button type=\"button\" class=\"ekit-team-modal-close\">\n\t\t\t\t\t\t\t<svg aria-hidden=\"true\" class=\"e-font-icon-svg e-fas-times\" viewBox=\"0 0 352 512\" xmlns=\"http:\/\/www.w3.org\/2000\/svg\"><path d=\"M242.72 256l100.07-100.07c12.28-12.28 12.28-32.19 0-44.48l-22.24-22.24c-12.28-12.28-32.19-12.28-44.48 0L176 189.28 75.93 89.21c-12.28-12.28-32.19-12.28-44.48 0L9.21 111.45c-12.28 12.28-12.28 32.19 0 44.48L109.28 256 9.21 356.07c-12.28 12.28-12.28 32.19 0 44.48l22.24 22.24c12.28 12.28 32.2 12.28 44.48 0L176 322.72l100.07 100.07c12.28 12.28 32.2 12.28 44.48 0l22.24-22.24c12.28-12.28 12.28-32.19 0-44.48L242.72 256z\"><\/path><\/svg>\t\t\t\t\t\t<\/button>\n\n\t\t\t\t\t\t<div class=\"modal-body\">\n\t\t\t\t\t\t\t\t\t\t\t\t\t\t\t<div class=\"ekit-team-modal-img\">\n\t\t\t\t\t\t\t\t\t<img loading=\"lazy\" decoding=\"async\" width=\"800\" height=\"814\" src=\"https:\/\/springmeeting.cwfcof.org\/wp-content\/uploads\/2026\/03\/Susannah-Banks2-1006x1024.png\" class=\"attachment-large size-large wp-image-2959\" alt=\"\" srcset=\"https:\/\/springmeeting.cwfcof.org\/wp-content\/uploads\/2026\/03\/Susannah-Banks2-1006x1024.png 1006w, https:\/\/springmeeting.cwfcof.org\/wp-content\/uploads\/2026\/03\/Susannah-Banks2-295x300.png 295w, https:\/\/springmeeting.cwfcof.org\/wp-content\/uploads\/2026\/03\/Susannah-Banks2-768x782.png 768w, https:\/\/springmeeting.cwfcof.org\/wp-content\/uploads\/2026\/03\/Susannah-Banks2-1508x1536.png 1508w, https:\/\/springmeeting.cwfcof.org\/wp-content\/uploads\/2026\/03\/Susannah-Banks2-2011x2048.png 2011w, https:\/\/springmeeting.cwfcof.org\/wp-content\/uploads\/2026\/03\/Susannah-Banks2-e1772725441569.png 600w\" sizes=\"(max-width: 800px) 100vw, 800px\" \/>\t\t\t\t\t\t\t\t<\/div>\n\t\t\t\t\t\t\t\n\t\t\t\t\t\t\t<div class=\"ekit-team-modal-info has-img\">\n\t\t\t\t\t\t\t\t<h2 class=\"ekit-team-modal-title\">Susannah Banks<\/h2>\n\t\t\t\t\t\t\t\t<p class=\"ekit-team-modal-position\">Directeur ex\u00e9cutif, F\u00e9d\u00e9ration des propri\u00e9taires de bois\u00e9s du Nouveau-Brunswick<\/p>\n\n\t\t\t\t\t\t\t\t<div class=\"ekit-team-modal-content\">\n\t\t\t\t\t\t\t\t\tSusannah Banks a grandi dans une ferme laiti\u00e8re et un bois\u00e9 en exploitation, dans une r\u00e9gion rurale du Nouveau-Brunswick. Susannah est titulaire d'un baccalaur\u00e9at en agriculture de l'Universit\u00e9 McGill et a travaill\u00e9 comme sp\u00e9cialiste de la vulgarisation et directrice g\u00e9n\u00e9rale de deux organismes sans but lucratif. Elle poss\u00e8de une vaste exp\u00e9rience de la gestion de projets, en particulier de projets de recherche adaptative, et est agrologue professionnelle.   <\/p>\n\nEngag\u00e9e aupr\u00e8s des propri\u00e9taires terriens et des communaut\u00e9s rurales, elle accorde une grande importance aux impacts environnementaux. Depuis plus de 25 ans, elle propose aux propri\u00e9taires ruraux des pratiques de gestion optimales, des possibilit\u00e9s d'\u00e9ducation et des formations.   \nElle a travaill\u00e9 pendant 10 ans pour la New Brunswick Federation of Woodlot Owners, une f\u00e9d\u00e9ration provinciale \u00e0 but non lucratif de propri\u00e9taires de bois\u00e9s. Elle si\u00e8ge au conseil d'administration de Canadian Forest Owners depuis sa cr\u00e9ation et est propri\u00e9taire d'un bois\u00e9 de 100 acres qui appartient \u00e0 sa famille depuis 200 ans.  <\/p>\n\n<b>D\u00e9tails de la pr\u00e9sentation :<\/b>\n<p>L'association Canadian Forest Owners (CFO) repr\u00e9sente 480 000 propri\u00e9taires de for\u00eats priv\u00e9es \u00e0 travers le Canada sur des questions d'int\u00e9r\u00eat national. Les terres foresti\u00e8res priv\u00e9es constituent un angle mort dans les discussions sur le commerce et les politiques foresti\u00e8res au niveau national. La FCO s'efforce de changer cette image en cr\u00e9ant une enqu\u00eate nationale sur les propri\u00e9taires forestiers priv\u00e9s et en d\u00e9fendant des questions politiques aussi diverses que le commerce et les titres autochtones. La FCO est \u00e9galement fi\u00e8re de cr\u00e9er une nouvelle police d'assurance nationale pour les propri\u00e9taires de bois au nom de ses membres.   <\/p>\t\t\t\t\t\t\t\t<\/div>\n\n\t\t\t\t\t\t\t\t\t\t\t\t\t\t\t\t\t<ul class=\"ekit-team-modal-list\">\n\t\t\t\t\t\t\t\t\t\t\n\t\t\t\t\t\t\t\t\t\t\t\t\t\t\t\t\t\t\t\t\t<li><strong>Email:<\/strong><a href=\"mailto:ed@nbwoodlotowners.ca\">ed@nbwoodlotowners.ca<\/a><\/li>\n\t\t\t\t\t\t\t\t\t\t\t\t\t\t\t\t\t\t\t<\/ul>\n\t\t\t\t\t\t\t\t\n\t\t\t\t\t\t\t\t<ul class=\"ekit-team-social-list\">\n\t\t\t<li class=\"elementor-repeater-item-b37fad5\">\n\t\t\t<a href=\"https:\/\/www.facebook.com\/NewBrunswickFederationOfWoodlotOwners\" aria-label=\"Facebook\">\n\t\t\t\t<svg aria-hidden=\"true\" class=\"e-font-icon-svg e-fab-facebook\" viewBox=\"0 0 512 512\" xmlns=\"http:\/\/www.w3.org\/2000\/svg\"><path d=\"M504 256C504 119 393 8 256 8S8 119 8 256c0 123.78 90.69 226.38 209.25 245V327.69h-63V256h63v-54.64c0-62.15 37-96.48 93.67-96.48 27.14 0 55.52 4.84 55.52 4.84v61h-31.28c-30.8 0-40.41 19.12-40.41 38.73V256h68.78l-11 71.69h-57.78V501C413.31 482.38 504 379.78 504 256z\"><\/path><\/svg>\t\t\t<\/a>\n\t\t<\/li>\n\t\t\t<li class=\"elementor-repeater-item-358c623\">\n\t\t\t<a href=\"http:\/\/www.nbwoodlotowners.ca\" aria-label=\"Site web\/Blog\">\n\t\t\t\t<svg aria-hidden=\"true\" class=\"e-font-icon-svg e-fas-blog\" viewBox=\"0 0 512 512\" xmlns=\"http:\/\/www.w3.org\/2000\/svg\"><path d=\"M172.2 226.8c-14.6-2.9-28.2 8.9-28.2 23.8V301c0 10.2 7.1 18.4 16.7 22 18.2 6.8 31.3 24.4 31.3 45 0 26.5-21.5 48-48 48s-48-21.5-48-48V120c0-13.3-10.7-24-24-24H24c-13.3 0-24 10.7-24 24v248c0 89.5 82.1 160.2 175 140.7 54.4-11.4 98.3-55.4 109.7-109.7 17.4-82.9-37-157.2-112.5-172.2zM209 0c-9.2-.5-17 6.8-17 16v31.6c0 8.5 6.6 15.5 15 15.9 129.4 7 233.4 112 240.9 241.5.5 8.4 7.5 15 15.9 15h32.1c9.2 0 16.5-7.8 16-17C503.4 139.8 372.2 8.6 209 0zm.3 96c-9.3-.7-17.3 6.7-17.3 16.1v32.1c0 8.4 6.5 15.3 14.8 15.9 76.8 6.3 138 68.2 144.9 145.2.8 8.3 7.6 14.7 15.9 14.7h32.2c9.3 0 16.8-8 16.1-17.3-8.4-110.1-96.5-198.2-206.6-206.7z\"><\/path><\/svg>\t\t\t<\/a>\n\t\t<\/li>\n\t<\/ul>\n\t\t\t\t\t\t\t<\/div>\n\t\t\t\t\t\t<\/div>\n\t\t\t\t\t<\/div>\n\t\t\t\t<\/div>\n\t\t\t<\/div>\n\t\t\t\t<\/div>\t\t\t\t<\/div>\n\t\t\t\t<\/div>\n\t\t\t\t<div class=\"elementor-element elementor-element-4b9e6519 elementor-widget elementor-widget-elementskit-team\" data-id=\"4b9e6519\" data-element_type=\"widget\" data-e-type=\"widget\" data-widget_type=\"elementskit-team.default\">\n\t\t\t\t<div class=\"elementor-widget-container\">\n\t\t\t\t\t<div class=\"ekit-wid-con\">\t\t\t\t\t\t <div class=\"profile-square-v square-v6 no_gutters\"> \t\t\n\t\t<div class=\"profile-card elementor-animation- text-center ekit-team-style-long_height_details\">\n\t\t\t\t\t\t\t<a aria-label=\"profile\" href=\"javascript:void(0)\" data-mfp-src=\"#ekit_team_modal_4b9e6519_3156\" class=\"ekit-team-popup\">\n\t\t\t\n\t\t\t\t<div class=\"profile-header ekit-team-img \"  data-toggle=\"modal\" data-target=\"ekit_team_modal_#4b9e6519_3156\" >\n\t\t\t\t\t<img loading=\"lazy\" decoding=\"async\" width=\"800\" height=\"800\" src=\"https:\/\/springmeeting.cwfcof.org\/wp-content\/uploads\/2026\/02\/Shawn-McGrath2-1024x1024.png\" class=\"attachment-large size-large wp-image-2817\" alt=\"\" srcset=\"https:\/\/springmeeting.cwfcof.org\/wp-content\/uploads\/2026\/02\/Shawn-McGrath2-1024x1024.png 1024w, https:\/\/springmeeting.cwfcof.org\/wp-content\/uploads\/2026\/02\/Shawn-McGrath2-300x300.png 300w, https:\/\/springmeeting.cwfcof.org\/wp-content\/uploads\/2026\/02\/Shawn-McGrath2-150x150.png 150w, https:\/\/springmeeting.cwfcof.org\/wp-content\/uploads\/2026\/02\/Shawn-McGrath2-768x767.png 768w, https:\/\/springmeeting.cwfcof.org\/wp-content\/uploads\/2026\/02\/Shawn-McGrath2-e1771860131410.png 600w\" sizes=\"(max-width: 800px) 100vw, 800px\" \/>\t\t\t\t<\/div><!-- .profile-header END -->\n\t\t\t\t\t\t\t<\/a>\n\t\t\t\n\n\t\t\t\t<div class=\"profile-body\">\n\t\t\t\t\t\n\t\t\t\t\t<h2 class=\"profile-title\">\n\t\t\t\t\t\t\t\t\t\t\t<a aria-label=\"profile\" href=\"javascript:void(0)\" data-mfp-src=\"#ekit_team_modal_4b9e6519_3156\" class=\"ekit-team-popup\">\n\t\t\t\t\t\tShawn McGrath\t\t\t\t\t\t<\/a>\n\t\t\t\t\t\t\t\t\t\t\t<\/h2>\n\t\t\t\t\t<p class=\"profile-designation\">Loupra, PDG<\/p>\n\t\t\t\t\t\t\t\t\t\t<p class=\"profile-content\">Pr\u00e9sentation de la session 3 Connecter le secteur forestier : Outils num\u00e9riques et bas\u00e9s sur l'IA pour l'engagement des bois\u00e9s et les march\u00e9s intelligents sur le plan climatique<\/p>\n\t\t\t\t\t\t\t\t\t<\/div><!-- .profile-body END -->\n\n\t\t\t\t\t\t\t\t\t<div class=\"profile-footer\">\n\t\t\t\t\t\t<ul class=\"ekit-team-social-list\">\n\t\t\t<li class=\"elementor-repeater-item-b37fad5\">\n\t\t\t<a href=\"https:\/\/facebook.com\" aria-label=\"Facebook\">\n\t\t\t\t<i aria-hidden=\"true\" class=\"icon icon-facebook\"><\/i>\t\t\t<\/a>\n\t\t<\/li>\n\t\t\t<li class=\"elementor-repeater-item-1a3ab10\">\n\t\t\t<a href=\"https:\/\/twitter.com\" aria-label=\"Twitter\">\n\t\t\t\t<i aria-hidden=\"true\" class=\"icon icon-twitter\"><\/i>\t\t\t<\/a>\n\t\t<\/li>\n\t\t\t<li class=\"elementor-repeater-item-7f57670\">\n\t\t\t<a href=\"https:\/\/linkedin.com\" aria-label=\"LinkedIn\">\n\t\t\t\t<i aria-hidden=\"true\" class=\"icon icon-linkedin\"><\/i>\t\t\t<\/a>\n\t\t<\/li>\n\t\t\t<li class=\"elementor-repeater-item-b34c390\">\n\t\t\t<a href=\"https:\/\/www.loupra.io\/\" aria-label=\"Blog\">\n\t\t\t\t<svg aria-hidden=\"true\" class=\"e-font-icon-svg e-fas-blog\" viewBox=\"0 0 512 512\" xmlns=\"http:\/\/www.w3.org\/2000\/svg\"><path d=\"M172.2 226.8c-14.6-2.9-28.2 8.9-28.2 23.8V301c0 10.2 7.1 18.4 16.7 22 18.2 6.8 31.3 24.4 31.3 45 0 26.5-21.5 48-48 48s-48-21.5-48-48V120c0-13.3-10.7-24-24-24H24c-13.3 0-24 10.7-24 24v248c0 89.5 82.1 160.2 175 140.7 54.4-11.4 98.3-55.4 109.7-109.7 17.4-82.9-37-157.2-112.5-172.2zM209 0c-9.2-.5-17 6.8-17 16v31.6c0 8.5 6.6 15.5 15 15.9 129.4 7 233.4 112 240.9 241.5.5 8.4 7.5 15 15.9 15h32.1c9.2 0 16.5-7.8 16-17C503.4 139.8 372.2 8.6 209 0zm.3 96c-9.3-.7-17.3 6.7-17.3 16.1v32.1c0 8.4 6.5 15.3 14.8 15.9 76.8 6.3 138 68.2 144.9 145.2.8 8.3 7.6 14.7 15.9 14.7h32.2c9.3 0 16.8-8 16.1-17.3-8.4-110.1-96.5-198.2-206.6-206.7z\"><\/path><\/svg>\t\t\t<\/a>\n\t\t<\/li>\n\t<\/ul>\n\t\t\t\t\t<\/div>\n\t\t\t\t\t\t\t\t\t<\/div>\n\t\t\t\t <\/div> \t\t\t\n\t\t\t\n\t\t\t\t\t<div class=\"zoom-anim-dialog mfp-hide elementskit-team-popup team-popup-id-4b9e6519\" id=\"ekit_team_modal_4b9e6519_3156\" tabindex=\"-1\" role=\"dialog\" aria-modal=\"true\">\n\t\t\t\t<div class=\"modal-dialog modal-dialog-centered\" role=\"document\">\n\t\t\t\t\t<div class=\"modal-content\">\n\t\t\t\t\t\t<button type=\"button\" class=\"ekit-team-modal-close\">\n\t\t\t\t\t\t\t<svg aria-hidden=\"true\" class=\"e-font-icon-svg e-fas-times\" viewBox=\"0 0 352 512\" xmlns=\"http:\/\/www.w3.org\/2000\/svg\"><path d=\"M242.72 256l100.07-100.07c12.28-12.28 12.28-32.19 0-44.48l-22.24-22.24c-12.28-12.28-32.19-12.28-44.48 0L176 189.28 75.93 89.21c-12.28-12.28-32.19-12.28-44.48 0L9.21 111.45c-12.28 12.28-12.28 32.19 0 44.48L109.28 256 9.21 356.07c-12.28 12.28-12.28 32.19 0 44.48l22.24 22.24c12.28 12.28 32.2 12.28 44.48 0L176 322.72l100.07 100.07c12.28 12.28 32.2 12.28 44.48 0l22.24-22.24c12.28-12.28 12.28-32.19 0-44.48L242.72 256z\"><\/path><\/svg>\t\t\t\t\t\t<\/button>\n\n\t\t\t\t\t\t<div class=\"modal-body\">\n\t\t\t\t\t\t\t\t\t\t\t\t\t\t\t<div class=\"ekit-team-modal-img\">\n\t\t\t\t\t\t\t\t\t<img loading=\"lazy\" decoding=\"async\" width=\"800\" height=\"800\" src=\"https:\/\/springmeeting.cwfcof.org\/wp-content\/uploads\/2026\/02\/Shawn-McGrath2-1024x1024.png\" class=\"attachment-large size-large wp-image-2817\" alt=\"\" srcset=\"https:\/\/springmeeting.cwfcof.org\/wp-content\/uploads\/2026\/02\/Shawn-McGrath2-1024x1024.png 1024w, https:\/\/springmeeting.cwfcof.org\/wp-content\/uploads\/2026\/02\/Shawn-McGrath2-300x300.png 300w, https:\/\/springmeeting.cwfcof.org\/wp-content\/uploads\/2026\/02\/Shawn-McGrath2-150x150.png 150w, https:\/\/springmeeting.cwfcof.org\/wp-content\/uploads\/2026\/02\/Shawn-McGrath2-768x767.png 768w, https:\/\/springmeeting.cwfcof.org\/wp-content\/uploads\/2026\/02\/Shawn-McGrath2-e1771860131410.png 600w\" sizes=\"(max-width: 800px) 100vw, 800px\" \/>\t\t\t\t\t\t\t\t<\/div>\n\t\t\t\t\t\t\t\n\t\t\t\t\t\t\t<div class=\"ekit-team-modal-info has-img\">\n\t\t\t\t\t\t\t\t<h2 class=\"ekit-team-modal-title\">Shawn McGrath<\/h2>\n\t\t\t\t\t\t\t\t<p class=\"ekit-team-modal-position\">Loupra, PDG<\/p>\n\n\t\t\t\t\t\t\t\t<div class=\"ekit-team-modal-content\">\n\t\t\t\t\t\t\t\t\tShawn McGrath est un professionnel de la foresterie et des \u00e9nergies renouvelables qui a pr\u00e8s de 20 ans d'exp\u00e9rience dans les op\u00e9rations foresti\u00e8res, les cha\u00eenes d'approvisionnement en bois et la gestion des terres priv\u00e9es au Canada. Il est cofondateur et directeur de Loupra, une entreprise de technologie foresti\u00e8re qui d\u00e9veloppe des outils num\u00e9riques et IA pratiques pour soutenir les op\u00e9rations foresti\u00e8res tout en permettant des voies commerciales pour une foresterie intelligente face au climat. <\/p>\n\n<p>L'exp\u00e9rience de Shawn comprend des r\u00f4les op\u00e9rationnels de haut niveau au sein d'ACFOR Forestry and Energy, la gestion de reboisements \u00e0 grande \u00e9chelle et le leadership au sein d'offices de commercialisation de bois\u00e9s priv\u00e9s, o\u00f9 il a travaill\u00e9 directement avec des entrepreneurs forestiers, des usines, des propri\u00e9taires fonciers et des agences publiques. Son travail est ancr\u00e9 dans les syst\u00e8mes forestiers du monde r\u00e9el et vise \u00e0 am\u00e9liorer la coordination, la transparence et la confiance dans le secteur forestier, tout en rendant la valeur climatique des for\u00eats mesurable et cr\u00e9dible. <\/p>\n\n<b>D\u00e9tails de la pr\u00e9sentation :<\/b>\n\n<p>Cette pr\u00e9sentation d\u00e9montrera comment les plateformes num\u00e9riques et bas\u00e9es sur l'IA peuvent aider \u00e0 mieux connecter les propri\u00e9taires de bois\u00e9s priv\u00e9s, les fournisseurs de services forestiers et les march\u00e9s du bois dans un secteur forestier plus coordonn\u00e9 et plus efficace. S'appuyant sur une exp\u00e9rience op\u00e9rationnelle r\u00e9elle, Shawn McGrath pr\u00e9sentera Extend et Fractional Forester, deux outils Loupra con\u00e7us pour am\u00e9liorer l'engagement des propri\u00e9taires fonciers, rationaliser l'acc\u00e8s \u00e0 des services tels que la r\u00e9colte, la planification et la sylviculture, et connecter les for\u00eats aux opportunit\u00e9s des march\u00e9s \u00e9mergents. <\/p>\n\n<p>La session explorera comment une meilleure int\u00e9gration des donn\u00e9es et des flux de travail soutenus par l'IA peuvent r\u00e9duire les frictions tout au long de la cha\u00eene d'approvisionnement tout en permettant une gestion foresti\u00e8re align\u00e9e sur le climat. En rendant les activit\u00e9s foresti\u00e8res plus visibles, mesurables et v\u00e9rifiables, ces outils soutiennent les voies commerciales pour une foresterie intelligente sur le plan climatique, ancr\u00e9e dans les r\u00e9alit\u00e9s op\u00e9rationnelles et la demande du march\u00e9. <\/p>\t\t\t\t\t\t\t\t<\/div>\n\n\t\t\t\t\t\t\t\t\t\t\t\t\t\t\t\t\t<ul class=\"ekit-team-modal-list\">\n\t\t\t\t\t\t\t\t\t\t\n\t\t\t\t\t\t\t\t\t\t\t\t\t\t\t\t\t\t\t\t\t<li><strong>Email:<\/strong><a href=\"mailto:shawn.mcgrath@acfor.ca\">shawn.mcgrath@acfor.ca<\/a><\/li>\n\t\t\t\t\t\t\t\t\t\t\t\t\t\t\t\t\t\t\t<\/ul>\n\t\t\t\t\t\t\t\t\n\t\t\t\t\t\t\t\t<ul class=\"ekit-team-social-list\">\n\t\t\t<li class=\"elementor-repeater-item-b37fad5\">\n\t\t\t<a href=\"https:\/\/facebook.com\" aria-label=\"Facebook\">\n\t\t\t\t<i aria-hidden=\"true\" class=\"icon icon-facebook\"><\/i>\t\t\t<\/a>\n\t\t<\/li>\n\t\t\t<li class=\"elementor-repeater-item-1a3ab10\">\n\t\t\t<a href=\"https:\/\/twitter.com\" aria-label=\"Twitter\">\n\t\t\t\t<i aria-hidden=\"true\" class=\"icon icon-twitter\"><\/i>\t\t\t<\/a>\n\t\t<\/li>\n\t\t\t<li class=\"elementor-repeater-item-7f57670\">\n\t\t\t<a href=\"https:\/\/linkedin.com\" aria-label=\"LinkedIn\">\n\t\t\t\t<i aria-hidden=\"true\" class=\"icon icon-linkedin\"><\/i>\t\t\t<\/a>\n\t\t<\/li>\n\t\t\t<li class=\"elementor-repeater-item-b34c390\">\n\t\t\t<a href=\"https:\/\/www.loupra.io\/\" aria-label=\"Blog\">\n\t\t\t\t<svg aria-hidden=\"true\" class=\"e-font-icon-svg e-fas-blog\" viewBox=\"0 0 512 512\" xmlns=\"http:\/\/www.w3.org\/2000\/svg\"><path d=\"M172.2 226.8c-14.6-2.9-28.2 8.9-28.2 23.8V301c0 10.2 7.1 18.4 16.7 22 18.2 6.8 31.3 24.4 31.3 45 0 26.5-21.5 48-48 48s-48-21.5-48-48V120c0-13.3-10.7-24-24-24H24c-13.3 0-24 10.7-24 24v248c0 89.5 82.1 160.2 175 140.7 54.4-11.4 98.3-55.4 109.7-109.7 17.4-82.9-37-157.2-112.5-172.2zM209 0c-9.2-.5-17 6.8-17 16v31.6c0 8.5 6.6 15.5 15 15.9 129.4 7 233.4 112 240.9 241.5.5 8.4 7.5 15 15.9 15h32.1c9.2 0 16.5-7.8 16-17C503.4 139.8 372.2 8.6 209 0zm.3 96c-9.3-.7-17.3 6.7-17.3 16.1v32.1c0 8.4 6.5 15.3 14.8 15.9 76.8 6.3 138 68.2 144.9 145.2.8 8.3 7.6 14.7 15.9 14.7h32.2c9.3 0 16.8-8 16.1-17.3-8.4-110.1-96.5-198.2-206.6-206.7z\"><\/path><\/svg>\t\t\t<\/a>\n\t\t<\/li>\n\t<\/ul>\n\t\t\t\t\t\t\t<\/div>\n\t\t\t\t\t\t<\/div>\n\t\t\t\t\t<\/div>\n\t\t\t\t<\/div>\n\t\t\t<\/div>\n\t\t\t\t<\/div>\t\t\t\t<\/div>\n\t\t\t\t<\/div>\n\t\t\t\t<div class=\"elementor-element elementor-element-5666c5a elementor-widget elementor-widget-elementskit-team\" data-id=\"5666c5a\" data-element_type=\"widget\" data-e-type=\"widget\" data-widget_type=\"elementskit-team.default\">\n\t\t\t\t<div class=\"elementor-widget-container\">\n\t\t\t\t\t<div class=\"ekit-wid-con\">\t\t\t\t\t\t <div class=\"profile-square-v square-v6 no_gutters\"> \t\t\n\t\t<div class=\"profile-card elementor-animation- text-center ekit-team-style-long_height_details\">\n\t\t\t\t\t\t\t<a aria-label=\"profile\" href=\"javascript:void(0)\" data-mfp-src=\"#ekit_team_modal_5666c5a_3156\" class=\"ekit-team-popup\">\n\t\t\t\n\t\t\t\t<div class=\"profile-header ekit-team-img \"  data-toggle=\"modal\" data-target=\"ekit_team_modal_#5666c5a_3156\" >\n\t\t\t\t\t<img loading=\"lazy\" decoding=\"async\" width=\"600\" height=\"597\" src=\"https:\/\/springmeeting.cwfcof.org\/wp-content\/uploads\/2026\/02\/Rob-Johns2-e1771860119814.png\" class=\"attachment-large size-large wp-image-2816\" alt=\"\" \/>\t\t\t\t<\/div><!-- .profile-header END -->\n\t\t\t\t\t\t\t<\/a>\n\t\t\t\n\n\t\t\t\t<div class=\"profile-body\">\n\t\t\t\t\t\n\t\t\t\t\t<h2 class=\"profile-title\">\n\t\t\t\t\t\t\t\t\t\t\t<a aria-label=\"profile\" href=\"javascript:void(0)\" data-mfp-src=\"#ekit_team_modal_5666c5a_3156\" class=\"ekit-team-popup\">\n\t\t\t\t\t\tRob Johns\t\t\t\t\t\t<\/a>\n\t\t\t\t\t\t\t\t\t\t\t<\/h2>\n\t\t\t\t\t<p class=\"profile-designation\">Service canadien des for\u00eats, \u00e9cologiste des insectes forestiers<\/p>\n\t\t\t\t\t\t\t\t\t\t<p class=\"profile-content\">Pr\u00e9sentation de la session 5 Pouvons-nous supprimer les \u00e9pid\u00e9mies de tordeuse des bourgeons de l'\u00e9pic\u00e9a ? Une r\u00e9trospective de 10 ans sur l'efficacit\u00e9 de la strat\u00e9gie d'intervention pr\u00e9coce<\/p>\n\t\t\t\t\t\t\t\t\t<\/div><!-- .profile-body END -->\n\n\t\t\t\t\t\t\t\t<\/div>\n\t\t\t\t <\/div> \t\t\t\n\t\t\t\n\t\t\t\t\t<div class=\"zoom-anim-dialog mfp-hide elementskit-team-popup team-popup-id-5666c5a\" id=\"ekit_team_modal_5666c5a_3156\" tabindex=\"-1\" role=\"dialog\" aria-modal=\"true\">\n\t\t\t\t<div class=\"modal-dialog modal-dialog-centered\" role=\"document\">\n\t\t\t\t\t<div class=\"modal-content\">\n\t\t\t\t\t\t<button type=\"button\" class=\"ekit-team-modal-close\">\n\t\t\t\t\t\t\t<svg aria-hidden=\"true\" class=\"e-font-icon-svg e-fas-times\" viewBox=\"0 0 352 512\" xmlns=\"http:\/\/www.w3.org\/2000\/svg\"><path d=\"M242.72 256l100.07-100.07c12.28-12.28 12.28-32.19 0-44.48l-22.24-22.24c-12.28-12.28-32.19-12.28-44.48 0L176 189.28 75.93 89.21c-12.28-12.28-32.19-12.28-44.48 0L9.21 111.45c-12.28 12.28-12.28 32.19 0 44.48L109.28 256 9.21 356.07c-12.28 12.28-12.28 32.19 0 44.48l22.24 22.24c12.28 12.28 32.2 12.28 44.48 0L176 322.72l100.07 100.07c12.28 12.28 32.2 12.28 44.48 0l22.24-22.24c12.28-12.28 12.28-32.19 0-44.48L242.72 256z\"><\/path><\/svg>\t\t\t\t\t\t<\/button>\n\n\t\t\t\t\t\t<div class=\"modal-body\">\n\t\t\t\t\t\t\t\t\t\t\t\t\t\t\t<div class=\"ekit-team-modal-img\">\n\t\t\t\t\t\t\t\t\t<img loading=\"lazy\" decoding=\"async\" width=\"600\" height=\"597\" src=\"https:\/\/springmeeting.cwfcof.org\/wp-content\/uploads\/2026\/02\/Rob-Johns2-e1771860119814.png\" class=\"attachment-large size-large wp-image-2816\" alt=\"\" \/>\t\t\t\t\t\t\t\t<\/div>\n\t\t\t\t\t\t\t\n\t\t\t\t\t\t\t<div class=\"ekit-team-modal-info has-img\">\n\t\t\t\t\t\t\t\t<h2 class=\"ekit-team-modal-title\">Rob Johns<\/h2>\n\t\t\t\t\t\t\t\t<p class=\"ekit-team-modal-position\">Service canadien des for\u00eats, \u00e9cologiste des insectes forestiers<\/p>\n\n\t\t\t\t\t\t\t\t<div class=\"ekit-team-modal-content\">\n\t\t\t\t\t\t\t\t\tRob est chercheur au Service canadien des for\u00eats et a \u00e9t\u00e9 chef de projet dans le d\u00e9veloppement de la strat\u00e9gie d'intervention pr\u00e9coce de la tordeuse des bourgeons de l'\u00e9pic\u00e9a.<\/p>\n\n<b>D\u00e9tails de la pr\u00e9sentation :<\/b>\n\n<p>Je parlerai de ce que nous avons appris sur la suppression des \u00e9pid\u00e9mies de tordeuse des bourgeons de l'\u00e9pinette au Nouveau-Brunswick.<\/p>\t\t\t\t\t\t\t\t<\/div>\n\n\t\t\t\t\t\t\t\t\t\t\t\t\t\t\t\t\t<ul class=\"ekit-team-modal-list\">\n\t\t\t\t\t\t\t\t\t\t\n\t\t\t\t\t\t\t\t\t\t\t\t\t\t\t\t\t\t\t\t\t<li><strong>Email:<\/strong><a href=\"mailto:rob.johns@nrcan-rncan.gc.ca\">rob.johns@nrcan-rncan.gc.ca<\/a><\/li>\n\t\t\t\t\t\t\t\t\t\t\t\t\t\t\t\t\t\t\t<\/ul>\n\t\t\t\t\t\t\t\t\n\t\t\t\t\t\t\t\t\t\t\t\t\t\t\t<\/div>\n\t\t\t\t\t\t<\/div>\n\t\t\t\t\t<\/div>\n\t\t\t\t<\/div>\n\t\t\t<\/div>\n\t\t\t\t<\/div>\t\t\t\t<\/div>\n\t\t\t\t<\/div>\n\t\t\t\t<div class=\"elementor-element elementor-element-6241cdc8 elementor-widget elementor-widget-elementskit-team\" data-id=\"6241cdc8\" data-element_type=\"widget\" data-e-type=\"widget\" data-widget_type=\"elementskit-team.default\">\n\t\t\t\t<div class=\"elementor-widget-container\">\n\t\t\t\t\t<div class=\"ekit-wid-con\">\t\t\t\t\t\t <div class=\"profile-square-v square-v6 no_gutters\"> \t\t\n\t\t<div class=\"profile-card elementor-animation- text-center ekit-team-style-long_height_details\">\n\t\t\t\t\t\t\t<a aria-label=\"profile\" href=\"javascript:void(0)\" data-mfp-src=\"#ekit_team_modal_6241cdc8_3156\" class=\"ekit-team-popup\">\n\t\t\t\n\t\t\t\t<div class=\"profile-header ekit-team-img \"  data-toggle=\"modal\" data-target=\"ekit_team_modal_#6241cdc8_3156\" >\n\t\t\t\t\t<img loading=\"lazy\" decoding=\"async\" width=\"600\" height=\"599\" src=\"https:\/\/springmeeting.cwfcof.org\/wp-content\/uploads\/2026\/03\/Lucas2--e1773762880581.png\" class=\"attachment-large size-large wp-image-3163\" alt=\"\" \/>\t\t\t\t<\/div><!-- .profile-header END -->\n\t\t\t\t\t\t\t<\/a>\n\t\t\t\n\n\t\t\t\t<div class=\"profile-body\">\n\t\t\t\t\t\n\t\t\t\t\t<h2 class=\"profile-title\">\n\t\t\t\t\t\t\t\t\t\t\t<a aria-label=\"profile\" href=\"javascript:void(0)\" data-mfp-src=\"#ekit_team_modal_6241cdc8_3156\" class=\"ekit-team-popup\">\n\t\t\t\t\t\tLucas Brehaut\t\t\t\t\t\t<\/a>\n\t\t\t\t\t\t\t\t\t\t\t<\/h2>\n\t\t\t\t\t<p class=\"profile-designation\">Chercheur scientifique, Ressources naturelles Canada<\/p>\n\t\t\t\t\t\t\t\t\t\t<p class=\"profile-content\">Pr\u00e9sentation \u00e0 la session 5 \"Wildfire Futures in Atlantic Canada\" (avenir des incendies de for\u00eat au Canada atlantique) : Science, collaboration et action (discussion en groupe)<\/p>\n\t\t\t\t\t\t\t\t\t<\/div><!-- .profile-body END -->\n\n\t\t\t\t\t\t\t\t<\/div>\n\t\t\t\t <\/div> \t\t\t\n\t\t\t\n\t\t\t\t\t<div class=\"zoom-anim-dialog mfp-hide elementskit-team-popup team-popup-id-6241cdc8\" id=\"ekit_team_modal_6241cdc8_3156\" tabindex=\"-1\" role=\"dialog\" aria-modal=\"true\">\n\t\t\t\t<div class=\"modal-dialog modal-dialog-centered\" role=\"document\">\n\t\t\t\t\t<div class=\"modal-content\">\n\t\t\t\t\t\t<button type=\"button\" class=\"ekit-team-modal-close\">\n\t\t\t\t\t\t\t<svg aria-hidden=\"true\" class=\"e-font-icon-svg e-fas-times\" viewBox=\"0 0 352 512\" xmlns=\"http:\/\/www.w3.org\/2000\/svg\"><path d=\"M242.72 256l100.07-100.07c12.28-12.28 12.28-32.19 0-44.48l-22.24-22.24c-12.28-12.28-32.19-12.28-44.48 0L176 189.28 75.93 89.21c-12.28-12.28-32.19-12.28-44.48 0L9.21 111.45c-12.28 12.28-12.28 32.19 0 44.48L109.28 256 9.21 356.07c-12.28 12.28-12.28 32.19 0 44.48l22.24 22.24c12.28 12.28 32.2 12.28 44.48 0L176 322.72l100.07 100.07c12.28 12.28 32.2 12.28 44.48 0l22.24-22.24c12.28-12.28 12.28-32.19 0-44.48L242.72 256z\"><\/path><\/svg>\t\t\t\t\t\t<\/button>\n\n\t\t\t\t\t\t<div class=\"modal-body\">\n\t\t\t\t\t\t\t\t\t\t\t\t\t\t\t<div class=\"ekit-team-modal-img\">\n\t\t\t\t\t\t\t\t\t<img loading=\"lazy\" decoding=\"async\" width=\"600\" height=\"599\" src=\"https:\/\/springmeeting.cwfcof.org\/wp-content\/uploads\/2026\/03\/Lucas2--e1773762880581.png\" class=\"attachment-large size-large wp-image-3163\" alt=\"\" \/>\t\t\t\t\t\t\t\t<\/div>\n\t\t\t\t\t\t\t\n\t\t\t\t\t\t\t<div class=\"ekit-team-modal-info has-img\">\n\t\t\t\t\t\t\t\t<h2 class=\"ekit-team-modal-title\">Lucas Brehaut<\/h2>\n\t\t\t\t\t\t\t\t<p class=\"ekit-team-modal-position\">Chercheur scientifique, Ressources naturelles Canada<\/p>\n\n\t\t\t\t\t\t\t\t<div class=\"ekit-team-modal-content\">\n\t\t\t\t\t\t\t\t\tLucas Brehaut est chercheur en r\u00e9silience aux incendies de for\u00eat au sein du Service canadien des for\u00eats - Ressources naturelles Canada, bas\u00e9 \u00e0 Corner Brook, Terre-Neuve. Une grande partie de ses recherches actuelles porte sur la compr\u00e9hension du risque d'incendie \u00e0 travers la disponibilit\u00e9 des combustibles, ainsi que sur la fa\u00e7on dont les for\u00eats se r\u00e9tablissent apr\u00e8s un incendie.   <\/p>\n\n<b>D\u00e9tails de la pr\u00e9sentation :<\/b>\n<p>Ce panel explorera l'\u00e9volution du paysage des feux de for\u00eat dans le Canada atlantique et les initiatives innovantes en cours pour renforcer la r\u00e9silience r\u00e9gionale. Des experts du Service canadien des for\u00eats, du minist\u00e8re des ressources naturelles du Nouveau-Brunswick et de l'\u00e9quipe de pompiers ab\u00e9naquis partageront leurs points de vue sur les tendances en mati\u00e8re d'incendies de for\u00eat li\u00e9s au climat, sur la saison des incendies 2025 et sur les nouvelles approches en mati\u00e8re de gestion des incendies de for\u00eat. Les discussions porteront sur le projet exp\u00e9rimental de br\u00fblage dirig\u00e9 du Laboratoire vivant de l'Atlantique, les le\u00e7ons op\u00e9rationnelles des \u00e9quipes de pompiers autochtones et les nouvelles recherches sur l'\u00e9valuation des risques et la cartographie des combustibles afin d'\u00e9clairer la prise de d\u00e9cision future.  <\/p>\t\t\t\t\t\t\t\t<\/div>\n\n\t\t\t\t\t\t\t\t\t\t\t\t\t\t\t\t\t<ul class=\"ekit-team-modal-list\">\n\t\t\t\t\t\t\t\t\t\t\n\t\t\t\t\t\t\t\t\t\t\t\t\t\t\t\t\t\t\t\t\t<li><strong>Email:<\/strong><a href=\"mailto:lucas.brehaut@nrcan-rncan.gc.ca\">lucas.brehaut@nrcan-rncan.gc.ca<\/a><\/li>\n\t\t\t\t\t\t\t\t\t\t\t\t\t\t\t\t\t\t\t<\/ul>\n\t\t\t\t\t\t\t\t\n\t\t\t\t\t\t\t\t\t\t\t\t\t\t\t<\/div>\n\t\t\t\t\t\t<\/div>\n\t\t\t\t\t<\/div>\n\t\t\t\t<\/div>\n\t\t\t<\/div>\n\t\t\t\t<\/div>\t\t\t\t<\/div>\n\t\t\t\t<\/div>\n\t\t\t\t<div class=\"elementor-element elementor-element-17fad0bc elementor-widget elementor-widget-elementskit-team\" data-id=\"17fad0bc\" data-element_type=\"widget\" data-e-type=\"widget\" data-widget_type=\"elementskit-team.default\">\n\t\t\t\t<div class=\"elementor-widget-container\">\n\t\t\t\t\t<div class=\"ekit-wid-con\">\t\t\t\t\t\t <div class=\"profile-square-v square-v6 no_gutters\"> \t\t\n\t\t<div class=\"profile-card elementor-animation- text-center ekit-team-style-long_height_details\">\n\t\t\t\t\t\t\t<a aria-label=\"profile\" href=\"javascript:void(0)\" data-mfp-src=\"#ekit_team_modal_17fad0bc_3156\" class=\"ekit-team-popup\">\n\t\t\t\n\t\t\t\t<div class=\"profile-header ekit-team-img \"  data-toggle=\"modal\" data-target=\"ekit_team_modal_#17fad0bc_3156\" >\n\t\t\t\t\t<img loading=\"lazy\" decoding=\"async\" width=\"400\" height=\"400\" src=\"https:\/\/springmeeting.cwfcof.org\/wp-content\/uploads\/2026\/02\/ChavardesR.png\" class=\"attachment-large size-large wp-image-2922\" alt=\"\" srcset=\"https:\/\/springmeeting.cwfcof.org\/wp-content\/uploads\/2026\/02\/ChavardesR.png 400w, https:\/\/springmeeting.cwfcof.org\/wp-content\/uploads\/2026\/02\/ChavardesR-300x300.png 300w, https:\/\/springmeeting.cwfcof.org\/wp-content\/uploads\/2026\/02\/ChavardesR-150x150.png 150w\" sizes=\"(max-width: 400px) 100vw, 400px\" \/>\t\t\t\t<\/div><!-- .profile-header END -->\n\t\t\t\t\t\t\t<\/a>\n\t\t\t\n\n\t\t\t\t<div class=\"profile-body\">\n\t\t\t\t\t\n\t\t\t\t\t<h2 class=\"profile-title\">\n\t\t\t\t\t\t\t\t\t\t\t<a aria-label=\"profile\" href=\"javascript:void(0)\" data-mfp-src=\"#ekit_team_modal_17fad0bc_3156\" class=\"ekit-team-popup\">\n\t\t\t\t\t\tRapha\u00ebl Chavardes\t\t\t\t\t\t<\/a>\n\t\t\t\t\t\t\t\t\t\t\t<\/h2>\n\t\t\t\t\t<p class=\"profile-designation\">Ressources naturelles Canada, Chercheur scientifique - Risque d&#039;incendie et r\u00e9silience<\/p>\n\t\t\t\t\t\t\t\t\t\t<p class=\"profile-content\">Pr\u00e9sentations lors de la session 5 : aper\u00e7u des incendies de v\u00e9g\u00e9tation et des recherches en cours dans l'Atlantique<\/p>\n\t\t\t\t\t\t\t\t\t<\/div><!-- .profile-body END -->\n\n\t\t\t\t\t\t\t\t<\/div>\n\t\t\t\t <\/div> \t\t\t\n\t\t\t\n\t\t\t\t\t<div class=\"zoom-anim-dialog mfp-hide elementskit-team-popup team-popup-id-17fad0bc\" id=\"ekit_team_modal_17fad0bc_3156\" tabindex=\"-1\" role=\"dialog\" aria-modal=\"true\">\n\t\t\t\t<div class=\"modal-dialog modal-dialog-centered\" role=\"document\">\n\t\t\t\t\t<div class=\"modal-content\">\n\t\t\t\t\t\t<button type=\"button\" class=\"ekit-team-modal-close\">\n\t\t\t\t\t\t\t<svg aria-hidden=\"true\" class=\"e-font-icon-svg e-fas-times\" viewBox=\"0 0 352 512\" xmlns=\"http:\/\/www.w3.org\/2000\/svg\"><path d=\"M242.72 256l100.07-100.07c12.28-12.28 12.28-32.19 0-44.48l-22.24-22.24c-12.28-12.28-32.19-12.28-44.48 0L176 189.28 75.93 89.21c-12.28-12.28-32.19-12.28-44.48 0L9.21 111.45c-12.28 12.28-12.28 32.19 0 44.48L109.28 256 9.21 356.07c-12.28 12.28-12.28 32.19 0 44.48l22.24 22.24c12.28 12.28 32.2 12.28 44.48 0L176 322.72l100.07 100.07c12.28 12.28 32.2 12.28 44.48 0l22.24-22.24c12.28-12.28 12.28-32.19 0-44.48L242.72 256z\"><\/path><\/svg>\t\t\t\t\t\t<\/button>\n\n\t\t\t\t\t\t<div class=\"modal-body\">\n\t\t\t\t\t\t\t\t\t\t\t\t\t\t\t<div class=\"ekit-team-modal-img\">\n\t\t\t\t\t\t\t\t\t<img loading=\"lazy\" decoding=\"async\" width=\"400\" height=\"400\" src=\"https:\/\/springmeeting.cwfcof.org\/wp-content\/uploads\/2026\/02\/ChavardesR.png\" class=\"attachment-large size-large wp-image-2922\" alt=\"\" srcset=\"https:\/\/springmeeting.cwfcof.org\/wp-content\/uploads\/2026\/02\/ChavardesR.png 400w, https:\/\/springmeeting.cwfcof.org\/wp-content\/uploads\/2026\/02\/ChavardesR-300x300.png 300w, https:\/\/springmeeting.cwfcof.org\/wp-content\/uploads\/2026\/02\/ChavardesR-150x150.png 150w\" sizes=\"(max-width: 400px) 100vw, 400px\" \/>\t\t\t\t\t\t\t\t<\/div>\n\t\t\t\t\t\t\t\n\t\t\t\t\t\t\t<div class=\"ekit-team-modal-info has-img\">\n\t\t\t\t\t\t\t\t<h2 class=\"ekit-team-modal-title\">Rapha\u00ebl Chavardes<\/h2>\n\t\t\t\t\t\t\t\t<p class=\"ekit-team-modal-position\">Ressources naturelles Canada, Chercheur scientifique - Risque d&#039;incendie et r\u00e9silience<\/p>\n\n\t\t\t\t\t\t\t\t<div class=\"ekit-team-modal-content\">\n\t\t\t\t\t\t\t\t\tL'int\u00e9r\u00eat de Rapha\u00ebl pour la science du feu remonte \u00e0 ses \u00e9tudes \u00e0 l'universit\u00e9 de Colombie-Britannique, o\u00f9 il a reconstitu\u00e9 les r\u00e9gimes de feu et test\u00e9 les associations entre le feu et le climat dans les for\u00eats saisonni\u00e8rement s\u00e8ches de l'ouest du Canada, y compris les for\u00eats montagnardes du parc national de Jasper. Pendant ses \u00e9tudes postdoctorales \u00e0 l'Universit\u00e9 du Qu\u00e9bec en Abitibi-T\u00e9miscamingue, Raphael a poursuivi ses recherches sur les r\u00e9gimes de feu dans des for\u00eats s\u00e8ches similaires de l'ouest de l'Am\u00e9rique du Nord et dans les for\u00eats bor\u00e9ales du Canada. Il a ensuite rejoint le Service canadien des for\u00eats (SCF) en tant qu'analyste de recherche pour reconstruire les r\u00e9gimes d'incendie locaux et mod\u00e9liser la propagation des incendies avec des estimations des taux de perte des structures r\u00e9sidentielles dans les for\u00eats ab\u00e9naquises-acadiennes.   Raphael travaille actuellement au CSA en tant que chercheur scientifique sur les risques d'incendie et la r\u00e9silience.  <\/p>\n\n<b>D\u00e9tails de la pr\u00e9sentation :<\/b>\n<p>Cette pr\u00e9sentation d\u00e9crira les d\u00e9fis de la gestion des feux de for\u00eat dans la r\u00e9gion atlantique du Canada et les recherches en cours pour relever ces d\u00e9fis en utilisant une approche de \"l'ensemble de la soci\u00e9t\u00e9\", notamment en mettant en \u00e9vidence les nombreux acteurs qui soutiennent les efforts pour mener la recherche et minimiser les impacts sur les communaut\u00e9s locales. Les recherches pr\u00e9sent\u00e9es mettront en \u00e9vidence l'importance 1) l'\u00e9valuation des types de combustibles v\u00e9g\u00e9taux, la r\u00e9g\u00e9n\u00e9ration des peuplements forestiers apr\u00e8s un incendie et la reconstitution du r\u00e9gime des incendies \u00e0 l'aide de la pal\u00e9o\u00e9cologie, 2) la r\u00e9alisation de br\u00fblages exp\u00e9rimentaux pour observer le comportement des incendies dans les types de combustibles r\u00e9gionaux, les simulations d'incendie pour tester les mod\u00e8les d'\u00e9vacuation et les analyses statistiques pour documenter la saison des incendies record de 2025 dans la r\u00e9gion atlantique, et 3) l'application de l'apprentissage automatique pour comprendre comment les conditions m\u00e9t\u00e9orologiques influencent les groupes d'incendies provoqu\u00e9s par la foudre.     La pr\u00e9sentation se poursuivra avec des solutions pratiques pour relever certains des d\u00e9fis et combler les lacunes en mati\u00e8re de connaissances.  <\/p>\t\t\t\t\t\t\t\t<\/div>\n\n\t\t\t\t\t\t\t\t\t\t\t\t\t\t\t\t\t<ul class=\"ekit-team-modal-list\">\n\t\t\t\t\t\t\t\t\t\t\n\t\t\t\t\t\t\t\t\t\t\t\t\t\t\t\t\t\t\t\t\t<li><strong>Email:<\/strong><a href=\"mailto:raphael.chavardes@nrcan-rncan.gc.ca\">raphael.chavardes@nrcan-rncan.gc.ca<\/a><\/li>\n\t\t\t\t\t\t\t\t\t\t\t\t\t\t\t\t\t\t\t<\/ul>\n\t\t\t\t\t\t\t\t\n\t\t\t\t\t\t\t\t\t\t\t\t\t\t\t<\/div>\n\t\t\t\t\t\t<\/div>\n\t\t\t\t\t<\/div>\n\t\t\t\t<\/div>\n\t\t\t<\/div>\n\t\t\t\t<\/div>\t\t\t\t<\/div>\n\t\t\t\t<\/div>\n\t\t\t\t<div class=\"elementor-element elementor-element-3bc0a0e7 elementor-widget elementor-widget-elementskit-team\" data-id=\"3bc0a0e7\" data-element_type=\"widget\" data-e-type=\"widget\" data-widget_type=\"elementskit-team.default\">\n\t\t\t\t<div class=\"elementor-widget-container\">\n\t\t\t\t\t<div class=\"ekit-wid-con\">\t\t\t\t\t\t <div class=\"profile-square-v square-v6 no_gutters\"> \t\t\n\t\t<div class=\"profile-card elementor-animation- text-center ekit-team-style-long_height_details\">\n\t\t\t\t\t\t\t<a aria-label=\"profile\" href=\"javascript:void(0)\" data-mfp-src=\"#ekit_team_modal_3bc0a0e7_3156\" class=\"ekit-team-popup\">\n\t\t\t\n\t\t\t\t<div class=\"profile-header ekit-team-img \"  data-toggle=\"modal\" data-target=\"ekit_team_modal_#3bc0a0e7_3156\" >\n\t\t\t\t\t<img loading=\"lazy\" decoding=\"async\" width=\"800\" height=\"802\" src=\"https:\/\/springmeeting.cwfcof.org\/wp-content\/uploads\/2026\/03\/Danny-Goddard-1022x1024.jpg\" class=\"attachment-large size-large wp-image-3126\" alt=\"\" srcset=\"https:\/\/springmeeting.cwfcof.org\/wp-content\/uploads\/2026\/03\/Danny-Goddard-1022x1024.jpg 1022w, https:\/\/springmeeting.cwfcof.org\/wp-content\/uploads\/2026\/03\/Danny-Goddard-300x300.jpg 300w, https:\/\/springmeeting.cwfcof.org\/wp-content\/uploads\/2026\/03\/Danny-Goddard-150x150.jpg 150w, https:\/\/springmeeting.cwfcof.org\/wp-content\/uploads\/2026\/03\/Danny-Goddard-768x770.jpg 768w, https:\/\/springmeeting.cwfcof.org\/wp-content\/uploads\/2026\/03\/Danny-Goddard-1533x1536.jpg 1533w, https:\/\/springmeeting.cwfcof.org\/wp-content\/uploads\/2026\/03\/Danny-Goddard-e1773424151873.jpg 600w\" sizes=\"(max-width: 800px) 100vw, 800px\" \/>\t\t\t\t<\/div><!-- .profile-header END -->\n\t\t\t\t\t\t\t<\/a>\n\t\t\t\n\n\t\t\t\t<div class=\"profile-body\">\n\t\t\t\t\t\n\t\t\t\t\t<h2 class=\"profile-title\">\n\t\t\t\t\t\t\t\t\t\t\t<a aria-label=\"profile\" href=\"javascript:void(0)\" data-mfp-src=\"#ekit_team_modal_3bc0a0e7_3156\" class=\"ekit-team-popup\">\n\t\t\t\t\t\tDanny Goddard\t\t\t\t\t\t<\/a>\n\t\t\t\t\t\t\t\t\t\t\t<\/h2>\n\t\t\t\t\t<p class=\"profile-designation\">Superviseur des services pr\u00e9dictifs, Gestion des incendies de for\u00eat, Ressources naturelles, NB<\/p>\n\t\t\t\t\t\t\t\t\t\t<p class=\"profile-content\">Pr\u00e9sentation de la session 5 Le laboratoire vivant de l'Atlantique<\/p>\n\t\t\t\t\t\t\t\t\t<\/div><!-- .profile-body END -->\n\n\t\t\t\t\t\t\t\t<\/div>\n\t\t\t\t <\/div> \t\t\t\n\t\t\t\n\t\t\t\t\t<div class=\"zoom-anim-dialog mfp-hide elementskit-team-popup team-popup-id-3bc0a0e7\" id=\"ekit_team_modal_3bc0a0e7_3156\" tabindex=\"-1\" role=\"dialog\" aria-modal=\"true\">\n\t\t\t\t<div class=\"modal-dialog modal-dialog-centered\" role=\"document\">\n\t\t\t\t\t<div class=\"modal-content\">\n\t\t\t\t\t\t<button type=\"button\" class=\"ekit-team-modal-close\">\n\t\t\t\t\t\t\t<svg aria-hidden=\"true\" class=\"e-font-icon-svg e-fas-times\" viewBox=\"0 0 352 512\" xmlns=\"http:\/\/www.w3.org\/2000\/svg\"><path d=\"M242.72 256l100.07-100.07c12.28-12.28 12.28-32.19 0-44.48l-22.24-22.24c-12.28-12.28-32.19-12.28-44.48 0L176 189.28 75.93 89.21c-12.28-12.28-32.19-12.28-44.48 0L9.21 111.45c-12.28 12.28-12.28 32.19 0 44.48L109.28 256 9.21 356.07c-12.28 12.28-12.28 32.19 0 44.48l22.24 22.24c12.28 12.28 32.2 12.28 44.48 0L176 322.72l100.07 100.07c12.28 12.28 32.2 12.28 44.48 0l22.24-22.24c12.28-12.28 12.28-32.19 0-44.48L242.72 256z\"><\/path><\/svg>\t\t\t\t\t\t<\/button>\n\n\t\t\t\t\t\t<div class=\"modal-body\">\n\t\t\t\t\t\t\t\t\t\t\t\t\t\t\t<div class=\"ekit-team-modal-img\">\n\t\t\t\t\t\t\t\t\t<img loading=\"lazy\" decoding=\"async\" width=\"800\" height=\"802\" src=\"https:\/\/springmeeting.cwfcof.org\/wp-content\/uploads\/2026\/03\/Danny-Goddard-1022x1024.jpg\" class=\"attachment-large size-large wp-image-3126\" alt=\"\" srcset=\"https:\/\/springmeeting.cwfcof.org\/wp-content\/uploads\/2026\/03\/Danny-Goddard-1022x1024.jpg 1022w, https:\/\/springmeeting.cwfcof.org\/wp-content\/uploads\/2026\/03\/Danny-Goddard-300x300.jpg 300w, https:\/\/springmeeting.cwfcof.org\/wp-content\/uploads\/2026\/03\/Danny-Goddard-150x150.jpg 150w, https:\/\/springmeeting.cwfcof.org\/wp-content\/uploads\/2026\/03\/Danny-Goddard-768x770.jpg 768w, https:\/\/springmeeting.cwfcof.org\/wp-content\/uploads\/2026\/03\/Danny-Goddard-1533x1536.jpg 1533w, https:\/\/springmeeting.cwfcof.org\/wp-content\/uploads\/2026\/03\/Danny-Goddard-e1773424151873.jpg 600w\" sizes=\"(max-width: 800px) 100vw, 800px\" \/>\t\t\t\t\t\t\t\t<\/div>\n\t\t\t\t\t\t\t\n\t\t\t\t\t\t\t<div class=\"ekit-team-modal-info has-img\">\n\t\t\t\t\t\t\t\t<h2 class=\"ekit-team-modal-title\">Danny Goddard<\/h2>\n\t\t\t\t\t\t\t\t<p class=\"ekit-team-modal-position\">Superviseur des services pr\u00e9dictifs, Gestion des incendies de for\u00eat, Ressources naturelles, NB<\/p>\n\n\t\t\t\t\t\t\t\t<div class=\"ekit-team-modal-content\">\n\t\t\t\t\t\t\t\t\tJe suis impliqu\u00e9 dans la gestion des incendies de for\u00eat depuis 25 ans. J'ai d'abord \u00e9t\u00e9 membre d'une \u00e9quipe au bout d'un tuyau, puis j'ai pr\u00e9dit, \u00e0 travers le Canada et les \u00c9tats-Unis, l'impact des incendies de for\u00eat sur les valeurs menac\u00e9es.  J'aime tout ce qui se fait \u00e0 l'ext\u00e9rieur et je passe beaucoup de temps sur mon terrain bois\u00e9 \u00e0 faire du sirop d'\u00e9rable ou \u00e0 scier du bois.  <\/p>\n\n<b>D\u00e9tails de la pr\u00e9sentation :<\/b>\n<p>Il \u00e9tait n\u00e9cessaire de mener davantage de recherches sur les incendies de for\u00eat dans les combustibles pr\u00e9sents sur la c\u00f4te est. Ce projet est le fer de lance de ce probl\u00e8me en menant des br\u00fblages exp\u00e9rimentaux dans ces combustibles.  Les r\u00e9sultats primaires et secondaires du comportement des incendies seront rassembl\u00e9s et formul\u00e9s dans le syst\u00e8me national de pr\u00e9vision du comportement des incendies.  <\/p>\t\t\t\t\t\t\t\t<\/div>\n\n\t\t\t\t\t\t\t\t\t\t\t\t\t\t\t\t\t<ul class=\"ekit-team-modal-list\">\n\t\t\t\t\t\t\t\t\t\t\n\t\t\t\t\t\t\t\t\t\t\t\t\t\t\t\t\t\t\t\t\t<li><strong>Email:<\/strong><a href=\"mailto:danny.goddard@gnb.ca\">danny.goddard@gnb.ca<\/a><\/li>\n\t\t\t\t\t\t\t\t\t\t\t\t\t\t\t\t\t\t\t<\/ul>\n\t\t\t\t\t\t\t\t\n\t\t\t\t\t\t\t\t\t\t\t\t\t\t\t<\/div>\n\t\t\t\t\t\t<\/div>\n\t\t\t\t\t<\/div>\n\t\t\t\t<\/div>\n\t\t\t<\/div>\n\t\t\t\t<\/div>\t\t\t\t<\/div>\n\t\t\t\t<\/div>\n\t\t\t\t<div class=\"elementor-element elementor-element-7c101b9 elementor-widget elementor-widget-elementskit-team\" data-id=\"7c101b9\" data-element_type=\"widget\" data-e-type=\"widget\" data-widget_type=\"elementskit-team.default\">\n\t\t\t\t<div class=\"elementor-widget-container\">\n\t\t\t\t\t<div class=\"ekit-wid-con\">\t\t\t\t\t\t <div class=\"profile-square-v square-v6 no_gutters\"> \t\t\n\t\t<div class=\"profile-card elementor-animation- text-center ekit-team-style-long_height_details\">\n\t\t\t\t\t\t\t<a aria-label=\"profile\" href=\"javascript:void(0)\" data-mfp-src=\"#ekit_team_modal_7c101b9_3156\" class=\"ekit-team-popup\">\n\t\t\t\n\t\t\t\t<div class=\"profile-header ekit-team-img \"  data-toggle=\"modal\" data-target=\"ekit_team_modal_#7c101b9_3156\" >\n\t\t\t\t\t<img loading=\"lazy\" decoding=\"async\" width=\"600\" height=\"598\" src=\"https:\/\/springmeeting.cwfcof.org\/wp-content\/uploads\/2026\/03\/Michelle-Gray2.png\" class=\"attachment-large size-large wp-image-2955\" alt=\"\" srcset=\"https:\/\/springmeeting.cwfcof.org\/wp-content\/uploads\/2026\/03\/Michelle-Gray2.png 600w, https:\/\/springmeeting.cwfcof.org\/wp-content\/uploads\/2026\/03\/Michelle-Gray2-300x300.png 300w, https:\/\/springmeeting.cwfcof.org\/wp-content\/uploads\/2026\/03\/Michelle-Gray2-150x150.png 150w\" sizes=\"(max-width: 600px) 100vw, 600px\" \/>\t\t\t\t<\/div><!-- .profile-header END -->\n\t\t\t\t\t\t\t<\/a>\n\t\t\t\n\n\t\t\t\t<div class=\"profile-body\">\n\t\t\t\t\t\n\t\t\t\t\t<h2 class=\"profile-title\">\n\t\t\t\t\t\t\t\t\t\t\t<a aria-label=\"profile\" href=\"javascript:void(0)\" data-mfp-src=\"#ekit_team_modal_7c101b9_3156\" class=\"ekit-team-popup\">\n\t\t\t\t\t\tMichelle Gray\t\t\t\t\t\t<\/a>\n\t\t\t\t\t\t\t\t\t\t\t<\/h2>\n\t\t\t\t\t<p class=\"profile-designation\">Doyen de la facult\u00e9 de foresterie et de gestion de l&#039;environnement de l&#039;UNB<\/p>\n\t\t\t\t\t\t\t\t\t\t<p class=\"profile-content\">Pr\u00e9sentation de la session 6 Foresterie num\u00e9rique : Comp\u00e9tences, partenariats et un secteur forestier pr\u00eat pour l'avenir<\/p>\n\t\t\t\t\t\t\t\t\t<\/div><!-- .profile-body END -->\n\n\t\t\t\t\t\t\t\t\t<div class=\"profile-footer\">\n\t\t\t\t\t\t<ul class=\"ekit-team-social-list\">\n\t\t\t<li class=\"elementor-repeater-item-7f57670\">\n\t\t\t<a href=\"https:\/\/www.linkedin.com\/in\/michelle-gray-702b401b\/\" aria-label=\"LinkedIn\">\n\t\t\t\t<svg aria-hidden=\"true\" class=\"e-font-icon-svg e-fab-linkedin-in\" viewBox=\"0 0 448 512\" xmlns=\"http:\/\/www.w3.org\/2000\/svg\"><path d=\"M100.28 448H7.4V148.9h92.88zM53.79 108.1C24.09 108.1 0 83.5 0 53.8a53.79 53.79 0 0 1 107.58 0c0 29.7-24.1 54.3-53.79 54.3zM447.9 448h-92.68V302.4c0-34.7-.7-79.2-48.29-79.2-48.29 0-55.69 37.7-55.69 76.7V448h-92.78V148.9h89.08v40.8h1.3c12.4-23.5 42.69-48.3 87.88-48.3 94 0 111.28 61.9 111.28 142.3V448z\"><\/path><\/svg>\t\t\t<\/a>\n\t\t<\/li>\n\t<\/ul>\n\t\t\t\t\t<\/div>\n\t\t\t\t\t\t\t\t\t<\/div>\n\t\t\t\t <\/div> \t\t\t\n\t\t\t\n\t\t\t\t\t<div class=\"zoom-anim-dialog mfp-hide elementskit-team-popup team-popup-id-7c101b9\" id=\"ekit_team_modal_7c101b9_3156\" tabindex=\"-1\" role=\"dialog\" aria-modal=\"true\">\n\t\t\t\t<div class=\"modal-dialog modal-dialog-centered\" role=\"document\">\n\t\t\t\t\t<div class=\"modal-content\">\n\t\t\t\t\t\t<button type=\"button\" class=\"ekit-team-modal-close\">\n\t\t\t\t\t\t\t<svg aria-hidden=\"true\" class=\"e-font-icon-svg e-fas-times\" viewBox=\"0 0 352 512\" xmlns=\"http:\/\/www.w3.org\/2000\/svg\"><path d=\"M242.72 256l100.07-100.07c12.28-12.28 12.28-32.19 0-44.48l-22.24-22.24c-12.28-12.28-32.19-12.28-44.48 0L176 189.28 75.93 89.21c-12.28-12.28-32.19-12.28-44.48 0L9.21 111.45c-12.28 12.28-12.28 32.19 0 44.48L109.28 256 9.21 356.07c-12.28 12.28-12.28 32.19 0 44.48l22.24 22.24c12.28 12.28 32.2 12.28 44.48 0L176 322.72l100.07 100.07c12.28 12.28 32.2 12.28 44.48 0l22.24-22.24c12.28-12.28 12.28-32.19 0-44.48L242.72 256z\"><\/path><\/svg>\t\t\t\t\t\t<\/button>\n\n\t\t\t\t\t\t<div class=\"modal-body\">\n\t\t\t\t\t\t\t\t\t\t\t\t\t\t\t<div class=\"ekit-team-modal-img\">\n\t\t\t\t\t\t\t\t\t<img loading=\"lazy\" decoding=\"async\" width=\"600\" height=\"598\" src=\"https:\/\/springmeeting.cwfcof.org\/wp-content\/uploads\/2026\/03\/Michelle-Gray2.png\" class=\"attachment-large size-large wp-image-2955\" alt=\"\" srcset=\"https:\/\/springmeeting.cwfcof.org\/wp-content\/uploads\/2026\/03\/Michelle-Gray2.png 600w, https:\/\/springmeeting.cwfcof.org\/wp-content\/uploads\/2026\/03\/Michelle-Gray2-300x300.png 300w, https:\/\/springmeeting.cwfcof.org\/wp-content\/uploads\/2026\/03\/Michelle-Gray2-150x150.png 150w\" sizes=\"(max-width: 600px) 100vw, 600px\" \/>\t\t\t\t\t\t\t\t<\/div>\n\t\t\t\t\t\t\t\n\t\t\t\t\t\t\t<div class=\"ekit-team-modal-info has-img\">\n\t\t\t\t\t\t\t\t<h2 class=\"ekit-team-modal-title\">Michelle Gray<\/h2>\n\t\t\t\t\t\t\t\t<p class=\"ekit-team-modal-position\">Doyen de la facult\u00e9 de foresterie et de gestion de l&#039;environnement de l&#039;UNB<\/p>\n\n\t\t\t\t\t\t\t\t<div class=\"ekit-team-modal-content\">\n\t\t\t\t\t\t\t\t\tMichelle Gray est doyenne et professeure associ\u00e9e de gestion environnementale \u00e0 la facult\u00e9 de foresterie et de gestion environnementale de l'universit\u00e9 du Nouveau-Brunswick, et directrice scientifique du Canadian Rivers Institute. \u00c9cologiste aquatique de formation, Michelle s'attache \u00e0 mettre au point des outils pratiques et scientifiques permettant d'\u00e9valuer la sant\u00e9 des \u00e9cosyst\u00e8mes aquatiques et d'\u00e9clairer la prise de d\u00e9cision en mati\u00e8re d'environnement. Ses recherches portent sur l'utilisation des petits poissons et des moules d'eau douce en tant qu'indicateurs des changements environnementaux, en mettant l'accent sur la surveillance appliqu\u00e9e et les contextes de gestion. Tout au long de sa carri\u00e8re, elle a travaill\u00e9 \u00e0 l'interface de la science, de la r\u00e9glementation et de l'industrie, contribuant \u00e0 la conception et \u00e0 la mise en \u0153uvre de programmes de surveillance aquatique dans divers secteurs de ressources.    En tant que doyenne, elle a pour objectif d'assurer un leadership strat\u00e9gique en mati\u00e8re de recherche, de formation des \u00e9tudiants et d'apprentissage par l'exp\u00e9rience dans les domaines de la sylviculture et de la gestion de l'environnement.  <\/p>\n\n<b>D\u00e9tails de la pr\u00e9sentation :<\/b>\n<p>Le secteur forestier \u00e9volue rapidement - les donn\u00e9es de t\u00e9l\u00e9d\u00e9tection, l'analyse des donn\u00e9es, les outils de pr\u00e9cision et les technologies automatis\u00e9es font d\u00e9sormais partie int\u00e9grante de la gestion foresti\u00e8re. La facult\u00e9 de foresterie et de gestion de l'environnement de l'UNB collabore avec les facult\u00e9s d'informatique et d'ing\u00e9nierie pour d\u00e9finir des parcours de foresterie num\u00e9rique qui int\u00e8grent les technologies \u00e9mergentes aux principes fondamentaux de la foresterie et des sciences foresti\u00e8res. <\/p>\n\nNotre objectif est de cr\u00e9er des parcours structur\u00e9s de la licence \u00e0 la ma\u00eetrise professionnelle en foresterie num\u00e9rique (MF-DF) afin de doter les \u00e9tudiants de divers horizons des comp\u00e9tences dont le secteur forestier d'aujourd'hui aura besoin. Au fil du temps, ces efforts renforceront \u00e9galement les comp\u00e9tences num\u00e9riques au sein de nos programmes de premier cycle et pr\u00e9pareront mieux les dipl\u00f4m\u00e9s \u00e0 des carri\u00e8res dans une main-d'\u0153uvre num\u00e9riquement am\u00e9lior\u00e9e. <\/p>\t\t\t\t\t\t\t\t<\/div>\n\n\t\t\t\t\t\t\t\t\t\t\t\t\t\t\t\t\t<ul class=\"ekit-team-modal-list\">\n\t\t\t\t\t\t\t\t\t\t\n\t\t\t\t\t\t\t\t\t\t\t\t\t\t\t\t\t\t\t\t\t<li><strong>Email:<\/strong><a href=\"mailto:mgray1@unb.ca\">mgray1@unb.ca<\/a><\/li>\n\t\t\t\t\t\t\t\t\t\t\t\t\t\t\t\t\t\t\t<\/ul>\n\t\t\t\t\t\t\t\t\n\t\t\t\t\t\t\t\t<ul class=\"ekit-team-social-list\">\n\t\t\t<li class=\"elementor-repeater-item-7f57670\">\n\t\t\t<a href=\"https:\/\/www.linkedin.com\/in\/michelle-gray-702b401b\/\" aria-label=\"LinkedIn\">\n\t\t\t\t<svg aria-hidden=\"true\" class=\"e-font-icon-svg e-fab-linkedin-in\" viewBox=\"0 0 448 512\" xmlns=\"http:\/\/www.w3.org\/2000\/svg\"><path d=\"M100.28 448H7.4V148.9h92.88zM53.79 108.1C24.09 108.1 0 83.5 0 53.8a53.79 53.79 0 0 1 107.58 0c0 29.7-24.1 54.3-53.79 54.3zM447.9 448h-92.68V302.4c0-34.7-.7-79.2-48.29-79.2-48.29 0-55.69 37.7-55.69 76.7V448h-92.78V148.9h89.08v40.8h1.3c12.4-23.5 42.69-48.3 87.88-48.3 94 0 111.28 61.9 111.28 142.3V448z\"><\/path><\/svg>\t\t\t<\/a>\n\t\t<\/li>\n\t<\/ul>\n\t\t\t\t\t\t\t<\/div>\n\t\t\t\t\t\t<\/div>\n\t\t\t\t\t<\/div>\n\t\t\t\t<\/div>\n\t\t\t<\/div>\n\t\t\t\t<\/div>\t\t\t\t<\/div>\n\t\t\t\t<\/div>\n\t\t\t\t<div class=\"elementor-element elementor-element-2dcb784f elementor-widget elementor-widget-elementskit-team\" data-id=\"2dcb784f\" data-element_type=\"widget\" data-e-type=\"widget\" data-widget_type=\"elementskit-team.default\">\n\t\t\t\t<div class=\"elementor-widget-container\">\n\t\t\t\t\t<div class=\"ekit-wid-con\">\t\t\t\t\t\t <div class=\"profile-square-v square-v6 no_gutters\"> \t\t\n\t\t<div class=\"profile-card elementor-animation- text-center ekit-team-style-long_height_details\">\n\t\t\t\t\t\t\t<a aria-label=\"profile\" href=\"javascript:void(0)\" data-mfp-src=\"#ekit_team_modal_2dcb784f_3156\" class=\"ekit-team-popup\">\n\t\t\t\n\t\t\t\t<div class=\"profile-header ekit-team-img \"  data-toggle=\"modal\" data-target=\"ekit_team_modal_#2dcb784f_3156\" >\n\t\t\t\t\t<img loading=\"lazy\" decoding=\"async\" width=\"800\" height=\"800\" src=\"https:\/\/springmeeting.cwfcof.org\/wp-content\/uploads\/2026\/03\/Leif-Helmer2-1024x1024.png\" class=\"attachment-large size-large wp-image-3162\" alt=\"\" srcset=\"https:\/\/springmeeting.cwfcof.org\/wp-content\/uploads\/2026\/03\/Leif-Helmer2-1024x1024.png 1024w, https:\/\/springmeeting.cwfcof.org\/wp-content\/uploads\/2026\/03\/Leif-Helmer2-300x300.png 300w, https:\/\/springmeeting.cwfcof.org\/wp-content\/uploads\/2026\/03\/Leif-Helmer2-150x150.png 150w, https:\/\/springmeeting.cwfcof.org\/wp-content\/uploads\/2026\/03\/Leif-Helmer2-768x768.png 768w, https:\/\/springmeeting.cwfcof.org\/wp-content\/uploads\/2026\/03\/Leif-Helmer2-1536x1536.png 1536w, https:\/\/springmeeting.cwfcof.org\/wp-content\/uploads\/2026\/03\/Leif-Helmer2-e1773762919493.png 600w\" sizes=\"(max-width: 800px) 100vw, 800px\" \/>\t\t\t\t<\/div><!-- .profile-header END -->\n\t\t\t\t\t\t\t<\/a>\n\t\t\t\n\n\t\t\t\t<div class=\"profile-body\">\n\t\t\t\t\t\n\t\t\t\t\t<h2 class=\"profile-title\">\n\t\t\t\t\t\t\t\t\t\t\t<a aria-label=\"profile\" href=\"javascript:void(0)\" data-mfp-src=\"#ekit_team_modal_2dcb784f_3156\" class=\"ekit-team-popup\">\n\t\t\t\t\t\tLeif Helmer\t\t\t\t\t\t<\/a>\n\t\t\t\t\t\t\t\t\t\t\t<\/h2>\n\t\t\t\t\t<p class=\"profile-designation\">Directeur, Coll\u00e8ge communautaire de Nouvelle-\u00c9cosse<\/p>\n\t\t\t\t\t\t\t\t\t\t<p class=\"profile-content\">Pr\u00e9sentation lors de la session 6 Centrer la formation, l'innovation et la recherche foresti\u00e8res pour la Nouvelle-\u00c9cosse en p\u00e9riode de transition sectorielle.<\/p>\n\t\t\t\t\t\t\t\t\t<\/div><!-- .profile-body END -->\n\n\t\t\t\t\t\t\t\t<\/div>\n\t\t\t\t <\/div> \t\t\t\n\t\t\t\n\t\t\t\t\t<div class=\"zoom-anim-dialog mfp-hide elementskit-team-popup team-popup-id-2dcb784f\" id=\"ekit_team_modal_2dcb784f_3156\" tabindex=\"-1\" role=\"dialog\" aria-modal=\"true\">\n\t\t\t\t<div class=\"modal-dialog modal-dialog-centered\" role=\"document\">\n\t\t\t\t\t<div class=\"modal-content\">\n\t\t\t\t\t\t<button type=\"button\" class=\"ekit-team-modal-close\">\n\t\t\t\t\t\t\t<svg aria-hidden=\"true\" class=\"e-font-icon-svg e-fas-times\" viewBox=\"0 0 352 512\" xmlns=\"http:\/\/www.w3.org\/2000\/svg\"><path d=\"M242.72 256l100.07-100.07c12.28-12.28 12.28-32.19 0-44.48l-22.24-22.24c-12.28-12.28-32.19-12.28-44.48 0L176 189.28 75.93 89.21c-12.28-12.28-32.19-12.28-44.48 0L9.21 111.45c-12.28 12.28-12.28 32.19 0 44.48L109.28 256 9.21 356.07c-12.28 12.28-12.28 32.19 0 44.48l22.24 22.24c12.28 12.28 32.2 12.28 44.48 0L176 322.72l100.07 100.07c12.28 12.28 32.2 12.28 44.48 0l22.24-22.24c12.28-12.28 12.28-32.19 0-44.48L242.72 256z\"><\/path><\/svg>\t\t\t\t\t\t<\/button>\n\n\t\t\t\t\t\t<div class=\"modal-body\">\n\t\t\t\t\t\t\t\t\t\t\t\t\t\t\t<div class=\"ekit-team-modal-img\">\n\t\t\t\t\t\t\t\t\t<img loading=\"lazy\" decoding=\"async\" width=\"800\" height=\"800\" src=\"https:\/\/springmeeting.cwfcof.org\/wp-content\/uploads\/2026\/03\/Leif-Helmer2-1024x1024.png\" class=\"attachment-large size-large wp-image-3162\" alt=\"\" srcset=\"https:\/\/springmeeting.cwfcof.org\/wp-content\/uploads\/2026\/03\/Leif-Helmer2-1024x1024.png 1024w, https:\/\/springmeeting.cwfcof.org\/wp-content\/uploads\/2026\/03\/Leif-Helmer2-300x300.png 300w, https:\/\/springmeeting.cwfcof.org\/wp-content\/uploads\/2026\/03\/Leif-Helmer2-150x150.png 150w, https:\/\/springmeeting.cwfcof.org\/wp-content\/uploads\/2026\/03\/Leif-Helmer2-768x768.png 768w, https:\/\/springmeeting.cwfcof.org\/wp-content\/uploads\/2026\/03\/Leif-Helmer2-1536x1536.png 1536w, https:\/\/springmeeting.cwfcof.org\/wp-content\/uploads\/2026\/03\/Leif-Helmer2-e1773762919493.png 600w\" sizes=\"(max-width: 800px) 100vw, 800px\" \/>\t\t\t\t\t\t\t\t<\/div>\n\t\t\t\t\t\t\t\n\t\t\t\t\t\t\t<div class=\"ekit-team-modal-info has-img\">\n\t\t\t\t\t\t\t\t<h2 class=\"ekit-team-modal-title\">Leif Helmer<\/h2>\n\t\t\t\t\t\t\t\t<p class=\"ekit-team-modal-position\">Directeur, Coll\u00e8ge communautaire de Nouvelle-\u00c9cosse<\/p>\n\n\t\t\t\t\t\t\t\t<div class=\"ekit-team-modal-content\">\n\t\t\t\t\t\t\t\t\tIl a plus de 16 ans d'exp\u00e9rience en tant qu'\u00e9ducateur, administrateur et apprenant au sein du Nova Scotia Community College, et 30 ans d'exp\u00e9rience dans le secteur forestier en tant que dirigeant de gouvernement et d'organisation \u00e0 but non lucratif. Il a une formation de biologiste en conservation des paysages forestiers. <\/p>\n\nLeif dirige l'enseignement universitaire et l'innovation en mati\u00e8re d'apprentissage au Centre d'innovation foresti\u00e8re (campus de Truro). Il a enseign\u00e9 pendant dix ans dans le cadre du programme de technologie environnementale des ressources naturelles (campus de Lunenburg), un apprentissage interdisciplinaire fond\u00e9 sur des projets. Il veille \u00e0 ce que les valeurs du NSCC soient ancr\u00e9es dans son travail et int\u00e8gre la recherche appliqu\u00e9e et l'innovation dans son approche.  <\/p>\n\nLeif est un professionnel de l'environnement enregistr\u00e9 aupr\u00e8s d'ECO-Canada et a \u00e9t\u00e9 directeur de la section des Maritimes de l'Institut forestier du Canada. Il est titulaire d'une ma\u00eetrise en \u00e9ducation (leadership) de l'Universit\u00e9 Acadia. Il est \u00e9galement titulaire d'un dipl\u00f4me du Community College Teacher Education Program, d'une ma\u00eetrise en administration publique et d'une ma\u00eetrise en \u00e9tudes environnementales (Dal). Leif a r\u00e9cemment suivi le Summer Institute for College Leaders de CiCan.   <\/p>\n\n<b>D\u00e9tails de la pr\u00e9sentation :<\/b>\n<p>Le rapport du Centre d'innovation foresti\u00e8re (CoFI) du NSCC \u00e0 la communaut\u00e9 pour 2020-2025 sera pr\u00e9sent\u00e9. Des informations sur notre parcours avec des partenariats sectoriels cl\u00e9s, des initiatives codirig\u00e9es et des r\u00e9ussites strat\u00e9giques seront partag\u00e9es. Un regard sur l'avenir \u00e0 l'horizon 2030 sera pr\u00e9sent\u00e9 avec des questions cl\u00e9s et des consid\u00e9rations bas\u00e9es sur le travail fondamental men\u00e9 par le CoFI et ses collaborateurs de l'ensemble du paysage du secteur forestier r\u00e9gional...  <\/p>\t\t\t\t\t\t\t\t<\/div>\n\n\t\t\t\t\t\t\t\t\t\t\t\t\t\t\t\t\t<ul class=\"ekit-team-modal-list\">\n\t\t\t\t\t\t\t\t\t\t\n\t\t\t\t\t\t\t\t\t\t\t\t\t\t\t\t\t\t\t\t\t<li><strong>Email:<\/strong><a href=\"mailto:Leif.helmer@nscc.ca\">Leif.helmer@nscc.ca<\/a><\/li>\n\t\t\t\t\t\t\t\t\t\t\t\t\t\t\t\t\t\t\t<\/ul>\n\t\t\t\t\t\t\t\t\n\t\t\t\t\t\t\t\t\t\t\t\t\t\t\t<\/div>\n\t\t\t\t\t\t<\/div>\n\t\t\t\t\t<\/div>\n\t\t\t\t<\/div>\n\t\t\t<\/div>\n\t\t\t\t<\/div>\t\t\t\t<\/div>\n\t\t\t\t<\/div>\n\t\t\t\t<div class=\"elementor-element elementor-element-3976ac99 elementor-widget elementor-widget-elementskit-team\" data-id=\"3976ac99\" data-element_type=\"widget\" data-e-type=\"widget\" data-widget_type=\"elementskit-team.default\">\n\t\t\t\t<div class=\"elementor-widget-container\">\n\t\t\t\t\t<div class=\"ekit-wid-con\">\t\t\t\t\t\t <div class=\"profile-square-v square-v6 no_gutters\"> \t\t\n\t\t<div class=\"profile-card elementor-animation- text-center ekit-team-style-long_height_details\">\n\t\t\t\t\t\t\t<a aria-label=\"profile\" href=\"javascript:void(0)\" data-mfp-src=\"#ekit_team_modal_3976ac99_3156\" class=\"ekit-team-popup\">\n\t\t\t\n\t\t\t\t<div class=\"profile-header ekit-team-img \"  data-toggle=\"modal\" data-target=\"ekit_team_modal_#3976ac99_3156\" >\n\t\t\t\t\t<img loading=\"lazy\" decoding=\"async\" width=\"800\" height=\"798\" src=\"https:\/\/springmeeting.cwfcof.org\/wp-content\/uploads\/2026\/02\/Kerri-Marshall2-1024x1022.png\" class=\"attachment-large size-large wp-image-2814\" alt=\"\" srcset=\"https:\/\/springmeeting.cwfcof.org\/wp-content\/uploads\/2026\/02\/Kerri-Marshall2-1024x1022.png 1024w, https:\/\/springmeeting.cwfcof.org\/wp-content\/uploads\/2026\/02\/Kerri-Marshall2-300x300.png 300w, https:\/\/springmeeting.cwfcof.org\/wp-content\/uploads\/2026\/02\/Kerri-Marshall2-150x150.png 150w, https:\/\/springmeeting.cwfcof.org\/wp-content\/uploads\/2026\/02\/Kerri-Marshall2-768x767.png 768w, https:\/\/springmeeting.cwfcof.org\/wp-content\/uploads\/2026\/02\/Kerri-Marshall2-1536x1533.png 1536w, https:\/\/springmeeting.cwfcof.org\/wp-content\/uploads\/2026\/02\/Kerri-Marshall2-e1771860097201.png 600w\" sizes=\"(max-width: 800px) 100vw, 800px\" \/>\t\t\t\t<\/div><!-- .profile-header END -->\n\t\t\t\t\t\t\t<\/a>\n\t\t\t\n\n\t\t\t\t<div class=\"profile-body\">\n\t\t\t\t\t\n\t\t\t\t\t<h2 class=\"profile-title\">\n\t\t\t\t\t\t\t\t\t\t\t<a aria-label=\"profile\" href=\"javascript:void(0)\" data-mfp-src=\"#ekit_team_modal_3976ac99_3156\" class=\"ekit-team-popup\">\n\t\t\t\t\t\tKerri Marshall\t\t\t\t\t\t<\/a>\n\t\t\t\t\t\t\t\t\t\t\t<\/h2>\n\t\t\t\t\t<p class=\"profile-designation\">Directeur ex\u00e9cutif int\u00e9rimaire, Conseil du secteur forestier<\/p>\n\t\t\t\t\t\t\t\t\t\t<p class=\"profile-content\">Pr\u00e9sentation \u00e0 la session 6 Mises \u00e0 jour du Conseil du secteur forestier de la Nouvelle-\u00c9cosse (FORSEC)<\/p>\n\t\t\t\t\t\t\t\t\t<\/div><!-- .profile-body END -->\n\n\t\t\t\t\t\t\t\t<\/div>\n\t\t\t\t <\/div> \t\t\t\n\t\t\t\n\t\t\t\t\t<div class=\"zoom-anim-dialog mfp-hide elementskit-team-popup team-popup-id-3976ac99\" id=\"ekit_team_modal_3976ac99_3156\" tabindex=\"-1\" role=\"dialog\" aria-modal=\"true\">\n\t\t\t\t<div class=\"modal-dialog modal-dialog-centered\" role=\"document\">\n\t\t\t\t\t<div class=\"modal-content\">\n\t\t\t\t\t\t<button type=\"button\" class=\"ekit-team-modal-close\">\n\t\t\t\t\t\t\t<svg aria-hidden=\"true\" class=\"e-font-icon-svg e-fas-times\" viewBox=\"0 0 352 512\" xmlns=\"http:\/\/www.w3.org\/2000\/svg\"><path d=\"M242.72 256l100.07-100.07c12.28-12.28 12.28-32.19 0-44.48l-22.24-22.24c-12.28-12.28-32.19-12.28-44.48 0L176 189.28 75.93 89.21c-12.28-12.28-32.19-12.28-44.48 0L9.21 111.45c-12.28 12.28-12.28 32.19 0 44.48L109.28 256 9.21 356.07c-12.28 12.28-12.28 32.19 0 44.48l22.24 22.24c12.28 12.28 32.2 12.28 44.48 0L176 322.72l100.07 100.07c12.28 12.28 32.2 12.28 44.48 0l22.24-22.24c12.28-12.28 12.28-32.19 0-44.48L242.72 256z\"><\/path><\/svg>\t\t\t\t\t\t<\/button>\n\n\t\t\t\t\t\t<div class=\"modal-body\">\n\t\t\t\t\t\t\t\t\t\t\t\t\t\t\t<div class=\"ekit-team-modal-img\">\n\t\t\t\t\t\t\t\t\t<img loading=\"lazy\" decoding=\"async\" width=\"800\" height=\"798\" src=\"https:\/\/springmeeting.cwfcof.org\/wp-content\/uploads\/2026\/02\/Kerri-Marshall2-1024x1022.png\" class=\"attachment-large size-large wp-image-2814\" alt=\"\" srcset=\"https:\/\/springmeeting.cwfcof.org\/wp-content\/uploads\/2026\/02\/Kerri-Marshall2-1024x1022.png 1024w, https:\/\/springmeeting.cwfcof.org\/wp-content\/uploads\/2026\/02\/Kerri-Marshall2-300x300.png 300w, https:\/\/springmeeting.cwfcof.org\/wp-content\/uploads\/2026\/02\/Kerri-Marshall2-150x150.png 150w, https:\/\/springmeeting.cwfcof.org\/wp-content\/uploads\/2026\/02\/Kerri-Marshall2-768x767.png 768w, https:\/\/springmeeting.cwfcof.org\/wp-content\/uploads\/2026\/02\/Kerri-Marshall2-1536x1533.png 1536w, https:\/\/springmeeting.cwfcof.org\/wp-content\/uploads\/2026\/02\/Kerri-Marshall2-e1771860097201.png 600w\" sizes=\"(max-width: 800px) 100vw, 800px\" \/>\t\t\t\t\t\t\t\t<\/div>\n\t\t\t\t\t\t\t\n\t\t\t\t\t\t\t<div class=\"ekit-team-modal-info has-img\">\n\t\t\t\t\t\t\t\t<h2 class=\"ekit-team-modal-title\">Kerri Marshall<\/h2>\n\t\t\t\t\t\t\t\t<p class=\"ekit-team-modal-position\">Directeur ex\u00e9cutif int\u00e9rimaire, Conseil du secteur forestier<\/p>\n\n\t\t\t\t\t\t\t\t<div class=\"ekit-team-modal-content\">\n\t\t\t\t\t\t\t\t\tKerri Marshall est une gestionnaire de projets et d'op\u00e9rations qui poss\u00e8de une solide exp\u00e9rience en mati\u00e8re de sensibilisation ax\u00e9e sur l'\u00e9quit\u00e9, d'engagement des parties prenantes et de d\u00e9veloppement de la main-d'\u0153uvre. Elle poss\u00e8de une vaste exp\u00e9rience dans la conduite d'initiatives intersectorielles qui permettent aux individus d'acc\u00e9der \u00e0 des parcours professionnels durables tout en aidant les employeurs \u00e0 renforcer les pratiques d'int\u00e9gration sur le lieu de travail. <\/p>\n\nTitulaire d'un baccalaur\u00e9at \u00e8s arts en \u00e9tudes communautaires avec sp\u00e9cialisation en psychologie et d'un certificat de recherche de l'Universit\u00e9 du Cap-Breton, Kerri s'appuie sur ses connaissances acad\u00e9miques pour \u00e9laborer une approche structur\u00e9e et ax\u00e9e sur la recherche en mati\u00e8re d'op\u00e9rations, de conception de programmes et de d\u00e9veloppement de partenariats.<\/p>\n\nDans son r\u00f4le actuel, Kerri travaille en \u00e9troite collaboration avec le personnel, les employeurs et les partenaires pour faire avancer les projets d'une mani\u00e8re qui refl\u00e8te l'engagement du Conseil sectoriel de la foresterie en faveur de la collaboration, de la durabilit\u00e9 et de la diversit\u00e9. Elle transforme les id\u00e9es en actions pratiques qui soutiennent la croissance de la main-d'\u0153uvre dans l'ensemble du secteur, en veillant \u00e0 ce que les initiatives r\u00e9pondent aux besoins des employeurs et soient accessibles \u00e0 diverses communaut\u00e9s. Gr\u00e2ce \u00e0 une communication ouverte et \u00e0 des relations solides, elle cr\u00e9e une main-d'\u0153uvre qualifi\u00e9e et inclusive qui renforce l'industrie foresti\u00e8re de la Nouvelle-\u00c9cosse.  <\/p>\n\n<b>D\u00e9tails de la pr\u00e9sentation :<\/b>\n<p>Comment FORSEC tire parti du financement pour cr\u00e9er des opportunit\u00e9s de mentorat et de formation et fournir les soutiens commerciaux n\u00e9cessaires pour renforcer la r\u00e9silience et encourager la croissance des petites et moyennes exploitations foresti\u00e8res.  \t\t\t\t\t\t\t\t<\/div>\n\n\t\t\t\t\t\t\t\t\t\t\t\t\t\t\t\t\t<ul class=\"ekit-team-modal-list\">\n\t\t\t\t\t\t\t\t\t\t\n\t\t\t\t\t\t\t\t\t\t\t\t\t\t\t\t\t\t\t\t\t<li><strong>Email:<\/strong><a href=\"mailto:kerri@forsec.ca\">kerri@forsec.ca<\/a><\/li>\n\t\t\t\t\t\t\t\t\t\t\t\t\t\t\t\t\t\t\t<\/ul>\n\t\t\t\t\t\t\t\t\n\t\t\t\t\t\t\t\t\t\t\t\t\t\t\t<\/div>\n\t\t\t\t\t\t<\/div>\n\t\t\t\t\t<\/div>\n\t\t\t\t<\/div>\n\t\t\t<\/div>\n\t\t\t\t<\/div>\t\t\t\t<\/div>\n\t\t\t\t<\/div>\n\t\t\t\t<div class=\"elementor-element elementor-element-5b8d9784 elementor-widget elementor-widget-elementskit-team\" data-id=\"5b8d9784\" data-element_type=\"widget\" data-e-type=\"widget\" data-widget_type=\"elementskit-team.default\">\n\t\t\t\t<div class=\"elementor-widget-container\">\n\t\t\t\t\t<div class=\"ekit-wid-con\">\t\t\t\t\t\t <div class=\"profile-square-v square-v6 no_gutters\"> \t\t\n\t\t<div class=\"profile-card elementor-animation- text-center ekit-team-style-long_height_details\">\n\t\t\t\t\t\t\t<a aria-label=\"profile\" href=\"javascript:void(0)\" data-mfp-src=\"#ekit_team_modal_5b8d9784_3156\" class=\"ekit-team-popup\">\n\t\t\t\n\t\t\t\t<div class=\"profile-header ekit-team-img \"  data-toggle=\"modal\" data-target=\"ekit_team_modal_#5b8d9784_3156\" >\n\t\t\t\t\t<img loading=\"lazy\" decoding=\"async\" width=\"594\" height=\"600\" src=\"https:\/\/springmeeting.cwfcof.org\/wp-content\/uploads\/2026\/03\/Christy-Arseneau2.png\" class=\"attachment-large size-large wp-image-2965\" alt=\"\" srcset=\"https:\/\/springmeeting.cwfcof.org\/wp-content\/uploads\/2026\/03\/Christy-Arseneau2.png 594w, https:\/\/springmeeting.cwfcof.org\/wp-content\/uploads\/2026\/03\/Christy-Arseneau2-297x300.png 297w\" sizes=\"(max-width: 594px) 100vw, 594px\" \/>\t\t\t\t<\/div><!-- .profile-header END -->\n\t\t\t\t\t\t\t<\/a>\n\t\t\t\n\n\t\t\t\t<div class=\"profile-body\">\n\t\t\t\t\t\n\t\t\t\t\t<h2 class=\"profile-title\">\n\t\t\t\t\t\t\t\t\t\t\t<a aria-label=\"profile\" href=\"javascript:void(0)\" data-mfp-src=\"#ekit_team_modal_5b8d9784_3156\" class=\"ekit-team-popup\">\n\t\t\t\t\t\tChristy Arseneau\t\t\t\t\t\t<\/a>\n\t\t\t\t\t\t\t\t\t\t\t<\/h2>\n\t\t\t\t\t<p class=\"profile-designation\">Directeur scientifique, Ressources naturelles Canada<\/p>\n\t\t\t\t\t\t\t\t\t\t<p class=\"profile-content\">Mod\u00e9rateur de s\u00e9ance pour Wildfire Futures in Atlantic Canada : Science, collaboration et action<\/p>\n\t\t\t\t\t\t\t\t\t<\/div><!-- .profile-body END -->\n\n\t\t\t\t\t\t\t\t<\/div>\n\t\t\t\t <\/div> \t\t\t\n\t\t\t\n\t\t\t\t\t<div class=\"zoom-anim-dialog mfp-hide elementskit-team-popup team-popup-id-5b8d9784\" id=\"ekit_team_modal_5b8d9784_3156\" tabindex=\"-1\" role=\"dialog\" aria-modal=\"true\">\n\t\t\t\t<div class=\"modal-dialog modal-dialog-centered\" role=\"document\">\n\t\t\t\t\t<div class=\"modal-content\">\n\t\t\t\t\t\t<button type=\"button\" class=\"ekit-team-modal-close\">\n\t\t\t\t\t\t\t<svg aria-hidden=\"true\" class=\"e-font-icon-svg e-fas-times\" viewBox=\"0 0 352 512\" xmlns=\"http:\/\/www.w3.org\/2000\/svg\"><path d=\"M242.72 256l100.07-100.07c12.28-12.28 12.28-32.19 0-44.48l-22.24-22.24c-12.28-12.28-32.19-12.28-44.48 0L176 189.28 75.93 89.21c-12.28-12.28-32.19-12.28-44.48 0L9.21 111.45c-12.28 12.28-12.28 32.19 0 44.48L109.28 256 9.21 356.07c-12.28 12.28-12.28 32.19 0 44.48l22.24 22.24c12.28 12.28 32.2 12.28 44.48 0L176 322.72l100.07 100.07c12.28 12.28 32.2 12.28 44.48 0l22.24-22.24c12.28-12.28 12.28-32.19 0-44.48L242.72 256z\"><\/path><\/svg>\t\t\t\t\t\t<\/button>\n\n\t\t\t\t\t\t<div class=\"modal-body\">\n\t\t\t\t\t\t\t\t\t\t\t\t\t\t\t<div class=\"ekit-team-modal-img\">\n\t\t\t\t\t\t\t\t\t<img loading=\"lazy\" decoding=\"async\" width=\"594\" height=\"600\" src=\"https:\/\/springmeeting.cwfcof.org\/wp-content\/uploads\/2026\/03\/Christy-Arseneau2.png\" class=\"attachment-large size-large wp-image-2965\" alt=\"\" srcset=\"https:\/\/springmeeting.cwfcof.org\/wp-content\/uploads\/2026\/03\/Christy-Arseneau2.png 594w, https:\/\/springmeeting.cwfcof.org\/wp-content\/uploads\/2026\/03\/Christy-Arseneau2-297x300.png 297w\" sizes=\"(max-width: 594px) 100vw, 594px\" \/>\t\t\t\t\t\t\t\t<\/div>\n\t\t\t\t\t\t\t\n\t\t\t\t\t\t\t<div class=\"ekit-team-modal-info has-img\">\n\t\t\t\t\t\t\t\t<h2 class=\"ekit-team-modal-title\">Christy Arseneau<\/h2>\n\t\t\t\t\t\t\t\t<p class=\"ekit-team-modal-position\">Directeur scientifique, Ressources naturelles Canada<\/p>\n\n\t\t\t\t\t\t\t\t<div class=\"ekit-team-modal-content\">\n\t\t\t\t\t\t\t\t\tChristy Arseneau est directrice de la sant\u00e9 et de la biodiversit\u00e9 des for\u00eats au Centre de foresterie de l'Atlantique de Ressources naturelles Canada, o\u00f9 elle soutient la recherche sur la sant\u00e9 des for\u00eats, la biodiversit\u00e9 et l'\u00e9volution des d\u00e9fis du Canada en mati\u00e8re d'incendies de for\u00eat. Au cours de sa carri\u00e8re, elle a occup\u00e9 des postes de direction aux niveaux municipal, r\u00e9gional et national, ainsi que dans le secteur priv\u00e9 de la consultance. Elle a \u00e9t\u00e9 directrice g\u00e9n\u00e9rale du Canadian Risk and Hazards Network et a repr\u00e9sent\u00e9 le Nouveau-Brunswick au conseil d'administration de l'Association canadienne des administrateurs municipaux.  <\/p>\n\nChristy est titulaire d'une ma\u00eetrise en conservation des for\u00eats de l'universit\u00e9 de Toronto et d'une licence en foresterie de l'universit\u00e9 du Nouveau-Brunswick, ainsi que de certificats avanc\u00e9s en administration des collectivit\u00e9s locales de l'universit\u00e9 Dalhousie. Pendant son temps libre, elle est une fervente chanteuse de barbershop acappella et attend avec impatience la saison de comp\u00e9tition du printemps. <\/p>\n\n<b>D\u00e9tails de la pr\u00e9sentation :<\/b>\n<p>Ce panel explorera l'\u00e9volution du paysage des incendies de for\u00eat dans le Canada atlantique et les initiatives innovantes en cours pour renforcer la r\u00e9silience r\u00e9gionale. Des experts du Service canadien des for\u00eats, du minist\u00e8re des Ressources naturelles du Nouveau-Brunswick et du Wabanaki Wildland Crew partageront leurs points de vue sur la r\u00e9cente saison des incendies de 2025 dans la r\u00e9gion atlantique, les tendances temporelles de l'activit\u00e9 des incendies et les nouvelles approches de la gestion des incendies de for\u00eat. Les discussions porteront sur le projet exp\u00e9rimental de br\u00fblage dirig\u00e9 du Laboratoire vivant de l'Atlantique, les le\u00e7ons op\u00e9rationnelles des \u00e9quipes de pompiers autochtones et les nouvelles recherches sur la cartographie des combustibles et l'\u00e9valuation des risques afin d'\u00e9clairer les prises de d\u00e9cision futures.  <\/p>\t\t\t\t\t\t\t\t<\/div>\n\n\t\t\t\t\t\t\t\t\t\t\t\t\t\t\t\t\t<ul class=\"ekit-team-modal-list\">\n\t\t\t\t\t\t\t\t\t\t\n\t\t\t\t\t\t\t\t\t\t\t\t\t\t\t\t\t\t\t\t\t<li><strong>Email:<\/strong><a href=\"mailto:christy.arseneau@nrcan-rncan.gc.ca\">christy.arseneau@nrcan-rncan.gc.ca<\/a><\/li>\n\t\t\t\t\t\t\t\t\t\t\t\t\t\t\t\t\t\t\t<\/ul>\n\t\t\t\t\t\t\t\t\n\t\t\t\t\t\t\t\t\t\t\t\t\t\t\t<\/div>\n\t\t\t\t\t\t<\/div>\n\t\t\t\t\t<\/div>\n\t\t\t\t<\/div>\n\t\t\t<\/div>\n\t\t\t\t<\/div>\t\t\t\t<\/div>\n\t\t\t\t<\/div>\n\t\t\t\t<div class=\"elementor-element elementor-element-4a041c1f elementor-widget elementor-widget-elementskit-team\" data-id=\"4a041c1f\" data-element_type=\"widget\" data-e-type=\"widget\" data-widget_type=\"elementskit-team.default\">\n\t\t\t\t<div class=\"elementor-widget-container\">\n\t\t\t\t\t<div class=\"ekit-wid-con\">\t\t\t\t\t\t <div class=\"profile-square-v square-v6 no_gutters\"> \t\t\n\t\t<div class=\"profile-card elementor-animation- text-center ekit-team-style-long_height_details\">\n\t\t\t\t\t\t\t<a aria-label=\"profile\" href=\"javascript:void(0)\" data-mfp-src=\"#ekit_team_modal_4a041c1f_3156\" class=\"ekit-team-popup\">\n\t\t\t\n\t\t\t\t<div class=\"profile-header ekit-team-img \"  data-toggle=\"modal\" data-target=\"ekit_team_modal_#4a041c1f_3156\" >\n\t\t\t\t\t<img loading=\"lazy\" decoding=\"async\" width=\"800\" height=\"800\" src=\"https:\/\/springmeeting.cwfcof.org\/wp-content\/uploads\/2026\/03\/John-MacDonald-1024x1024.png\" class=\"attachment-large size-large wp-image-3195\" alt=\"\" srcset=\"https:\/\/springmeeting.cwfcof.org\/wp-content\/uploads\/2026\/03\/John-MacDonald-1024x1024.png 1024w, https:\/\/springmeeting.cwfcof.org\/wp-content\/uploads\/2026\/03\/John-MacDonald-300x300.png 300w, https:\/\/springmeeting.cwfcof.org\/wp-content\/uploads\/2026\/03\/John-MacDonald-150x150.png 150w, https:\/\/springmeeting.cwfcof.org\/wp-content\/uploads\/2026\/03\/John-MacDonald-768x768.png 768w, https:\/\/springmeeting.cwfcof.org\/wp-content\/uploads\/2026\/03\/John-MacDonald-e1773841001983.png 600w\" sizes=\"(max-width: 800px) 100vw, 800px\" \/>\t\t\t\t<\/div><!-- .profile-header END -->\n\t\t\t\t\t\t\t<\/a>\n\t\t\t\n\n\t\t\t\t<div class=\"profile-body\">\n\t\t\t\t\t\n\t\t\t\t\t<h2 class=\"profile-title\">\n\t\t\t\t\t\t\t\t\t\t\t<a aria-label=\"profile\" href=\"javascript:void(0)\" data-mfp-src=\"#ekit_team_modal_4a041c1f_3156\" class=\"ekit-team-popup\">\n\t\t\t\t\t\tJohn MacDonald\t\t\t\t\t\t<\/a>\n\t\t\t\t\t\t\t\t\t\t\t<\/h2>\n\t\t\t\t\t<p class=\"profile-designation\">NS Radiator &amp; Heat Exchange Ltd, propri\u00e9taire et pr\u00e9sident<\/p>\n\t\t\t\t\t\t\t\t\t\t<p class=\"profile-content\">Pr\u00e9senter - Parties Inconnues : Gestion de la chaleur, des risques et des d\u00e9penses de R&amp;M dans l'industrie foresti\u00e8re<\/p>\n\t\t\t\t\t\t\t\t\t<\/div><!-- .profile-body END -->\n\n\t\t\t\t\t\t\t\t<\/div>\n\t\t\t\t <\/div> \t\t\t\n\t\t\t\n\t\t\t\t\t<div class=\"zoom-anim-dialog mfp-hide elementskit-team-popup team-popup-id-4a041c1f\" id=\"ekit_team_modal_4a041c1f_3156\" tabindex=\"-1\" role=\"dialog\" aria-modal=\"true\">\n\t\t\t\t<div class=\"modal-dialog modal-dialog-centered\" role=\"document\">\n\t\t\t\t\t<div class=\"modal-content\">\n\t\t\t\t\t\t<button type=\"button\" class=\"ekit-team-modal-close\">\n\t\t\t\t\t\t\t<svg aria-hidden=\"true\" class=\"e-font-icon-svg e-fas-times\" viewBox=\"0 0 352 512\" xmlns=\"http:\/\/www.w3.org\/2000\/svg\"><path d=\"M242.72 256l100.07-100.07c12.28-12.28 12.28-32.19 0-44.48l-22.24-22.24c-12.28-12.28-32.19-12.28-44.48 0L176 189.28 75.93 89.21c-12.28-12.28-32.19-12.28-44.48 0L9.21 111.45c-12.28 12.28-12.28 32.19 0 44.48L109.28 256 9.21 356.07c-12.28 12.28-12.28 32.19 0 44.48l22.24 22.24c12.28 12.28 32.2 12.28 44.48 0L176 322.72l100.07 100.07c12.28 12.28 32.2 12.28 44.48 0l22.24-22.24c12.28-12.28 12.28-32.19 0-44.48L242.72 256z\"><\/path><\/svg>\t\t\t\t\t\t<\/button>\n\n\t\t\t\t\t\t<div class=\"modal-body\">\n\t\t\t\t\t\t\t\t\t\t\t\t\t\t\t<div class=\"ekit-team-modal-img\">\n\t\t\t\t\t\t\t\t\t<img loading=\"lazy\" decoding=\"async\" width=\"800\" height=\"800\" src=\"https:\/\/springmeeting.cwfcof.org\/wp-content\/uploads\/2026\/03\/John-MacDonald-1024x1024.png\" class=\"attachment-large size-large wp-image-3195\" alt=\"\" srcset=\"https:\/\/springmeeting.cwfcof.org\/wp-content\/uploads\/2026\/03\/John-MacDonald-1024x1024.png 1024w, https:\/\/springmeeting.cwfcof.org\/wp-content\/uploads\/2026\/03\/John-MacDonald-300x300.png 300w, https:\/\/springmeeting.cwfcof.org\/wp-content\/uploads\/2026\/03\/John-MacDonald-150x150.png 150w, https:\/\/springmeeting.cwfcof.org\/wp-content\/uploads\/2026\/03\/John-MacDonald-768x768.png 768w, https:\/\/springmeeting.cwfcof.org\/wp-content\/uploads\/2026\/03\/John-MacDonald-e1773841001983.png 600w\" sizes=\"(max-width: 800px) 100vw, 800px\" \/>\t\t\t\t\t\t\t\t<\/div>\n\t\t\t\t\t\t\t\n\t\t\t\t\t\t\t<div class=\"ekit-team-modal-info has-img\">\n\t\t\t\t\t\t\t\t<h2 class=\"ekit-team-modal-title\">John MacDonald<\/h2>\n\t\t\t\t\t\t\t\t<p class=\"ekit-team-modal-position\">NS Radiator &amp; Heat Exchange Ltd, propri\u00e9taire et pr\u00e9sident<\/p>\n\n\t\t\t\t\t\t\t\t<div class=\"ekit-team-modal-content\">\n\t\t\t\t\t\t\t\t\tJohn MacDonald est propri\u00e9taire et pr\u00e9sident de NS Radiator &amp; Heat Exchange Ltd. depuis le 1er octobre 2025. Au service du Canada atlantique depuis 1992, NS Radiator &amp; Heat Exchange Ltd. est un fournisseur de premier plan de solutions de transfert de chaleur pour l'industrie et les applications lourdes.   <\/p>\nBas\u00e9e \u00e0 Dartmouth, en Nouvelle-\u00c9cosse, l'entreprise exploite un site de vente et de service enti\u00e8rement int\u00e9gr\u00e9, offrant des services internes de vente, de r\u00e9paration, de r\u00e9fection, de fabrication et de remise \u00e0 neuf pour une large gamme d'\u00e9quipements, notamment des radiateurs, des refroidisseurs d'air de suralimentation, des refroidisseurs d'huile, des \u00e9changeurs de chaleur industriels et des r\u00e9servoirs de carburant.<\/p>\n\n<b>D\u00e9tails de la pr\u00e9sentation :<\/b>\n<p>Les temps d'arr\u00eat sont amplifi\u00e9s dans l'industrie foresti\u00e8re et la surchauffe \u00e9tant l'une des principales causes de d\u00e9faillance des poids lourds et des \u00e9quipements, il est essentiel de conna\u00eetre vos options \u00e0 l'avance pour maintenir votre rentabilit\u00e9 en cas de catastrophe.<\/p>\t\t\t\t\t\t\t\t<\/div>\n\n\t\t\t\t\t\t\t\t\t\t\t\t\t\t\t\t\t<ul class=\"ekit-team-modal-list\">\n\t\t\t\t\t\t\t\t\t\t\n\t\t\t\t\t\t\t\t\t\t\t\t\t\t\t\t\t\t\t\t\t<li><strong>Email:<\/strong><a href=\"mailto:john@nsradiator.com\">john@nsradiator.com<\/a><\/li>\n\t\t\t\t\t\t\t\t\t\t\t\t\t\t\t\t\t\t\t<\/ul>\n\t\t\t\t\t\t\t\t\n\t\t\t\t\t\t\t\t\t\t\t\t\t\t\t<\/div>\n\t\t\t\t\t\t<\/div>\n\t\t\t\t\t<\/div>\n\t\t\t\t<\/div>\n\t\t\t<\/div>\n\t\t\t\t<\/div>\t\t\t\t<\/div>\n\t\t\t\t<\/div>\n\t\t\t\t<div class=\"elementor-element elementor-element-6986ccee elementor-widget elementor-widget-elementskit-team\" data-id=\"6986ccee\" data-element_type=\"widget\" data-e-type=\"widget\" data-widget_type=\"elementskit-team.default\">\n\t\t\t\t<div class=\"elementor-widget-container\">\n\t\t\t\t\t<div class=\"ekit-wid-con\">\t\t\t\t\t\t <div class=\"profile-square-v square-v6 no_gutters\"> \t\t\n\t\t<div class=\"profile-card elementor-animation- text-center ekit-team-style-long_height_details\">\n\t\t\t\t\t\t\t<a aria-label=\"profile\" href=\"javascript:void(0)\" data-mfp-src=\"#ekit_team_modal_6986ccee_3156\" class=\"ekit-team-popup\">\n\t\t\t\n\t\t\t\t<div class=\"profile-header ekit-team-img \"  data-toggle=\"modal\" data-target=\"ekit_team_modal_#6986ccee_3156\" >\n\t\t\t\t\t<img loading=\"lazy\" decoding=\"async\" width=\"600\" height=\"600\" src=\"https:\/\/springmeeting.cwfcof.org\/wp-content\/uploads\/2026\/03\/TJ-Headshot-e1773424679243.jpg\" class=\"attachment-large size-large wp-image-3131\" alt=\"\" \/>\t\t\t\t<\/div><!-- .profile-header END -->\n\t\t\t\t\t\t\t<\/a>\n\t\t\t\n\n\t\t\t\t<div class=\"profile-body\">\n\t\t\t\t\t\n\t\t\t\t\t<h2 class=\"profile-title\">\n\t\t\t\t\t\t\t\t\t\t\t<a aria-label=\"profile\" href=\"javascript:void(0)\" data-mfp-src=\"#ekit_team_modal_6986ccee_3156\" class=\"ekit-team-popup\">\n\t\t\t\t\t\tTJ Armstrong\t\t\t\t\t\t<\/a>\n\t\t\t\t\t\t\t\t\t\t\t<\/h2>\n\t\t\t\t\t<p class=\"profile-designation\">Conseiller principal en avantages sociaux, Belmont Health &amp; Wealth<\/p>\n\t\t\t\t\t\t\t\t\t\t<p class=\"profile-content\">Pr\u00e9sentation : Vue d'ensemble des programmes de prestations collectives<\/p>\n\t\t\t\t\t\t\t\t\t<\/div><!-- .profile-body END -->\n\n\t\t\t\t\t\t\t\t<\/div>\n\t\t\t\t <\/div> \t\t\t\n\t\t\t\n\t\t\t\t\t<div class=\"zoom-anim-dialog mfp-hide elementskit-team-popup team-popup-id-6986ccee\" id=\"ekit_team_modal_6986ccee_3156\" tabindex=\"-1\" role=\"dialog\" aria-modal=\"true\">\n\t\t\t\t<div class=\"modal-dialog modal-dialog-centered\" role=\"document\">\n\t\t\t\t\t<div class=\"modal-content\">\n\t\t\t\t\t\t<button type=\"button\" class=\"ekit-team-modal-close\">\n\t\t\t\t\t\t\t<svg aria-hidden=\"true\" class=\"e-font-icon-svg e-fas-times\" viewBox=\"0 0 352 512\" xmlns=\"http:\/\/www.w3.org\/2000\/svg\"><path d=\"M242.72 256l100.07-100.07c12.28-12.28 12.28-32.19 0-44.48l-22.24-22.24c-12.28-12.28-32.19-12.28-44.48 0L176 189.28 75.93 89.21c-12.28-12.28-32.19-12.28-44.48 0L9.21 111.45c-12.28 12.28-12.28 32.19 0 44.48L109.28 256 9.21 356.07c-12.28 12.28-12.28 32.19 0 44.48l22.24 22.24c12.28 12.28 32.2 12.28 44.48 0L176 322.72l100.07 100.07c12.28 12.28 32.2 12.28 44.48 0l22.24-22.24c12.28-12.28 12.28-32.19 0-44.48L242.72 256z\"><\/path><\/svg>\t\t\t\t\t\t<\/button>\n\n\t\t\t\t\t\t<div class=\"modal-body\">\n\t\t\t\t\t\t\t\t\t\t\t\t\t\t\t<div class=\"ekit-team-modal-img\">\n\t\t\t\t\t\t\t\t\t<img loading=\"lazy\" decoding=\"async\" width=\"600\" height=\"600\" src=\"https:\/\/springmeeting.cwfcof.org\/wp-content\/uploads\/2026\/03\/TJ-Headshot-e1773424679243.jpg\" class=\"attachment-large size-large wp-image-3131\" alt=\"\" \/>\t\t\t\t\t\t\t\t<\/div>\n\t\t\t\t\t\t\t\n\t\t\t\t\t\t\t<div class=\"ekit-team-modal-info has-img\">\n\t\t\t\t\t\t\t\t<h2 class=\"ekit-team-modal-title\">TJ Armstrong<\/h2>\n\t\t\t\t\t\t\t\t<p class=\"ekit-team-modal-position\">Conseiller principal en avantages sociaux, Belmont Health &amp; Wealth<\/p>\n\n\t\t\t\t\t\t\t\t<div class=\"ekit-team-modal-content\">\n\t\t\t\t\t\t\t\t\tTJ travaille dans le domaine des prestations et des pensions depuis plus de 20 ans.<\/p>\n\n<b>D\u00e9tails de la pr\u00e9sentation :<\/b>\n<p>Un examen du r\u00e9gime d'avantages sociaux offert aux membres de la FCF<\/p>\t\t\t\t\t\t\t\t<\/div>\n\n\t\t\t\t\t\t\t\t\t\t\t\t\t\t\t\t\t<ul class=\"ekit-team-modal-list\">\n\t\t\t\t\t\t\t\t\t\t\n\t\t\t\t\t\t\t\t\t\t\t\t\t\t\t\t\t\t\t\t\t<li><strong>Email:<\/strong><a href=\"mailto:tarmstrong@gobelmont.ca\">tarmstrong@gobelmont.ca<\/a><\/li>\n\t\t\t\t\t\t\t\t\t\t\t\t\t\t\t\t\t\t\t<\/ul>\n\t\t\t\t\t\t\t\t\n\t\t\t\t\t\t\t\t\t\t\t\t\t\t\t<\/div>\n\t\t\t\t\t\t<\/div>\n\t\t\t\t\t<\/div>\n\t\t\t\t<\/div>\n\t\t\t<\/div>\n\t\t\t\t<\/div>\t\t\t\t<\/div>\n\t\t\t\t<\/div>\n\t\t\t\t<div class=\"elementor-element elementor-element-e2c889c elementor-widget elementor-widget-elementskit-team\" data-id=\"e2c889c\" data-element_type=\"widget\" data-e-type=\"widget\" data-widget_type=\"elementskit-team.default\">\n\t\t\t\t<div class=\"elementor-widget-container\">\n\t\t\t\t\t<div class=\"ekit-wid-con\">\t\t\t\t\t\t <div class=\"profile-square-v square-v6 no_gutters\"> \t\t\n\t\t<div class=\"profile-card elementor-animation- text-center ekit-team-style-long_height_details\">\n\t\t\t\t\t\t\t<a aria-label=\"profile\" href=\"javascript:void(0)\" data-mfp-src=\"#ekit_team_modal_e2c889c_3156\" class=\"ekit-team-popup\">\n\t\t\t\n\t\t\t\t<div class=\"profile-header ekit-team-img \"  data-toggle=\"modal\" data-target=\"ekit_team_modal_#e2c889c_3156\" >\n\t\t\t\t\t<img loading=\"lazy\" decoding=\"async\" width=\"800\" height=\"800\" src=\"https:\/\/springmeeting.cwfcof.org\/wp-content\/uploads\/2026\/03\/Tony-Daye-1024x1024.jpg\" class=\"attachment-large size-large wp-image-3182\" alt=\"\" srcset=\"https:\/\/springmeeting.cwfcof.org\/wp-content\/uploads\/2026\/03\/Tony-Daye-1024x1024.jpg 1024w, https:\/\/springmeeting.cwfcof.org\/wp-content\/uploads\/2026\/03\/Tony-Daye-300x300.jpg 300w, https:\/\/springmeeting.cwfcof.org\/wp-content\/uploads\/2026\/03\/Tony-Daye-150x150.jpg 150w, https:\/\/springmeeting.cwfcof.org\/wp-content\/uploads\/2026\/03\/Tony-Daye-768x768.jpg 768w, https:\/\/springmeeting.cwfcof.org\/wp-content\/uploads\/2026\/03\/Tony-Daye-e1773833551342.jpg 600w\" sizes=\"(max-width: 800px) 100vw, 800px\" \/>\t\t\t\t<\/div><!-- .profile-header END -->\n\t\t\t\t\t\t\t<\/a>\n\t\t\t\n\n\t\t\t\t<div class=\"profile-body\">\n\t\t\t\t\t\n\t\t\t\t\t<h2 class=\"profile-title\">\n\t\t\t\t\t\t\t\t\t\t\t<a aria-label=\"profile\" href=\"javascript:void(0)\" data-mfp-src=\"#ekit_team_modal_e2c889c_3156\" class=\"ekit-team-popup\">\n\t\t\t\t\t\tTony Daye\t\t\t\t\t\t<\/a>\n\t\t\t\t\t\t\t\t\t\t\t<\/h2>\n\t\t\t\t\t<p class=\"profile-designation\">Pr\u00e9sident, RaccoonGPT Inc.<\/p>\n\t\t\t\t\t\t\t\t\t\t<p class=\"profile-content\">Pr\u00e9sentation : Comprendre l'IA d'entreprise : int\u00e9grer la protection de la vie priv\u00e9e et la s\u00e9curit\u00e9 au c\u0153ur de votre retour sur investissement<\/p>\n\t\t\t\t\t\t\t\t\t<\/div><!-- .profile-body END -->\n\n\t\t\t\t\t\t\t\t\t<div class=\"profile-footer\">\n\t\t\t\t\t\t<ul class=\"ekit-team-social-list\">\n\t\t\t<li class=\"elementor-repeater-item-1a3ab10\">\n\t\t\t<a href=\"https:\/\/raccoongpt.com\" aria-label=\"Site web ou blog\">\n\t\t\t\t<i aria-hidden=\"true\" class=\"icon icon-internet\"><\/i>\t\t\t<\/a>\n\t\t<\/li>\n\t\t\t<li class=\"elementor-repeater-item-7f57670\">\n\t\t\t<a href=\"https:\/\/www.linkedin.com\/in\/tonydaye\/\" aria-label=\"LinkedIn\">\n\t\t\t\t<svg aria-hidden=\"true\" class=\"e-font-icon-svg e-fab-linkedin-in\" viewBox=\"0 0 448 512\" xmlns=\"http:\/\/www.w3.org\/2000\/svg\"><path d=\"M100.28 448H7.4V148.9h92.88zM53.79 108.1C24.09 108.1 0 83.5 0 53.8a53.79 53.79 0 0 1 107.58 0c0 29.7-24.1 54.3-53.79 54.3zM447.9 448h-92.68V302.4c0-34.7-.7-79.2-48.29-79.2-48.29 0-55.69 37.7-55.69 76.7V448h-92.78V148.9h89.08v40.8h1.3c12.4-23.5 42.69-48.3 87.88-48.3 94 0 111.28 61.9 111.28 142.3V448z\"><\/path><\/svg>\t\t\t<\/a>\n\t\t<\/li>\n\t<\/ul>\n\t\t\t\t\t<\/div>\n\t\t\t\t\t\t\t\t\t<\/div>\n\t\t\t\t <\/div> \t\t\t\n\t\t\t\n\t\t\t\t\t<div class=\"zoom-anim-dialog mfp-hide elementskit-team-popup team-popup-id-e2c889c\" id=\"ekit_team_modal_e2c889c_3156\" tabindex=\"-1\" role=\"dialog\" aria-modal=\"true\">\n\t\t\t\t<div class=\"modal-dialog modal-dialog-centered\" role=\"document\">\n\t\t\t\t\t<div class=\"modal-content\">\n\t\t\t\t\t\t<button type=\"button\" class=\"ekit-team-modal-close\">\n\t\t\t\t\t\t\t<svg aria-hidden=\"true\" class=\"e-font-icon-svg e-fas-times\" viewBox=\"0 0 352 512\" xmlns=\"http:\/\/www.w3.org\/2000\/svg\"><path d=\"M242.72 256l100.07-100.07c12.28-12.28 12.28-32.19 0-44.48l-22.24-22.24c-12.28-12.28-32.19-12.28-44.48 0L176 189.28 75.93 89.21c-12.28-12.28-32.19-12.28-44.48 0L9.21 111.45c-12.28 12.28-12.28 32.19 0 44.48L109.28 256 9.21 356.07c-12.28 12.28-12.28 32.19 0 44.48l22.24 22.24c12.28 12.28 32.2 12.28 44.48 0L176 322.72l100.07 100.07c12.28 12.28 32.2 12.28 44.48 0l22.24-22.24c12.28-12.28 12.28-32.19 0-44.48L242.72 256z\"><\/path><\/svg>\t\t\t\t\t\t<\/button>\n\n\t\t\t\t\t\t<div class=\"modal-body\">\n\t\t\t\t\t\t\t\t\t\t\t\t\t\t\t<div class=\"ekit-team-modal-img\">\n\t\t\t\t\t\t\t\t\t<img loading=\"lazy\" decoding=\"async\" width=\"800\" height=\"800\" src=\"https:\/\/springmeeting.cwfcof.org\/wp-content\/uploads\/2026\/03\/Tony-Daye-1024x1024.jpg\" class=\"attachment-large size-large wp-image-3182\" alt=\"\" srcset=\"https:\/\/springmeeting.cwfcof.org\/wp-content\/uploads\/2026\/03\/Tony-Daye-1024x1024.jpg 1024w, https:\/\/springmeeting.cwfcof.org\/wp-content\/uploads\/2026\/03\/Tony-Daye-300x300.jpg 300w, https:\/\/springmeeting.cwfcof.org\/wp-content\/uploads\/2026\/03\/Tony-Daye-150x150.jpg 150w, https:\/\/springmeeting.cwfcof.org\/wp-content\/uploads\/2026\/03\/Tony-Daye-768x768.jpg 768w, https:\/\/springmeeting.cwfcof.org\/wp-content\/uploads\/2026\/03\/Tony-Daye-e1773833551342.jpg 600w\" sizes=\"(max-width: 800px) 100vw, 800px\" \/>\t\t\t\t\t\t\t\t<\/div>\n\t\t\t\t\t\t\t\n\t\t\t\t\t\t\t<div class=\"ekit-team-modal-info has-img\">\n\t\t\t\t\t\t\t\t<h2 class=\"ekit-team-modal-title\">Tony Daye<\/h2>\n\t\t\t\t\t\t\t\t<p class=\"ekit-team-modal-position\">Pr\u00e9sident, RaccoonGPT Inc.<\/p>\n\n\t\t\t\t\t\t\t\t<div class=\"ekit-team-modal-content\">\n\t\t\t\t\t\t\t\t\t<\/p>M. Daye est un leader d'opinion reconnu dans les domaines de l'innovation, de l'IA et de la transformation num\u00e9rique. En tant que pr\u00e9sident de RaccoonGPT, une plateforme d'IA d'entreprise canadienne ax\u00e9e sur la protection de la vie priv\u00e9e, M. Daye donne des conseils sur la protection de la vie priv\u00e9e, la s\u00e9curit\u00e9, les grands mod\u00e8les linguistiques (LLM), la souverainet\u00e9 des donn\u00e9es canadiennes et l'architecture technique dorsale li\u00e9e aux syst\u00e8mes d'IA avanc\u00e9s. <\/p>\n\nEn plus de RaccoonGPT, M. Daye est membre de la sous-table f\u00e9d\u00e9rale-provinciale canadienne sur l'IA, et il est directeur g\u00e9n\u00e9ral du num\u00e9rique pour le gouvernement du Nouveau-Brunswick.<\/p>\n\nCadre technologique chevronn\u00e9, M. Daye apporte plus de 20 ans d'exp\u00e9rience dans le d\u00e9veloppement technologique, l'IA et l'innovation.<\/p>\n\n<b>D\u00e9tails de la pr\u00e9sentation :<\/b>\n<p>D\u00e9couvrez comment les entreprises canadiennes peuvent int\u00e9grer les technologies d'IA en donnant la priorit\u00e9 \u00e0 la protection de la vie priv\u00e9e et \u00e0 la cybers\u00e9curit\u00e9, en garantissant une base essentielle de protection de la vie priv\u00e9e pour d\u00e9velopper vos initiatives en mati\u00e8re d'IA.<\/p>\t\t\t\t\t\t\t\t<\/div>\n\n\t\t\t\t\t\t\t\t\t\t\t\t\t\t\t\t\t<ul class=\"ekit-team-modal-list\">\n\t\t\t\t\t\t\t\t\t\t\n\t\t\t\t\t\t\t\t\t\t\t\t\t\t\t\t\t\t\t\t\t<li><strong>Email:<\/strong><a href=\"mailto:tony@raccoongpt.com\">tony@raccoongpt.com<\/a><\/li>\n\t\t\t\t\t\t\t\t\t\t\t\t\t\t\t\t\t\t\t<\/ul>\n\t\t\t\t\t\t\t\t\n\t\t\t\t\t\t\t\t<ul class=\"ekit-team-social-list\">\n\t\t\t<li class=\"elementor-repeater-item-1a3ab10\">\n\t\t\t<a href=\"https:\/\/raccoongpt.com\" aria-label=\"Site web ou blog\">\n\t\t\t\t<i aria-hidden=\"true\" class=\"icon icon-internet\"><\/i>\t\t\t<\/a>\n\t\t<\/li>\n\t\t\t<li class=\"elementor-repeater-item-7f57670\">\n\t\t\t<a href=\"https:\/\/www.linkedin.com\/in\/tonydaye\/\" aria-label=\"LinkedIn\">\n\t\t\t\t<svg aria-hidden=\"true\" class=\"e-font-icon-svg e-fab-linkedin-in\" viewBox=\"0 0 448 512\" xmlns=\"http:\/\/www.w3.org\/2000\/svg\"><path d=\"M100.28 448H7.4V148.9h92.88zM53.79 108.1C24.09 108.1 0 83.5 0 53.8a53.79 53.79 0 0 1 107.58 0c0 29.7-24.1 54.3-53.79 54.3zM447.9 448h-92.68V302.4c0-34.7-.7-79.2-48.29-79.2-48.29 0-55.69 37.7-55.69 76.7V448h-92.78V148.9h89.08v40.8h1.3c12.4-23.5 42.69-48.3 87.88-48.3 94 0 111.28 61.9 111.28 142.3V448z\"><\/path><\/svg>\t\t\t<\/a>\n\t\t<\/li>\n\t<\/ul>\n\t\t\t\t\t\t\t<\/div>\n\t\t\t\t\t\t<\/div>\n\t\t\t\t\t<\/div>\n\t\t\t\t<\/div>\n\t\t\t<\/div>\n\t\t\t\t<\/div>\t\t\t\t<\/div>\n\t\t\t\t<\/div>\n\t\t\t\t<\/div>\n\t\t\t\t\t<\/div>\n\t\t\t\t<\/div>\n\t\t\t\t<\/div>\n\t\t","protected":false},"excerpt":{"rendered":"<p>Rencontrez nos intervenants Christine Leduc Sustainable Forestry Initiative, vice-pr\u00e9sident charg\u00e9 de la communication et des relations gouvernementales Pr\u00e9sentations lors de la session 1 C\u00e9l\u00e9bration de 30 ans d&rsquo;innovation et de leadership, et regard vers l&rsquo;avenir Christine Leduc Sustainable Forestry Initiative, vice-pr\u00e9sident charg\u00e9 de la communication et des relations gouvernementales Christine dirige l&rsquo;\u00e9quipe de communication binationale [&hellip;]<\/p>\n","protected":false},"author":1,"featured_media":0,"parent":0,"menu_order":0,"comment_status":"closed","ping_status":"closed","template":"","meta":{"footnotes":""},"class_list":["post-3156","page","type-page","status-publish","hentry"],"_links":{"self":[{"href":"https:\/\/springmeeting.cwfcof.org\/fr\/wp-json\/wp\/v2\/pages\/3156","targetHints":{"allow":["GET"]}}],"collection":[{"href":"https:\/\/springmeeting.cwfcof.org\/fr\/wp-json\/wp\/v2\/pages"}],"about":[{"href":"https:\/\/springmeeting.cwfcof.org\/fr\/wp-json\/wp\/v2\/types\/page"}],"author":[{"embeddable":true,"href":"https:\/\/springmeeting.cwfcof.org\/fr\/wp-json\/wp\/v2\/users\/1"}],"replies":[{"embeddable":true,"href":"https:\/\/springmeeting.cwfcof.org\/fr\/wp-json\/wp\/v2\/comments?post=3156"}],"version-history":[{"count":6,"href":"https:\/\/springmeeting.cwfcof.org\/fr\/wp-json\/wp\/v2\/pages\/3156\/revisions"}],"predecessor-version":[{"id":3230,"href":"https:\/\/springmeeting.cwfcof.org\/fr\/wp-json\/wp\/v2\/pages\/3156\/revisions\/3230"}],"wp:attachment":[{"href":"https:\/\/springmeeting.cwfcof.org\/fr\/wp-json\/wp\/v2\/media?parent=3156"}],"curies":[{"name":"wp","href":"https:\/\/api.w.org\/{rel}","templated":true}]}}